{"id":58168,"date":"2026-03-31T15:19:44","date_gmt":"2026-03-31T15:19:44","guid":{"rendered":"https:\/\/info-teulada-moraira.com\/informations-sur-la-ville\/culture-vie-urbaine\/vieille-ville-culture\/"},"modified":"2026-04-21T17:12:22","modified_gmt":"2026-04-21T17:12:22","slug":"vieille-ville-culture","status":"publish","type":"page","link":"https:\/\/info-teulada-moraira.com\/fr\/informations-sur-la-ville\/culture-vie-urbaine\/vieille-ville-culture\/","title":{"rendered":"Vieille ville &amp; culture"},"content":{"rendered":"\t\t<div data-elementor-type=\"wp-page\" data-elementor-id=\"58168\" class=\"elementor elementor-58168 elementor-46086\" data-elementor-post-type=\"page\">\n\t\t\t\t<div class=\"elementor-element elementor-element-4826bda0 e-flex e-con-boxed e-con e-parent\" data-id=\"4826bda0\" data-element_type=\"container\" data-e-type=\"container\">\n\t\t\t\t\t<div class=\"e-con-inner\">\n\t\t\t\t<div class=\"elementor-element elementor-element-3599609 elementor-widget elementor-widget-houzez_elementor_page_title\" data-id=\"3599609\" data-element_type=\"widget\" data-e-type=\"widget\" data-widget_type=\"houzez_elementor_page_title.default\">\n\t\t\t\t<div class=\"elementor-widget-container\">\n\t\t\t\t\t\n<div class=\"breadcrumb-wrap\" role=\"navigation\">\n\t<nav>\n\t\t<ol class=\"breadcrumb\"><li class=\"breadcrumb-item breadcrumb-item-home\"><i class=\"houzez-icon icon-house\"><\/i><a href=\"https:\/\/info-teulada-moraira.com\/fr\/\/\">Accueil<\/a><\/li><li class=\"breadcrumb-item active\">Pages<\/li><\/ol>\t<\/nav>\n<\/div><!-- breadcrumb-wrap --> \n        <div class=\"d-flex align-items-center\">\n            <div class=\"page-title flex-grow-1\" role=\"heading\" aria-level=\"1\">\n\t<h1>Vieille ville &amp; culture<\/h1>\n<\/div><!-- page-title -->\n \n        <\/div><!-- d-flex -->  \n        \t\t\t\t<\/div>\n\t\t\t\t<\/div>\n\t\t\t\t\t<\/div>\n\t\t\t\t<\/div>\n\t\t<div class=\"elementor-element elementor-element-72cfb9d0 e-flex e-con-boxed e-con e-parent\" data-id=\"72cfb9d0\" data-element_type=\"container\" data-e-type=\"container\" data-settings=\"{&quot;background_background&quot;:&quot;classic&quot;}\">\n\t\t\t\t\t<div class=\"e-con-inner\">\n\t\t<div class=\"elementor-element elementor-element-4734b50 e-con-full e-flex e-con e-child\" data-id=\"4734b50\" data-element_type=\"container\" data-e-type=\"container\">\n\t\t\t\t<div class=\"elementor-element elementor-element-30e028d elementor-widget elementor-widget-heading\" data-id=\"30e028d\" data-element_type=\"widget\" data-e-type=\"widget\" data-widget_type=\"heading.default\">\n\t\t\t\t\t<h2 class=\"elementor-heading-title elementor-size-default\">Sites touristiques de Teulada &amp; Moraira<\/h2>\t\t\t\t<\/div>\n\t\t\t\t<div class=\"elementor-element elementor-element-dd71f1f elementor-widget elementor-widget-text-editor\" data-id=\"dd71f1f\" data-element_type=\"widget\" data-e-type=\"widget\" data-widget_type=\"text-editor.default\">\n\t\t\t\t\t\t\t\t\t<p>Teulada Moraira allie le charme d\u2019un village espagnol traditionnel \u00e0 l\u2019art de vivre d\u00e9tendu de la Costa Blanca. Rues historiques, plages pittoresques et panoramas impressionnants font de la r\u00e9gion un lieu particulier, aussi bien pour les visiteurs que pour les habitants. <\/p>\t\t\t\t\t\t\t\t<\/div>\n\t\t\t\t<\/div>\n\t\t\t\t\t<\/div>\n\t\t\t\t<\/div>\n\t\t<div class=\"elementor-element elementor-element-4b2fda7 e-flex e-con-boxed e-con e-parent\" data-id=\"4b2fda7\" data-element_type=\"container\" data-e-type=\"container\">\n\t\t\t\t\t<div class=\"e-con-inner\">\n\t\t<div class=\"elementor-element elementor-element-a69c130 e-con-full e-flex e-con e-child\" data-id=\"a69c130\" data-element_type=\"container\" data-e-type=\"container\">\n\t\t<div class=\"elementor-element elementor-element-667847b e-con-full e-flex e-con e-child\" data-id=\"667847b\" data-element_type=\"container\" data-e-type=\"container\" data-settings=\"{&quot;background_background&quot;:&quot;classic&quot;}\">\n\t\t\t\t<div class=\"elementor-element elementor-element-40ac647 elementor-view-default elementor-widget elementor-widget-icon\" data-id=\"40ac647\" data-element_type=\"widget\" data-e-type=\"widget\" data-widget_type=\"icon.default\">\n\t\t\t\t\t\t\t<div class=\"elementor-icon-wrapper\">\n\t\t\t<div class=\"elementor-icon\">\n\t\t\t<svg aria-hidden=\"true\" class=\"e-font-icon-svg e-fas-landmark\" viewBox=\"0 0 512 512\" xmlns=\"http:\/\/www.w3.org\/2000\/svg\"><path d=\"M501.62 92.11L267.24 2.04a31.958 31.958 0 0 0-22.47 0L10.38 92.11A16.001 16.001 0 0 0 0 107.09V144c0 8.84 7.16 16 16 16h480c8.84 0 16-7.16 16-16v-36.91c0-6.67-4.14-12.64-10.38-14.98zM64 192v160H48c-8.84 0-16 7.16-16 16v48h448v-48c0-8.84-7.16-16-16-16h-16V192h-64v160h-96V192h-64v160h-96V192H64zm432 256H16c-8.84 0-16 7.16-16 16v32c0 8.84 7.16 16 16 16h480c8.84 0 16-7.16 16-16v-32c0-8.84-7.16-16-16-16z\"><\/path><\/svg>\t\t\t<\/div>\n\t\t<\/div>\n\t\t\t\t\t\t<\/div>\n\t\t\t\t<div class=\"elementor-element elementor-element-fd16799 elementor-widget elementor-widget-text-editor\" data-id=\"fd16799\" data-element_type=\"widget\" data-e-type=\"widget\" data-widget_type=\"text-editor.default\">\n\t\t\t\t\t\t\t\t\t<p>La vieille ville de Teulada s\u00e9duit par son charme m\u00e9diterran\u00e9en, ses ruelles historiques, ses maisons traditionnelles en pierre naturelle et un aper\u00e7u authentique de la vie d\u2019autrefois sur la Costa Blanca.<\/p><p>La vieille ville de Moraira associe une ambiance m\u00e9diterran\u00e9enne \u00e0 une atmosph\u00e8re maritime, avec ses ruelles pleines de charme, ses petites boutiques, ses restaurants et la proximit\u00e9 du port ainsi que de l\u2019ancienne forteresse.<\/p>\t\t\t\t\t\t\t\t<\/div>\n\t\t\t\t<\/div>\n\t\t\t\t<\/div>\n\t\t\t\t\t<\/div>\n\t\t\t\t<\/div>\n\t\t<div class=\"elementor-element elementor-element-cf3d91c e-flex e-con-boxed e-con e-parent\" data-id=\"cf3d91c\" data-element_type=\"container\" data-e-type=\"container\">\n\t\t\t\t\t<div class=\"e-con-inner\">\n\t\t<div class=\"elementor-element elementor-element-eaf3faf e-con-full e-flex e-con e-child\" data-id=\"eaf3faf\" data-element_type=\"container\" data-e-type=\"container\">\n\t\t\t\t<div class=\"elementor-element elementor-element-9c8ecca elementor-view-default elementor-widget elementor-widget-icon\" data-id=\"9c8ecca\" data-element_type=\"widget\" data-e-type=\"widget\" data-widget_type=\"icon.default\">\n\t\t\t\t\t\t\t<div class=\"elementor-icon-wrapper\">\n\t\t\t<div class=\"elementor-icon\">\n\t\t\t<svg aria-hidden=\"true\" class=\"e-font-icon-svg e-fas-landmark\" viewBox=\"0 0 512 512\" xmlns=\"http:\/\/www.w3.org\/2000\/svg\"><path d=\"M501.62 92.11L267.24 2.04a31.958 31.958 0 0 0-22.47 0L10.38 92.11A16.001 16.001 0 0 0 0 107.09V144c0 8.84 7.16 16 16 16h480c8.84 0 16-7.16 16-16v-36.91c0-6.67-4.14-12.64-10.38-14.98zM64 192v160H48c-8.84 0-16 7.16-16 16v48h448v-48c0-8.84-7.16-16-16-16h-16V192h-64v160h-96V192h-64v160h-96V192H64zm432 256H16c-8.84 0-16 7.16-16 16v32c0 8.84 7.16 16 16 16h480c8.84 0 16-7.16 16-16v-32c0-8.84-7.16-16-16-16z\"><\/path><\/svg>\t\t\t<\/div>\n\t\t<\/div>\n\t\t\t\t\t\t<\/div>\n\t\t\t\t<div class=\"elementor-element elementor-element-8a3e1db elementor-widget elementor-widget-heading\" data-id=\"8a3e1db\" data-element_type=\"widget\" data-e-type=\"widget\" data-widget_type=\"heading.default\">\n\t\t\t\t\t<h2 class=\"elementor-heading-title elementor-size-default\">Sites touristiques de TEULADA<\/h2>\t\t\t\t<\/div>\n\t\t\t\t<div class=\"elementor-element elementor-element-356f0c0 elementor-widget elementor-widget-image\" data-id=\"356f0c0\" data-element_type=\"widget\" data-e-type=\"widget\" data-widget_type=\"image.default\">\n\t\t\t\t\t\t\t\t\t\t\t\t\t\t\t<img fetchpriority=\"high\" decoding=\"async\" width=\"1024\" height=\"213\" src=\"https:\/\/info-teulada-moraira.com\/wp-content\/uploads\/2026\/04\/teulada-altstadt.jpg\" class=\"attachment-large size-large wp-image-58223\" alt=\"La vieille ville de Teulada\" srcset=\"\" \/>\t\t\t\t\t\t\t\t\t\t\t\t\t\t\t<\/div>\n\t\t\t\t<div class=\"elementor-element elementor-element-06e6d50 elementor-widget elementor-widget-text-editor\" data-id=\"06e6d50\" data-element_type=\"widget\" data-e-type=\"widget\" data-widget_type=\"text-editor.default\">\n\t\t\t\t\t\t\t\t\t<p class=\"p1\">La visite de la vieille ville historique de Teulada, situ\u00e9e \u00e0 l\u2019int\u00e9rieur des terres, vaut particuli\u00e8rement le d\u00e9tour pour toutes les personnes int\u00e9ress\u00e9es par la culture et l\u2019histoire. Le paysage urbain est marqu\u00e9 par une architecture traditionnelle et des \u00e9difices importants datant de plusieurs si\u00e8cles. <\/p><p class=\"p1\">Au centre se dresse l\u2019impressionnante <a href=\"#1\">\u00e9glise-forteresse Santa Caterina<\/a>, qui servait autrefois \u00e0 la fois \u00e0 des fins religieuses et d\u00e9fensives et abrite l\u2019un des plus anciens orgues de la province. \u00c0 proximit\u00e9 imm\u00e9diate se trouve la <a href=\"#2\">chapelle de p\u00e8lerinage Divina Pastora<\/a>, dont les origines ne peuvent pas \u00eatre dat\u00e9es avec pr\u00e9cision. La <a href=\"#3\">Ermita Sant Vicent Ferrer<\/a> rev\u00eat \u00e9galement une grande importance : construite au XVIIIe si\u00e8cle, elle est \u00e9troitement li\u00e9e \u00e0 la tradition locale.  <\/p><p class=\"p1\">Un autre b\u00e2timent historique est le <a href=\"#4\">Sala de Jurats i Just\u00edcies<\/a> du XVIIe si\u00e8cle, un exemple d\u2019architecture civile de l\u2019\u00e9poque. En dehors du centre, sur la route en direction de Moraira, se trouve la <a href=\"#5\">chapelle de p\u00e8lerinage Font Santa<\/a>. Elle est d\u00e9di\u00e9e \u00e0 saint Vincent Ferrier et est consid\u00e9r\u00e9e comme le lieu d\u2019un miracle transmis par la tradition.  <\/p>\t\t\t\t\t\t\t\t<\/div>\n\t\t\t\t<\/div>\n\t\t<div class=\"elementor-element elementor-element-001abef e-con-full e-flex e-con e-child\" data-id=\"001abef\" data-element_type=\"container\" data-e-type=\"container\">\n\t\t\t\t<div class=\"elementor-element elementor-element-2d1b9c0 elementor-view-default elementor-widget elementor-widget-icon\" data-id=\"2d1b9c0\" data-element_type=\"widget\" data-e-type=\"widget\" data-widget_type=\"icon.default\">\n\t\t\t\t\t\t\t<div class=\"elementor-icon-wrapper\">\n\t\t\t<div class=\"elementor-icon\">\n\t\t\t<svg aria-hidden=\"true\" class=\"e-font-icon-svg e-fas-landmark\" viewBox=\"0 0 512 512\" xmlns=\"http:\/\/www.w3.org\/2000\/svg\"><path d=\"M501.62 92.11L267.24 2.04a31.958 31.958 0 0 0-22.47 0L10.38 92.11A16.001 16.001 0 0 0 0 107.09V144c0 8.84 7.16 16 16 16h480c8.84 0 16-7.16 16-16v-36.91c0-6.67-4.14-12.64-10.38-14.98zM64 192v160H48c-8.84 0-16 7.16-16 16v48h448v-48c0-8.84-7.16-16-16-16h-16V192h-64v160h-96V192h-64v160h-96V192H64zm432 256H16c-8.84 0-16 7.16-16 16v32c0 8.84 7.16 16 16 16h480c8.84 0 16-7.16 16-16v-32c0-8.84-7.16-16-16-16z\"><\/path><\/svg>\t\t\t<\/div>\n\t\t<\/div>\n\t\t\t\t\t\t<\/div>\n\t\t\t\t<div class=\"elementor-element elementor-element-0b4a6bc elementor-widget elementor-widget-heading\" data-id=\"0b4a6bc\" data-element_type=\"widget\" data-e-type=\"widget\" data-widget_type=\"heading.default\">\n\t\t\t\t\t<h2 class=\"elementor-heading-title elementor-size-default\">Sites touristiques de MORAIRA<\/h2>\t\t\t\t<\/div>\n\t\t\t\t<div class=\"elementor-element elementor-element-737bd0f elementor-widget elementor-widget-image\" data-id=\"737bd0f\" data-element_type=\"widget\" data-e-type=\"widget\" data-widget_type=\"image.default\">\n\t\t\t\t\t\t\t\t\t\t\t\t\t\t\t<img decoding=\"async\" width=\"1024\" height=\"213\" src=\"https:\/\/info-teulada-moraira.com\/wp-content\/uploads\/2026\/04\/art-room6-1-1.webp\" class=\"attachment-large size-large wp-image-58222\" alt=\"Castell de Moraira\" srcset=\"\" \/>\t\t\t\t\t\t\t\t\t\t\t\t\t\t\t<\/div>\n\t\t\t\t<div class=\"elementor-element elementor-element-9832436 elementor-widget elementor-widget-text-editor\" data-id=\"9832436\" data-element_type=\"widget\" data-e-type=\"widget\" data-widget_type=\"text-editor.default\">\n\t\t\t\t\t\t\t\t\t<p class=\"p1\">Nich\u00e9e entre la Sierra de B\u00e9rnia, des vignobles et des pin\u00e8des, et situ\u00e9e directement sur la M\u00e9diterran\u00e9e, Moraira associe beaut\u00e9 paysag\u00e8re et offre culturelle vari\u00e9e. D\u2019un ancien village de p\u00eacheurs, elle est devenue une station baln\u00e9aire soign\u00e9e au caract\u00e8re haut de gamme. <\/p><p class=\"p1\">Parmi les sites les plus embl\u00e9matiques figure la <a href=\"#6\">forteresse<\/a> sur la plage de l\u2019Ampolla, construite au XVIIIe si\u00e8cle pour se prot\u00e9ger des attaques de pirates. Depuis la Playa del Portet, un chemin monte jusqu\u2019au Cap d\u2019Or, un point de vue tr\u00e8s appr\u00e9ci\u00e9 offrant une large vue sur la c\u00f4te. \u00c0 son point culminant se dresse l\u2019historique <a href=\"#7\">tour de guet Torre del Cap d\u2019Or<\/a>, qui faisait partie d\u2019un syst\u00e8me de d\u00e9fense destin\u00e9 \u00e0 avertir pr\u00e9cocement en cas d\u2019attaque.  <\/p><p class=\"p1\">Dans le centre se trouve l\u2019<a href=\"#8\">\u00e9glise paroissiale Mare de D\u00e9u dels Desemparats<\/a>, datant de la fin du XIXe si\u00e8cle. Elle compl\u00e8te le paysage culturel de Moraira et, avec les b\u00e2timents historiques et le littoral, compose un ensemble vari\u00e9. <\/p>\t\t\t\t\t\t\t\t<\/div>\n\t\t\t\t<\/div>\n\t\t\t\t\t<\/div>\n\t\t\t\t<\/div>\n\t\t<div class=\"elementor-element elementor-element-24d2039 e-flex e-con-boxed e-con e-parent\" data-id=\"24d2039\" data-element_type=\"container\" data-e-type=\"container\">\n\t\t\t\t\t<div class=\"e-con-inner\">\n\t\t\t\t<div class=\"elementor-element elementor-element-dc7b65d elementor-widget elementor-widget-gallery\" data-id=\"dc7b65d\" data-element_type=\"widget\" data-e-type=\"widget\" data-settings=\"{&quot;aspect_ratio&quot;:&quot;1:1&quot;,&quot;overlay_description&quot;:&quot;description&quot;,&quot;lazyload&quot;:&quot;yes&quot;,&quot;gallery_layout&quot;:&quot;grid&quot;,&quot;columns&quot;:4,&quot;columns_tablet&quot;:2,&quot;columns_mobile&quot;:1,&quot;gap&quot;:{&quot;unit&quot;:&quot;px&quot;,&quot;size&quot;:10,&quot;sizes&quot;:[]},&quot;gap_tablet&quot;:{&quot;unit&quot;:&quot;px&quot;,&quot;size&quot;:10,&quot;sizes&quot;:[]},&quot;gap_mobile&quot;:{&quot;unit&quot;:&quot;px&quot;,&quot;size&quot;:10,&quot;sizes&quot;:[]},&quot;link_to&quot;:&quot;file&quot;,&quot;overlay_background&quot;:&quot;yes&quot;,&quot;content_hover_animation&quot;:&quot;fade-in&quot;}\" data-widget_type=\"gallery.default\">\n\t\t\t\t\t\t\t<div class=\"elementor-gallery__container\">\n\t\t\t\t\t\t\t<a class=\"e-gallery-item elementor-gallery-item elementor-animated-content\" href=\"https:\/\/info-teulada-moraira.com\/wp-content\/uploads\/2026\/04\/1-Moraira10-04.webp\" data-elementor-open-lightbox=\"yes\" data-elementor-lightbox-slideshow=\"dc7b65d\" data-elementor-lightbox-title=\"moraira-castell-burg\" data-elementor-lightbox-description=\"Castell Moraira\" data-e-action-hash=\"#elementor-action%3Aaction%3Dlightbox%26settings%3DeyJpZCI6NTgxNzEsInVybCI6Imh0dHBzOlwvXC9pbmZvLXRldWxhZGEtbW9yYWlyYS5jb21cL3dwLWNvbnRlbnRcL3VwbG9hZHNcLzIwMjZcLzA0XC8xLU1vcmFpcmExMC0wNC53ZWJwIiwic2xpZGVzaG93IjoiZGM3YjY1ZCJ9\">\n\t\t\t\t\t<div class=\"e-gallery-image elementor-gallery-item__image\" data-thumbnail=\"https:\/\/info-teulada-moraira.com\/wp-content\/uploads\/2026\/04\/1-Moraira10-04.webp\" data-width=\"212\" data-height=\"300\" aria-label=\"\" role=\"img\" ><\/div>\n\t\t\t\t\t\t\t\t\t\t\t<div class=\"elementor-gallery-item__overlay\"><\/div>\n\t\t\t\t\t\t\t\t\t\t\t\t\t\t\t<div class=\"elementor-gallery-item__content\">\n\t\t\t\t\t\t\t\t\t\t\t\t\t\t<div class=\"elementor-gallery-item__description\">\n\t\t\t\t\t\t\t\t\t\t\t\t\t\t\t\t\t\tCastell Moraira\t\t\t\t\t\t\t\t<\/div>\n\t\t\t\t\t\t\t\t\t\t\t\t<\/div>\n\t\t\t\t\t\t\t\t\t<\/a>\n\t\t\t\t\t\t\t<a class=\"e-gallery-item elementor-gallery-item elementor-animated-content\" href=\"https:\/\/info-teulada-moraira.com\/wp-content\/uploads\/2026\/04\/IMG_0585.webp\" data-elementor-open-lightbox=\"yes\" data-elementor-lightbox-slideshow=\"dc7b65d\" data-elementor-lightbox-title=\"moraira-torre\" data-elementor-lightbox-description=\"Torre del Cap d\u00b4Or\" data-e-action-hash=\"#elementor-action%3Aaction%3Dlightbox%26settings%3DeyJpZCI6NTgxNzIsInVybCI6Imh0dHBzOlwvXC9pbmZvLXRldWxhZGEtbW9yYWlyYS5jb21cL3dwLWNvbnRlbnRcL3VwbG9hZHNcLzIwMjZcLzA0XC9JTUdfMDU4NS53ZWJwIiwic2xpZGVzaG93IjoiZGM3YjY1ZCJ9\">\n\t\t\t\t\t<div class=\"e-gallery-image elementor-gallery-item__image\" data-thumbnail=\"https:\/\/info-teulada-moraira.com\/wp-content\/uploads\/2026\/04\/IMG_0585.webp\" data-width=\"225\" data-height=\"300\" aria-label=\"Moraira Torre de Cap d\u00b4Or\" role=\"img\" ><\/div>\n\t\t\t\t\t\t\t\t\t\t\t<div class=\"elementor-gallery-item__overlay\"><\/div>\n\t\t\t\t\t\t\t\t\t\t\t\t\t\t\t<div class=\"elementor-gallery-item__content\">\n\t\t\t\t\t\t\t\t\t\t\t\t\t\t<div class=\"elementor-gallery-item__description\">\n\t\t\t\t\t\t\t\t\t\t\t\t\t\t\t\t\t\tTorre del Cap d\u00b4Or\t\t\t\t\t\t\t\t<\/div>\n\t\t\t\t\t\t\t\t\t\t\t\t<\/div>\n\t\t\t\t\t\t\t\t\t<\/a>\n\t\t\t\t\t\t\t<a class=\"e-gallery-item elementor-gallery-item elementor-animated-content\" href=\"https:\/\/info-teulada-moraira.com\/wp-content\/uploads\/2026\/04\/IMG_7402.webp\" data-elementor-open-lightbox=\"yes\" data-elementor-lightbox-slideshow=\"dc7b65d\" data-elementor-lightbox-title=\"teulada-ermita-divina-pastora\" data-elementor-lightbox-description=\"Ermita Divina Pastora\" data-e-action-hash=\"#elementor-action%3Aaction%3Dlightbox%26settings%3DeyJpZCI6NTgxNzMsInVybCI6Imh0dHBzOlwvXC9pbmZvLXRldWxhZGEtbW9yYWlyYS5jb21cL3dwLWNvbnRlbnRcL3VwbG9hZHNcLzIwMjZcLzA0XC9JTUdfNzQwMi53ZWJwIiwic2xpZGVzaG93IjoiZGM3YjY1ZCJ9\">\n\t\t\t\t\t<div class=\"e-gallery-image elementor-gallery-item__image\" data-thumbnail=\"https:\/\/info-teulada-moraira.com\/wp-content\/uploads\/2026\/04\/IMG_7402.webp\" data-width=\"225\" data-height=\"300\" aria-label=\"Chapelle de p\u00e8lerinage Ermita Divina Pastora \u00e0 Teulada\" role=\"img\" ><\/div>\n\t\t\t\t\t\t\t\t\t\t\t<div class=\"elementor-gallery-item__overlay\"><\/div>\n\t\t\t\t\t\t\t\t\t\t\t\t\t\t\t<div class=\"elementor-gallery-item__content\">\n\t\t\t\t\t\t\t\t\t\t\t\t\t\t<div class=\"elementor-gallery-item__description\">\n\t\t\t\t\t\t\t\t\t\t\t\t\t\t\t\t\t\tErmita Divina Pastora\t\t\t\t\t\t\t\t<\/div>\n\t\t\t\t\t\t\t\t\t\t\t\t<\/div>\n\t\t\t\t\t\t\t\t\t<\/a>\n\t\t\t\t\t\t\t<a class=\"e-gallery-item elementor-gallery-item elementor-animated-content\" href=\"https:\/\/info-teulada-moraira.com\/wp-content\/uploads\/2026\/04\/Font-Santa-1-2.webp\" data-elementor-open-lightbox=\"yes\" data-elementor-lightbox-slideshow=\"dc7b65d\" data-elementor-lightbox-title=\"teulada-fontsanta\" data-elementor-lightbox-description=\"Font Santa\" data-e-action-hash=\"#elementor-action%3Aaction%3Dlightbox%26settings%3DeyJpZCI6NTgxNzQsInVybCI6Imh0dHBzOlwvXC9pbmZvLXRldWxhZGEtbW9yYWlyYS5jb21cL3dwLWNvbnRlbnRcL3VwbG9hZHNcLzIwMjZcLzA0XC9Gb250LVNhbnRhLTEtMi53ZWJwIiwic2xpZGVzaG93IjoiZGM3YjY1ZCJ9\">\n\t\t\t\t\t<div class=\"e-gallery-image elementor-gallery-item__image\" data-thumbnail=\"https:\/\/info-teulada-moraira.com\/wp-content\/uploads\/2026\/04\/Font-Santa-1-2.webp\" data-width=\"300\" data-height=\"225\" aria-label=\"Chapelle de p\u00e8lerinage de la Font Santa \u00e0 Teulada\" role=\"img\" ><\/div>\n\t\t\t\t\t\t\t\t\t\t\t<div class=\"elementor-gallery-item__overlay\"><\/div>\n\t\t\t\t\t\t\t\t\t\t\t\t\t\t\t<div class=\"elementor-gallery-item__content\">\n\t\t\t\t\t\t\t\t\t\t\t\t\t\t<div class=\"elementor-gallery-item__description\">\n\t\t\t\t\t\t\t\t\t\t\t\t\t\t\t\t\t\tFont Santa\t\t\t\t\t\t\t\t<\/div>\n\t\t\t\t\t\t\t\t\t\t\t\t<\/div>\n\t\t\t\t\t\t\t\t\t<\/a>\n\t\t\t\t\t\t\t<a class=\"e-gallery-item elementor-gallery-item elementor-animated-content\" href=\"https:\/\/info-teulada-moraira.com\/wp-content\/uploads\/2026\/04\/Ermita-Sant-Vicente-Ferrer-01.webp\" data-elementor-open-lightbox=\"yes\" data-elementor-lightbox-slideshow=\"dc7b65d\" data-elementor-lightbox-title=\"teulada-ermita-san-vicente-ferrer-01\" data-elementor-lightbox-description=\"Ermita San Vicent Ferrer \" data-e-action-hash=\"#elementor-action%3Aaction%3Dlightbox%26settings%3DeyJpZCI6NTgxNzUsInVybCI6Imh0dHBzOlwvXC9pbmZvLXRldWxhZGEtbW9yYWlyYS5jb21cL3dwLWNvbnRlbnRcL3VwbG9hZHNcLzIwMjZcLzA0XC9Fcm1pdGEtU2FudC1WaWNlbnRlLUZlcnJlci0wMS53ZWJwIiwic2xpZGVzaG93IjoiZGM3YjY1ZCJ9\">\n\t\t\t\t\t<div class=\"e-gallery-image elementor-gallery-item__image\" data-thumbnail=\"https:\/\/info-teulada-moraira.com\/wp-content\/uploads\/2026\/04\/Ermita-Sant-Vicente-Ferrer-01.webp\" data-width=\"225\" data-height=\"300\" aria-label=\"Ermita San Vicente Ferrer \u00e0 Teulada\" role=\"img\" ><\/div>\n\t\t\t\t\t\t\t\t\t\t\t<div class=\"elementor-gallery-item__overlay\"><\/div>\n\t\t\t\t\t\t\t\t\t\t\t\t\t\t\t<div class=\"elementor-gallery-item__content\">\n\t\t\t\t\t\t\t\t\t\t\t\t\t\t<div class=\"elementor-gallery-item__description\">\n\t\t\t\t\t\t\t\t\t\t\t\t\t\t\t\t\t\tErmita San Vicent Ferrer \t\t\t\t\t\t\t\t<\/div>\n\t\t\t\t\t\t\t\t\t\t\t\t<\/div>\n\t\t\t\t\t\t\t\t\t<\/a>\n\t\t\t\t\t\t\t<a class=\"e-gallery-item elementor-gallery-item elementor-animated-content\" href=\"https:\/\/info-teulada-moraira.com\/wp-content\/uploads\/2026\/04\/IMG_7396-1.webp\" data-elementor-open-lightbox=\"yes\" data-elementor-lightbox-slideshow=\"dc7b65d\" data-elementor-lightbox-title=\"teulada-esglesia-kirche\" data-elementor-lightbox-description=\"Esgl\u00e9sia fortaleza de Santa Caterina\" data-e-action-hash=\"#elementor-action%3Aaction%3Dlightbox%26settings%3DeyJpZCI6NTgxNzYsInVybCI6Imh0dHBzOlwvXC9pbmZvLXRldWxhZGEtbW9yYWlyYS5jb21cL3dwLWNvbnRlbnRcL3VwbG9hZHNcLzIwMjZcLzA0XC9JTUdfNzM5Ni0xLndlYnAiLCJzbGlkZXNob3ciOiJkYzdiNjVkIn0%3D\">\n\t\t\t\t\t<div class=\"e-gallery-image elementor-gallery-item__image\" data-thumbnail=\"https:\/\/info-teulada-moraira.com\/wp-content\/uploads\/2026\/04\/IMG_7396-1.webp\" data-width=\"225\" data-height=\"300\" aria-label=\"\u00c9glise Santa Caterina \u00e0 Teulada\" role=\"img\" ><\/div>\n\t\t\t\t\t\t\t\t\t\t\t<div class=\"elementor-gallery-item__overlay\"><\/div>\n\t\t\t\t\t\t\t\t\t\t\t\t\t\t\t<div class=\"elementor-gallery-item__content\">\n\t\t\t\t\t\t\t\t\t\t\t\t\t\t<div class=\"elementor-gallery-item__description\">\n\t\t\t\t\t\t\t\t\t\t\t\t\t\t\t\t\t\tEsgl\u00e9sia fortaleza de Santa Caterina\t\t\t\t\t\t\t\t<\/div>\n\t\t\t\t\t\t\t\t\t\t\t\t<\/div>\n\t\t\t\t\t\t\t\t\t<\/a>\n\t\t\t\t\t\t\t<a class=\"e-gallery-item elementor-gallery-item elementor-animated-content\" href=\"https:\/\/info-teulada-moraira.com\/wp-content\/uploads\/2026\/04\/IMG_6935.webp\" data-elementor-open-lightbox=\"yes\" data-elementor-lightbox-slideshow=\"dc7b65d\" data-elementor-lightbox-title=\"moraira-pfarrkirche-desemparats\" data-elementor-lightbox-description=\"Mare de D\u00e9u dels Desemparats\" data-e-action-hash=\"#elementor-action%3Aaction%3Dlightbox%26settings%3DeyJpZCI6NTgxNzcsInVybCI6Imh0dHBzOlwvXC9pbmZvLXRldWxhZGEtbW9yYWlyYS5jb21cL3dwLWNvbnRlbnRcL3VwbG9hZHNcLzIwMjZcLzA0XC9JTUdfNjkzNS53ZWJwIiwic2xpZGVzaG93IjoiZGM3YjY1ZCJ9\">\n\t\t\t\t\t<div class=\"e-gallery-image elementor-gallery-item__image\" data-thumbnail=\"https:\/\/info-teulada-moraira.com\/wp-content\/uploads\/2026\/04\/IMG_6935.webp\" data-width=\"253\" data-height=\"300\" aria-label=\"\u00c9glises paroissiales de Moraira Mare de Deu dels desemparats\" role=\"img\" ><\/div>\n\t\t\t\t\t\t\t\t\t\t\t<div class=\"elementor-gallery-item__overlay\"><\/div>\n\t\t\t\t\t\t\t\t\t\t\t\t\t\t\t<div class=\"elementor-gallery-item__content\">\n\t\t\t\t\t\t\t\t\t\t\t\t\t\t<div class=\"elementor-gallery-item__description\">\n\t\t\t\t\t\t\t\t\t\t\t\t\t\t\t\t\t\tMare de D\u00e9u dels Desemparats\t\t\t\t\t\t\t\t<\/div>\n\t\t\t\t\t\t\t\t\t\t\t\t<\/div>\n\t\t\t\t\t\t\t\t\t<\/a>\n\t\t\t\t\t\t\t<a class=\"e-gallery-item elementor-gallery-item elementor-animated-content\" href=\"https:\/\/info-teulada-moraira.com\/wp-content\/uploads\/2026\/04\/IMG_7409.webp\" data-elementor-open-lightbox=\"yes\" data-elementor-lightbox-slideshow=\"dc7b65d\" data-elementor-lightbox-title=\"teulada-sala-jurats\" data-elementor-lightbox-description=\"Sala de Jurats i Justicies\" data-e-action-hash=\"#elementor-action%3Aaction%3Dlightbox%26settings%3DeyJpZCI6NTgxNzgsInVybCI6Imh0dHBzOlwvXC9pbmZvLXRldWxhZGEtbW9yYWlyYS5jb21cL3dwLWNvbnRlbnRcL3VwbG9hZHNcLzIwMjZcLzA0XC9JTUdfNzQwOS53ZWJwIiwic2xpZGVzaG93IjoiZGM3YjY1ZCJ9\">\n\t\t\t\t\t<div class=\"e-gallery-image elementor-gallery-item__image\" data-thumbnail=\"https:\/\/info-teulada-moraira.com\/wp-content\/uploads\/2026\/04\/IMG_7409.webp\" data-width=\"225\" data-height=\"300\" aria-label=\"\" role=\"img\" ><\/div>\n\t\t\t\t\t\t\t\t\t\t\t<div class=\"elementor-gallery-item__overlay\"><\/div>\n\t\t\t\t\t\t\t\t\t\t\t\t\t\t\t<div class=\"elementor-gallery-item__content\">\n\t\t\t\t\t\t\t\t\t\t\t\t\t\t<div class=\"elementor-gallery-item__description\">\n\t\t\t\t\t\t\t\t\t\t\t\t\t\t\t\t\t\tSala de Jurats i Justicies\t\t\t\t\t\t\t\t<\/div>\n\t\t\t\t\t\t\t\t\t\t\t\t<\/div>\n\t\t\t\t\t\t\t\t\t<\/a>\n\t\t\t\t\t<\/div>\n\t\t\t\t\t<\/div>\n\t\t\t\t\t<\/div>\n\t\t\t\t<\/div>\n\t\t<div class=\"elementor-element elementor-element-0c3fab7 e-flex e-con-boxed e-con e-parent\" data-id=\"0c3fab7\" data-element_type=\"container\" data-e-type=\"container\">\n\t\t\t\t\t<div class=\"e-con-inner\">\n\t\t\t\t<div class=\"elementor-element elementor-element-1f8372d elementor-widget elementor-widget-html\" data-id=\"1f8372d\" data-element_type=\"widget\" data-e-type=\"widget\" data-widget_type=\"html.default\">\n\t\t\t\t\t<iframe src=\"https:\/\/www.google.com\/maps\/d\/embed?mid=1oe1g-cURsSU-rBDqtcsuH7pbAaw&amp;ehbc=2E312F\" width=\"640\" height=\"480\"><\/iframe>\t\t\t\t<\/div>\n\t\t\t\t\t<\/div>\n\t\t\t\t<\/div>\n\t\t<div class=\"elementor-element elementor-element-edafbc7 e-flex e-con-boxed e-con e-parent\" data-id=\"edafbc7\" data-element_type=\"container\" data-e-type=\"container\" data-settings=\"{&quot;background_background&quot;:&quot;classic&quot;}\">\n\t\t\t\t\t<div class=\"e-con-inner\">\n\t\t\t\t<div class=\"elementor-element elementor-element-f89f193 elementor-widget-divider--view-line elementor-widget elementor-widget-divider\" data-id=\"f89f193\" data-element_type=\"widget\" data-e-type=\"widget\" data-widget_type=\"divider.default\">\n\t\t\t\t\t\t\t<div class=\"elementor-divider\">\n\t\t\t<span class=\"elementor-divider-separator\">\n\t\t\t\t\t\t<\/span>\n\t\t<\/div>\n\t\t\t\t\t\t<\/div>\n\t\t\t\t<div class=\"elementor-element elementor-element-b04ada8 elementor-widget elementor-widget-heading\" data-id=\"b04ada8\" data-element_type=\"widget\" data-e-type=\"widget\" data-widget_type=\"heading.default\">\n\t\t\t\t\t<h2 class=\"elementor-heading-title elementor-size-default\">SITES TOURISTIQUES \u00c0 TEULADA<\/h2>\t\t\t\t<\/div>\n\t\t\t\t\t<\/div>\n\t\t\t\t<\/div>\n\t\t<div class=\"elementor-element elementor-element-d1c1a8c e-flex e-con-boxed e-con e-parent\" data-id=\"d1c1a8c\" data-element_type=\"container\" data-e-type=\"container\" data-settings=\"{&quot;background_background&quot;:&quot;classic&quot;}\">\n\t\t\t\t\t<div class=\"e-con-inner\">\n\t\t<div class=\"elementor-element elementor-element-3f7bb10 e-con-full e-flex e-con e-child\" data-id=\"3f7bb10\" data-element_type=\"container\" data-e-type=\"container\">\n\t\t\t\t<div class=\"elementor-element elementor-element-8b0b695 elementor-widget elementor-widget-menu-anchor\" data-id=\"8b0b695\" data-element_type=\"widget\" data-e-type=\"widget\" data-widget_type=\"menu-anchor.default\">\n\t\t\t\t\t\t\t<div class=\"elementor-menu-anchor\" id=\"1\"><\/div>\n\t\t\t\t\t\t<\/div>\n\t\t\t\t<div class=\"elementor-element elementor-element-3da2f89 elementor-widget elementor-widget-heading\" data-id=\"3da2f89\" data-element_type=\"widget\" data-e-type=\"widget\" data-widget_type=\"heading.default\">\n\t\t\t\t\t<h2 class=\"elementor-heading-title elementor-size-default\">\u00c9glise-forteresse Santa Caterina \u2013 Esgl\u00e9sia fortalesa de Santa Caterina<\/h2>\t\t\t\t<\/div>\n\t\t\t\t<div class=\"elementor-element elementor-element-b0fb2ef elementor-widget elementor-widget-text-editor\" data-id=\"b0fb2ef\" data-element_type=\"widget\" data-e-type=\"widget\" data-widget_type=\"text-editor.default\">\n\t\t\t\t\t\t\t\t\t<p class=\"p1\">Ce b\u00e2timent, qui servait \u00e0 la fois \u00e0 des fins religieuses et d\u00e9fensives, compte sans aucun doute parmi les \u00e9difices les plus importants de la commune.<\/p><p class=\"p1\">D\u00e8s 1562, l\u2019ing\u00e9nieur italien J.B. Antonelli recommanda de fortifier l\u2019\u00e9glise afin de la prot\u00e9ger des attaques r\u00e9currentes des pirates barbaresques. La construction de cet impressionnant \u00e9difice s\u2019\u00e9tendit sur environ 35 \u00e0 40 ans et fut enti\u00e8rement financ\u00e9e par les habitants de Teulada \u2013 environ 600 personnes y vivaient en 1574 \u2013, qui y contribu\u00e8rent par diverses taxes. <\/p><p class=\"p1\">L\u2019\u00e9glise se compose d\u2019un b\u00e2timent d\u2019origine ainsi que de plusieurs extensions r\u00e9alis\u00e9es du XVIIIe si\u00e8cle \u00e0 nos jours. La partie la plus ancienne, datant du XVIe si\u00e8cle, comprend une nef orient\u00e9e vers l\u2019est avec des autels entre les contreforts, une vo\u00fbte \u00e0 crois\u00e9es d\u2019ogives, ainsi qu\u2019une abside polygonale \u00e0 cinq pans surmont\u00e9e d\u2019une coupole d\u00e9cor\u00e9e. <\/p><p class=\"p1\">Au XVIIIe si\u00e8cle eut lieu la premi\u00e8re extension majeure : le plan fut prolong\u00e9 en forme de croix latine, rel\u00e9guant progressivement au second plan la fonction d\u00e9fensive initiale de l\u2019\u00e9glise. Entre le XIXe et le XXe si\u00e8cle, la chapelle de communion ainsi que d\u2019autres pi\u00e8ces annexes de la sacristie furent ajout\u00e9es. L\u2019ancienne tour ronde fut remplac\u00e9e par un nouveau clocher. Cette tour hexagonale en pierres de taille a une circonf\u00e9rence de 24 m \u00e0 la base et atteint une hauteur de 30 m.      <\/p>\t\t\t\t\t\t\t\t<\/div>\n\t\t\t\t<\/div>\n\t\t<div class=\"elementor-element elementor-element-907474d e-con-full e-flex e-con e-child\" data-id=\"907474d\" data-element_type=\"container\" data-e-type=\"container\">\n\t\t\t\t<div class=\"elementor-element elementor-element-4e43afb elementor-widget elementor-widget-gallery\" data-id=\"4e43afb\" data-element_type=\"widget\" data-e-type=\"widget\" data-settings=\"{&quot;gallery_layout&quot;:&quot;justified&quot;,&quot;lazyload&quot;:&quot;yes&quot;,&quot;ideal_row_height&quot;:{&quot;unit&quot;:&quot;px&quot;,&quot;size&quot;:200,&quot;sizes&quot;:[]},&quot;ideal_row_height_tablet&quot;:{&quot;unit&quot;:&quot;px&quot;,&quot;size&quot;:150,&quot;sizes&quot;:[]},&quot;ideal_row_height_mobile&quot;:{&quot;unit&quot;:&quot;px&quot;,&quot;size&quot;:150,&quot;sizes&quot;:[]},&quot;gap&quot;:{&quot;unit&quot;:&quot;px&quot;,&quot;size&quot;:10,&quot;sizes&quot;:[]},&quot;gap_tablet&quot;:{&quot;unit&quot;:&quot;px&quot;,&quot;size&quot;:10,&quot;sizes&quot;:[]},&quot;gap_mobile&quot;:{&quot;unit&quot;:&quot;px&quot;,&quot;size&quot;:10,&quot;sizes&quot;:[]},&quot;link_to&quot;:&quot;file&quot;,&quot;overlay_background&quot;:&quot;yes&quot;,&quot;content_hover_animation&quot;:&quot;fade-in&quot;}\" data-widget_type=\"gallery.default\">\n\t\t\t\t\t\t\t<div class=\"elementor-gallery__container\">\n\t\t\t\t\t\t\t<a class=\"e-gallery-item elementor-gallery-item elementor-animated-content\" href=\"https:\/\/info-teulada-moraira.com\/wp-content\/uploads\/2026\/04\/IMG_7420-1.webp\" data-elementor-open-lightbox=\"yes\" data-elementor-lightbox-slideshow=\"4e43afb\" data-elementor-lightbox-title=\"IMG_7420-1\" data-e-action-hash=\"#elementor-action%3Aaction%3Dlightbox%26settings%3DeyJpZCI6NTgxODMsInVybCI6Imh0dHBzOlwvXC9pbmZvLXRldWxhZGEtbW9yYWlyYS5jb21cL3dwLWNvbnRlbnRcL3VwbG9hZHNcLzIwMjZcLzA0XC9JTUdfNzQyMC0xLndlYnAiLCJzbGlkZXNob3ciOiI0ZTQzYWZiIn0%3D\">\n\t\t\t\t\t<div class=\"e-gallery-image elementor-gallery-item__image\" data-thumbnail=\"https:\/\/info-teulada-moraira.com\/wp-content\/uploads\/2026\/04\/IMG_7420-1.webp\" data-width=\"300\" data-height=\"225\" aria-label=\"\" role=\"img\" ><\/div>\n\t\t\t\t\t\t\t\t\t\t\t<div class=\"elementor-gallery-item__overlay\"><\/div>\n\t\t\t\t\t\t\t\t\t\t\t\t\t\t<\/a>\n\t\t\t\t\t\t\t<a class=\"e-gallery-item elementor-gallery-item elementor-animated-content\" href=\"https:\/\/info-teulada-moraira.com\/wp-content\/uploads\/2026\/04\/Ermita-Sant-Vicente-Ferrer-04.webp\" data-elementor-open-lightbox=\"yes\" data-elementor-lightbox-slideshow=\"4e43afb\" data-elementor-lightbox-title=\"Ermita-Sant-Vicente-Ferrer-04\" data-e-action-hash=\"#elementor-action%3Aaction%3Dlightbox%26settings%3DeyJpZCI6NTgxNzksInVybCI6Imh0dHBzOlwvXC9pbmZvLXRldWxhZGEtbW9yYWlyYS5jb21cL3dwLWNvbnRlbnRcL3VwbG9hZHNcLzIwMjZcLzA0XC9Fcm1pdGEtU2FudC1WaWNlbnRlLUZlcnJlci0wNC53ZWJwIiwic2xpZGVzaG93IjoiNGU0M2FmYiJ9\">\n\t\t\t\t\t<div class=\"e-gallery-image elementor-gallery-item__image\" data-thumbnail=\"https:\/\/info-teulada-moraira.com\/wp-content\/uploads\/2026\/04\/Ermita-Sant-Vicente-Ferrer-04.webp\" data-width=\"215\" data-height=\"300\" aria-label=\"\" role=\"img\" ><\/div>\n\t\t\t\t\t\t\t\t\t\t\t<div class=\"elementor-gallery-item__overlay\"><\/div>\n\t\t\t\t\t\t\t\t\t\t\t\t\t\t<\/a>\n\t\t\t\t\t\t\t<a class=\"e-gallery-item elementor-gallery-item elementor-animated-content\" href=\"https:\/\/info-teulada-moraira.com\/wp-content\/uploads\/2026\/04\/Teulada-Santa-Catalina-scaled-1.webp\" data-elementor-open-lightbox=\"yes\" data-elementor-lightbox-slideshow=\"4e43afb\" data-elementor-lightbox-title=\"Teulada-Santa-Catalina-scaled\" data-e-action-hash=\"#elementor-action%3Aaction%3Dlightbox%26settings%3DeyJpZCI6NTgxODQsInVybCI6Imh0dHBzOlwvXC9pbmZvLXRldWxhZGEtbW9yYWlyYS5jb21cL3dwLWNvbnRlbnRcL3VwbG9hZHNcLzIwMjZcLzA0XC9UZXVsYWRhLVNhbnRhLUNhdGFsaW5hLXNjYWxlZC0xLndlYnAiLCJzbGlkZXNob3ciOiI0ZTQzYWZiIn0%3D\">\n\t\t\t\t\t<div class=\"e-gallery-image elementor-gallery-item__image\" data-thumbnail=\"https:\/\/info-teulada-moraira.com\/wp-content\/uploads\/2026\/04\/Teulada-Santa-Catalina-scaled-1.webp\" data-width=\"212\" data-height=\"300\" aria-label=\"\" role=\"img\" ><\/div>\n\t\t\t\t\t\t\t\t\t\t\t<div class=\"elementor-gallery-item__overlay\"><\/div>\n\t\t\t\t\t\t\t\t\t\t\t\t\t\t<\/a>\n\t\t\t\t\t\t\t<a class=\"e-gallery-item elementor-gallery-item elementor-animated-content\" href=\"https:\/\/info-teulada-moraira.com\/wp-content\/uploads\/2026\/04\/Esglesia-Santa-Catalina-04-1.webp\" data-elementor-open-lightbox=\"yes\" data-elementor-lightbox-slideshow=\"4e43afb\" data-elementor-lightbox-title=\"Esglesia-Santa-Catalina-04-1\" data-e-action-hash=\"#elementor-action%3Aaction%3Dlightbox%26settings%3DeyJpZCI6NTgxODAsInVybCI6Imh0dHBzOlwvXC9pbmZvLXRldWxhZGEtbW9yYWlyYS5jb21cL3dwLWNvbnRlbnRcL3VwbG9hZHNcLzIwMjZcLzA0XC9Fc2dsZXNpYS1TYW50YS1DYXRhbGluYS0wNC0xLndlYnAiLCJzbGlkZXNob3ciOiI0ZTQzYWZiIn0%3D\">\n\t\t\t\t\t<div class=\"e-gallery-image elementor-gallery-item__image\" data-thumbnail=\"https:\/\/info-teulada-moraira.com\/wp-content\/uploads\/2026\/04\/Esglesia-Santa-Catalina-04-1.webp\" data-width=\"300\" data-height=\"225\" aria-label=\"\" role=\"img\" ><\/div>\n\t\t\t\t\t\t\t\t\t\t\t<div class=\"elementor-gallery-item__overlay\"><\/div>\n\t\t\t\t\t\t\t\t\t\t\t\t\t\t<\/a>\n\t\t\t\t\t\t\t<a class=\"e-gallery-item elementor-gallery-item elementor-animated-content\" href=\"https:\/\/info-teulada-moraira.com\/wp-content\/uploads\/2026\/04\/Esglesia-Santa-Catalina-06-1.webp\" data-elementor-open-lightbox=\"yes\" data-elementor-lightbox-slideshow=\"4e43afb\" data-elementor-lightbox-title=\"Esglesia-Santa-Catalina-06-1\" data-e-action-hash=\"#elementor-action%3Aaction%3Dlightbox%26settings%3DeyJpZCI6NTgxODIsInVybCI6Imh0dHBzOlwvXC9pbmZvLXRldWxhZGEtbW9yYWlyYS5jb21cL3dwLWNvbnRlbnRcL3VwbG9hZHNcLzIwMjZcLzA0XC9Fc2dsZXNpYS1TYW50YS1DYXRhbGluYS0wNi0xLndlYnAiLCJzbGlkZXNob3ciOiI0ZTQzYWZiIn0%3D\">\n\t\t\t\t\t<div class=\"e-gallery-image elementor-gallery-item__image\" data-thumbnail=\"https:\/\/info-teulada-moraira.com\/wp-content\/uploads\/2026\/04\/Esglesia-Santa-Catalina-06-1.webp\" data-width=\"300\" data-height=\"225\" aria-label=\"\" role=\"img\" ><\/div>\n\t\t\t\t\t\t\t\t\t\t\t<div class=\"elementor-gallery-item__overlay\"><\/div>\n\t\t\t\t\t\t\t\t\t\t\t\t\t\t<\/a>\n\t\t\t\t\t\t\t<a class=\"e-gallery-item elementor-gallery-item elementor-animated-content\" href=\"https:\/\/info-teulada-moraira.com\/wp-content\/uploads\/2026\/04\/DSCF0018.webp\" data-elementor-open-lightbox=\"yes\" data-elementor-lightbox-slideshow=\"4e43afb\" data-elementor-lightbox-title=\"teulada-santa-catalina\" data-e-action-hash=\"#elementor-action%3Aaction%3Dlightbox%26settings%3DeyJpZCI6NTgxODUsInVybCI6Imh0dHBzOlwvXC9pbmZvLXRldWxhZGEtbW9yYWlyYS5jb21cL3dwLWNvbnRlbnRcL3VwbG9hZHNcLzIwMjZcLzA0XC9EU0NGMDAxOC53ZWJwIiwic2xpZGVzaG93IjoiNGU0M2FmYiJ9\">\n\t\t\t\t\t<div class=\"e-gallery-image elementor-gallery-item__image\" data-thumbnail=\"https:\/\/info-teulada-moraira.com\/wp-content\/uploads\/2026\/04\/DSCF0018.webp\" data-width=\"300\" data-height=\"225\" aria-label=\"\u00c9glise Santa Catalina \u00e0 Teulada\" role=\"img\" ><\/div>\n\t\t\t\t\t\t\t\t\t\t\t<div class=\"elementor-gallery-item__overlay\"><\/div>\n\t\t\t\t\t\t\t\t\t\t\t\t\t\t<\/a>\n\t\t\t\t\t\t\t<a class=\"e-gallery-item elementor-gallery-item elementor-animated-content\" href=\"https:\/\/info-teulada-moraira.com\/wp-content\/uploads\/2026\/04\/DSCF0026.webp\" data-elementor-open-lightbox=\"yes\" data-elementor-lightbox-slideshow=\"4e43afb\" data-elementor-lightbox-title=\"teulada-santa-caterina\" data-e-action-hash=\"#elementor-action%3Aaction%3Dlightbox%26settings%3DeyJpZCI6NTgxODYsInVybCI6Imh0dHBzOlwvXC9pbmZvLXRldWxhZGEtbW9yYWlyYS5jb21cL3dwLWNvbnRlbnRcL3VwbG9hZHNcLzIwMjZcLzA0XC9EU0NGMDAyNi53ZWJwIiwic2xpZGVzaG93IjoiNGU0M2FmYiJ9\">\n\t\t\t\t\t<div class=\"e-gallery-image elementor-gallery-item__image\" data-thumbnail=\"https:\/\/info-teulada-moraira.com\/wp-content\/uploads\/2026\/04\/DSCF0026.webp\" data-width=\"225\" data-height=\"300\" aria-label=\"Teulada Esgl\u00e9sia fortalesa de Santa Caterina\" role=\"img\" ><\/div>\n\t\t\t\t\t\t\t\t\t\t\t<div class=\"elementor-gallery-item__overlay\"><\/div>\n\t\t\t\t\t\t\t\t\t\t\t\t\t\t<\/a>\n\t\t\t\t\t<\/div>\n\t\t\t\t\t<\/div>\n\t\t\t\t<\/div>\n\t\t\t\t\t<\/div>\n\t\t\t\t<\/div>\n\t\t<div class=\"elementor-element elementor-element-99ea4b7 e-flex e-con-boxed e-con e-parent\" data-id=\"99ea4b7\" data-element_type=\"container\" data-e-type=\"container\">\n\t\t\t\t\t<div class=\"e-con-inner\">\n\t\t<div class=\"elementor-element elementor-element-a06cb1d e-con-full e-flex e-con e-child\" data-id=\"a06cb1d\" data-element_type=\"container\" data-e-type=\"container\">\n\t\t\t\t<div class=\"elementor-element elementor-element-edff43c elementor-widget elementor-widget-gallery\" data-id=\"edff43c\" data-element_type=\"widget\" data-e-type=\"widget\" data-settings=\"{&quot;gallery_layout&quot;:&quot;justified&quot;,&quot;lazyload&quot;:&quot;yes&quot;,&quot;ideal_row_height&quot;:{&quot;unit&quot;:&quot;px&quot;,&quot;size&quot;:200,&quot;sizes&quot;:[]},&quot;ideal_row_height_tablet&quot;:{&quot;unit&quot;:&quot;px&quot;,&quot;size&quot;:150,&quot;sizes&quot;:[]},&quot;ideal_row_height_mobile&quot;:{&quot;unit&quot;:&quot;px&quot;,&quot;size&quot;:150,&quot;sizes&quot;:[]},&quot;gap&quot;:{&quot;unit&quot;:&quot;px&quot;,&quot;size&quot;:10,&quot;sizes&quot;:[]},&quot;gap_tablet&quot;:{&quot;unit&quot;:&quot;px&quot;,&quot;size&quot;:10,&quot;sizes&quot;:[]},&quot;gap_mobile&quot;:{&quot;unit&quot;:&quot;px&quot;,&quot;size&quot;:10,&quot;sizes&quot;:[]},&quot;link_to&quot;:&quot;file&quot;,&quot;overlay_background&quot;:&quot;yes&quot;,&quot;content_hover_animation&quot;:&quot;fade-in&quot;}\" data-widget_type=\"gallery.default\">\n\t\t\t\t\t\t\t<div class=\"elementor-gallery__container\">\n\t\t\t\t\t\t\t<a class=\"e-gallery-item elementor-gallery-item elementor-animated-content\" href=\"https:\/\/info-teulada-moraira.com\/wp-content\/uploads\/2026\/04\/Ermita-Divina-Pastora-00.webp\" data-elementor-open-lightbox=\"yes\" data-elementor-lightbox-slideshow=\"edff43c\" data-elementor-lightbox-title=\"teulada-ermita-divina-pastora\" data-e-action-hash=\"#elementor-action%3Aaction%3Dlightbox%26settings%3DeyJpZCI6NTgxODcsInVybCI6Imh0dHBzOlwvXC9pbmZvLXRldWxhZGEtbW9yYWlyYS5jb21cL3dwLWNvbnRlbnRcL3VwbG9hZHNcLzIwMjZcLzA0XC9Fcm1pdGEtRGl2aW5hLVBhc3RvcmEtMDAud2VicCIsInNsaWRlc2hvdyI6ImVkZmY0M2MifQ%3D%3D\">\n\t\t\t\t\t<div class=\"e-gallery-image elementor-gallery-item__image\" data-thumbnail=\"https:\/\/info-teulada-moraira.com\/wp-content\/uploads\/2026\/04\/Ermita-Divina-Pastora-00.webp\" data-width=\"225\" data-height=\"300\" aria-label=\"Teulada Ermita Divina Pastora\" role=\"img\" ><\/div>\n\t\t\t\t\t\t\t\t\t\t\t<div class=\"elementor-gallery-item__overlay\"><\/div>\n\t\t\t\t\t\t\t\t\t\t\t\t\t\t<\/a>\n\t\t\t\t\t\t\t<a class=\"e-gallery-item elementor-gallery-item elementor-animated-content\" href=\"https:\/\/info-teulada-moraira.com\/wp-content\/uploads\/2026\/04\/Ermita-Divina-Pastora-04-1.webp\" data-elementor-open-lightbox=\"yes\" data-elementor-lightbox-slideshow=\"edff43c\" data-elementor-lightbox-title=\"Ermita-Divina-Pastora-04-1\" data-e-action-hash=\"#elementor-action%3Aaction%3Dlightbox%26settings%3DeyJpZCI6NTgxODgsInVybCI6Imh0dHBzOlwvXC9pbmZvLXRldWxhZGEtbW9yYWlyYS5jb21cL3dwLWNvbnRlbnRcL3VwbG9hZHNcLzIwMjZcLzA0XC9Fcm1pdGEtRGl2aW5hLVBhc3RvcmEtMDQtMS53ZWJwIiwic2xpZGVzaG93IjoiZWRmZjQzYyJ9\">\n\t\t\t\t\t<div class=\"e-gallery-image elementor-gallery-item__image\" data-thumbnail=\"https:\/\/info-teulada-moraira.com\/wp-content\/uploads\/2026\/04\/Ermita-Divina-Pastora-04-1.webp\" data-width=\"300\" data-height=\"225\" aria-label=\"\" role=\"img\" ><\/div>\n\t\t\t\t\t\t\t\t\t\t\t<div class=\"elementor-gallery-item__overlay\"><\/div>\n\t\t\t\t\t\t\t\t\t\t\t\t\t\t<\/a>\n\t\t\t\t\t\t\t<a class=\"e-gallery-item elementor-gallery-item elementor-animated-content\" href=\"https:\/\/info-teulada-moraira.com\/wp-content\/uploads\/2026\/04\/Ermita-Divina-Pastora-03.webp\" data-elementor-open-lightbox=\"yes\" data-elementor-lightbox-slideshow=\"edff43c\" data-elementor-lightbox-title=\"Ermita-Divina-Pastora-03\" data-e-action-hash=\"#elementor-action%3Aaction%3Dlightbox%26settings%3DeyJpZCI6NTgxODksInVybCI6Imh0dHBzOlwvXC9pbmZvLXRldWxhZGEtbW9yYWlyYS5jb21cL3dwLWNvbnRlbnRcL3VwbG9hZHNcLzIwMjZcLzA0XC9Fcm1pdGEtRGl2aW5hLVBhc3RvcmEtMDMud2VicCIsInNsaWRlc2hvdyI6ImVkZmY0M2MifQ%3D%3D\">\n\t\t\t\t\t<div class=\"e-gallery-image elementor-gallery-item__image\" data-thumbnail=\"https:\/\/info-teulada-moraira.com\/wp-content\/uploads\/2026\/04\/Ermita-Divina-Pastora-03.webp\" data-width=\"300\" data-height=\"225\" aria-label=\"\" role=\"img\" ><\/div>\n\t\t\t\t\t\t\t\t\t\t\t<div class=\"elementor-gallery-item__overlay\"><\/div>\n\t\t\t\t\t\t\t\t\t\t\t\t\t\t<\/a>\n\t\t\t\t\t\t\t<a class=\"e-gallery-item elementor-gallery-item elementor-animated-content\" href=\"https:\/\/info-teulada-moraira.com\/wp-content\/uploads\/2026\/04\/Ermita-Divina-Pastora-02.webp\" data-elementor-open-lightbox=\"yes\" data-elementor-lightbox-slideshow=\"edff43c\" data-elementor-lightbox-title=\"Ermita-Divina-Pastora-02\" data-e-action-hash=\"#elementor-action%3Aaction%3Dlightbox%26settings%3DeyJpZCI6NTgxOTAsInVybCI6Imh0dHBzOlwvXC9pbmZvLXRldWxhZGEtbW9yYWlyYS5jb21cL3dwLWNvbnRlbnRcL3VwbG9hZHNcLzIwMjZcLzA0XC9Fcm1pdGEtRGl2aW5hLVBhc3RvcmEtMDIud2VicCIsInNsaWRlc2hvdyI6ImVkZmY0M2MifQ%3D%3D\">\n\t\t\t\t\t<div class=\"e-gallery-image elementor-gallery-item__image\" data-thumbnail=\"https:\/\/info-teulada-moraira.com\/wp-content\/uploads\/2026\/04\/Ermita-Divina-Pastora-02.webp\" data-width=\"225\" data-height=\"300\" aria-label=\"\" role=\"img\" ><\/div>\n\t\t\t\t\t\t\t\t\t\t\t<div class=\"elementor-gallery-item__overlay\"><\/div>\n\t\t\t\t\t\t\t\t\t\t\t\t\t\t<\/a>\n\t\t\t\t\t\t\t<a class=\"e-gallery-item elementor-gallery-item elementor-animated-content\" href=\"https:\/\/info-teulada-moraira.com\/wp-content\/uploads\/2026\/04\/IMG_7402-1.webp\" data-elementor-open-lightbox=\"yes\" data-elementor-lightbox-slideshow=\"edff43c\" data-elementor-lightbox-title=\"IMG_7402\" data-e-action-hash=\"#elementor-action%3Aaction%3Dlightbox%26settings%3DeyJpZCI6NTgxOTEsInVybCI6Imh0dHBzOlwvXC9pbmZvLXRldWxhZGEtbW9yYWlyYS5jb21cL3dwLWNvbnRlbnRcL3VwbG9hZHNcLzIwMjZcLzA0XC9JTUdfNzQwMi0xLndlYnAiLCJzbGlkZXNob3ciOiJlZGZmNDNjIn0%3D\">\n\t\t\t\t\t<div class=\"e-gallery-image elementor-gallery-item__image\" data-thumbnail=\"https:\/\/info-teulada-moraira.com\/wp-content\/uploads\/2026\/04\/IMG_7402-1.webp\" data-width=\"225\" data-height=\"300\" aria-label=\"\" role=\"img\" ><\/div>\n\t\t\t\t\t\t\t\t\t\t\t<div class=\"elementor-gallery-item__overlay\"><\/div>\n\t\t\t\t\t\t\t\t\t\t\t\t\t\t<\/a>\n\t\t\t\t\t<\/div>\n\t\t\t\t\t<\/div>\n\t\t\t\t<\/div>\n\t\t<div class=\"elementor-element elementor-element-8b3fef7 e-con-full e-flex e-con e-child\" data-id=\"8b3fef7\" data-element_type=\"container\" data-e-type=\"container\">\n\t\t\t\t<div class=\"elementor-element elementor-element-c8d7d12 elementor-widget elementor-widget-menu-anchor\" data-id=\"c8d7d12\" data-element_type=\"widget\" data-e-type=\"widget\" data-widget_type=\"menu-anchor.default\">\n\t\t\t\t\t\t\t<div class=\"elementor-menu-anchor\" id=\"2\"><\/div>\n\t\t\t\t\t\t<\/div>\n\t\t\t\t<div class=\"elementor-element elementor-element-78e22a3 elementor-widget elementor-widget-heading\" data-id=\"78e22a3\" data-element_type=\"widget\" data-e-type=\"widget\" data-widget_type=\"heading.default\">\n\t\t\t\t\t<h2 class=\"elementor-heading-title elementor-size-default\">Chapelle de p\u00e8lerinage de la Divine Berg\u00e8re \u2013 Ermita Divina Pastora<\/h2>\t\t\t\t<\/div>\n\t\t\t\t<div class=\"elementor-element elementor-element-e036152 elementor-widget elementor-widget-text-editor\" data-id=\"e036152\" data-element_type=\"widget\" data-e-type=\"widget\" data-widget_type=\"text-editor.default\">\n\t\t\t\t\t\t\t\t\t<p class=\"p1\">La chapelle de p\u00e8lerinage se trouve \u00e0 proximit\u00e9 imm\u00e9diate de l\u2019\u00e9glise paroissiale Santa Catalina.<\/p><p class=\"p1\">L\u2019ann\u00e9e exacte de construction de la chapelle n\u2019est pas connue. Il est toutefois \u00e9tabli qu\u2019elle a \u00e9t\u00e9 r\u00e9nov\u00e9e en 1861 et que la cloche du clocher a \u00e9t\u00e9 install\u00e9e dans les ann\u00e9es 1870. En 1986, une nouvelle restauration a eu lieu, au cours de laquelle des parties de la fa\u00e7ade ainsi que la couverture du toit ont \u00e9t\u00e9 renouvel\u00e9es.  <\/p><p class=\"p1\">La chapelle est de style baroque et se distingue par son clocher plat et effil\u00e9. Le portail d\u2019entr\u00e9e, en revanche, date de la Renaissance et cr\u00e9e un contraste stylistique avec le reste de l\u2019\u00e9difice. <\/p>\t\t\t\t\t\t\t\t<\/div>\n\t\t\t\t<\/div>\n\t\t\t\t\t<\/div>\n\t\t\t\t<\/div>\n\t\t<div class=\"elementor-element elementor-element-2cd5ff3 e-flex e-con-boxed e-con e-parent\" data-id=\"2cd5ff3\" data-element_type=\"container\" data-e-type=\"container\" data-settings=\"{&quot;background_background&quot;:&quot;classic&quot;}\">\n\t\t\t\t\t<div class=\"e-con-inner\">\n\t\t<div class=\"elementor-element elementor-element-fc84b2a e-con-full e-flex e-con e-child\" data-id=\"fc84b2a\" data-element_type=\"container\" data-e-type=\"container\">\n\t\t\t\t<div class=\"elementor-element elementor-element-b760f75 elementor-widget elementor-widget-menu-anchor\" data-id=\"b760f75\" data-element_type=\"widget\" data-e-type=\"widget\" data-widget_type=\"menu-anchor.default\">\n\t\t\t\t\t\t\t<div class=\"elementor-menu-anchor\" id=\"3\"><\/div>\n\t\t\t\t\t\t<\/div>\n\t\t\t\t<div class=\"elementor-element elementor-element-0d42d0b elementor-widget elementor-widget-heading\" data-id=\"0d42d0b\" data-element_type=\"widget\" data-e-type=\"widget\" data-widget_type=\"heading.default\">\n\t\t\t\t\t<h2 class=\"elementor-heading-title elementor-size-default\">Chapelle de p\u00e8lerinage Sant Vicent Ferrer \u2013 Ermita Sant Vicent Ferrer<\/h2>\t\t\t\t<\/div>\n\t\t\t\t<div class=\"elementor-element elementor-element-dc3312d elementor-widget elementor-widget-text-editor\" data-id=\"dc3312d\" data-element_type=\"widget\" data-e-type=\"widget\" data-widget_type=\"text-editor.default\">\n\t\t\t\t\t\t\t\t\t<p class=\"p1\">Dans la seconde moiti\u00e9 du XVIIIe si\u00e8cle, \u00e0 partir de 1767 et dans les ann\u00e9es suivantes, la chapelle de p\u00e8lerinage \u00ab Ermita Sant Vicent Ferrer \u00bb a \u00e9t\u00e9 construite. En 1793, Blai Estruc a con\u00e7u et peint l\u2019ensemble de l\u2019int\u00e9rieur de la chapelle. Le 29 mars 1797, elle a finalement \u00e9t\u00e9 solennellement b\u00e9nie par le cur\u00e9 de Teulada, le Dr Juan Mart\u00ednez.  <\/p><p class=\"p1\">La chapelle pr\u00e9sente un plan rectangulaire de 16 \u00d7 19 m. L\u2019\u00e9difice est construit en gr\u00e8s et se distingue par sa coupole remarquable, couverte de tuiles verniss\u00e9es bleues, vertes et blanches, qui se d\u00e9tache nettement du blanc \u00e9clatant de la fa\u00e7ade. <\/p><p class=\"p1\">Sur l\u2019autel se trouvent une effigie de saint Vincent Ferrier datant du XVIe si\u00e8cle ainsi qu\u2019une statue du P\u00e8re \u00e9ternel, qui faisait peut-\u00eatre partie d\u2019un retable d\u2019origine. \u00c0 environ 17 m se dresse une petite chapelle au toit pyramidal. Selon la tradition, il s\u2019agit de l\u2019endroit o\u00f9 Vincent Ferrier pr\u00eacha lorsqu\u2019il fit ses adieux au peuple.  <\/p><p class=\"p1\">\u00c0 l\u2019int\u00e9rieur de cette petite chapelle se trouve une repr\u00e9sentation picturale de cet \u00e9v\u00e9nement historique, r\u00e9alis\u00e9e en 1985 par l\u2019artiste Paloma Maynar.<\/p>\t\t\t\t\t\t\t\t<\/div>\n\t\t\t\t<\/div>\n\t\t<div class=\"elementor-element elementor-element-3e7ef27 e-con-full e-flex e-con e-child\" data-id=\"3e7ef27\" data-element_type=\"container\" data-e-type=\"container\">\n\t\t\t\t<div class=\"elementor-element elementor-element-79438ed elementor-widget elementor-widget-gallery\" data-id=\"79438ed\" data-element_type=\"widget\" data-e-type=\"widget\" data-settings=\"{&quot;gallery_layout&quot;:&quot;justified&quot;,&quot;lazyload&quot;:&quot;yes&quot;,&quot;ideal_row_height&quot;:{&quot;unit&quot;:&quot;px&quot;,&quot;size&quot;:200,&quot;sizes&quot;:[]},&quot;ideal_row_height_tablet&quot;:{&quot;unit&quot;:&quot;px&quot;,&quot;size&quot;:150,&quot;sizes&quot;:[]},&quot;ideal_row_height_mobile&quot;:{&quot;unit&quot;:&quot;px&quot;,&quot;size&quot;:150,&quot;sizes&quot;:[]},&quot;gap&quot;:{&quot;unit&quot;:&quot;px&quot;,&quot;size&quot;:10,&quot;sizes&quot;:[]},&quot;gap_tablet&quot;:{&quot;unit&quot;:&quot;px&quot;,&quot;size&quot;:10,&quot;sizes&quot;:[]},&quot;gap_mobile&quot;:{&quot;unit&quot;:&quot;px&quot;,&quot;size&quot;:10,&quot;sizes&quot;:[]},&quot;link_to&quot;:&quot;file&quot;,&quot;overlay_background&quot;:&quot;yes&quot;,&quot;content_hover_animation&quot;:&quot;fade-in&quot;}\" data-widget_type=\"gallery.default\">\n\t\t\t\t\t\t\t<div class=\"elementor-gallery__container\">\n\t\t\t\t\t\t\t<a class=\"e-gallery-item elementor-gallery-item elementor-animated-content\" href=\"https:\/\/info-teulada-moraira.com\/wp-content\/uploads\/2026\/04\/IMG_4570.webp\" data-elementor-open-lightbox=\"yes\" data-elementor-lightbox-slideshow=\"79438ed\" data-elementor-lightbox-title=\"IMG_4570\" data-e-action-hash=\"#elementor-action%3Aaction%3Dlightbox%26settings%3DeyJpZCI6NTgxOTQsInVybCI6Imh0dHBzOlwvXC9pbmZvLXRldWxhZGEtbW9yYWlyYS5jb21cL3dwLWNvbnRlbnRcL3VwbG9hZHNcLzIwMjZcLzA0XC9JTUdfNDU3MC53ZWJwIiwic2xpZGVzaG93IjoiNzk0MzhlZCJ9\">\n\t\t\t\t\t<div class=\"e-gallery-image elementor-gallery-item__image\" data-thumbnail=\"https:\/\/info-teulada-moraira.com\/wp-content\/uploads\/2026\/04\/IMG_4570.webp\" data-width=\"300\" data-height=\"260\" aria-label=\"\" role=\"img\" ><\/div>\n\t\t\t\t\t\t\t\t\t\t\t<div class=\"elementor-gallery-item__overlay\"><\/div>\n\t\t\t\t\t\t\t\t\t\t\t\t\t\t<\/a>\n\t\t\t\t\t\t\t<a class=\"e-gallery-item elementor-gallery-item elementor-animated-content\" href=\"https:\/\/info-teulada-moraira.com\/wp-content\/uploads\/2026\/04\/IMG_4411.webp\" data-elementor-open-lightbox=\"yes\" data-elementor-lightbox-slideshow=\"79438ed\" data-elementor-lightbox-title=\"IMG_4411\" data-e-action-hash=\"#elementor-action%3Aaction%3Dlightbox%26settings%3DeyJpZCI6NTgxOTMsInVybCI6Imh0dHBzOlwvXC9pbmZvLXRldWxhZGEtbW9yYWlyYS5jb21cL3dwLWNvbnRlbnRcL3VwbG9hZHNcLzIwMjZcLzA0XC9JTUdfNDQxMS53ZWJwIiwic2xpZGVzaG93IjoiNzk0MzhlZCJ9\">\n\t\t\t\t\t<div class=\"e-gallery-image elementor-gallery-item__image\" data-thumbnail=\"https:\/\/info-teulada-moraira.com\/wp-content\/uploads\/2026\/04\/IMG_4411.webp\" data-width=\"225\" data-height=\"300\" aria-label=\"\" role=\"img\" ><\/div>\n\t\t\t\t\t\t\t\t\t\t\t<div class=\"elementor-gallery-item__overlay\"><\/div>\n\t\t\t\t\t\t\t\t\t\t\t\t\t\t<\/a>\n\t\t\t\t\t\t\t<a class=\"e-gallery-item elementor-gallery-item elementor-animated-content\" href=\"https:\/\/info-teulada-moraira.com\/wp-content\/uploads\/2026\/04\/DSCF0049.webp\" data-elementor-open-lightbox=\"yes\" data-elementor-lightbox-slideshow=\"79438ed\" data-elementor-lightbox-title=\"DSCF0049\" data-e-action-hash=\"#elementor-action%3Aaction%3Dlightbox%26settings%3DeyJpZCI6NTgxOTcsInVybCI6Imh0dHBzOlwvXC9pbmZvLXRldWxhZGEtbW9yYWlyYS5jb21cL3dwLWNvbnRlbnRcL3VwbG9hZHNcLzIwMjZcLzA0XC9EU0NGMDA0OS53ZWJwIiwic2xpZGVzaG93IjoiNzk0MzhlZCJ9\">\n\t\t\t\t\t<div class=\"e-gallery-image elementor-gallery-item__image\" data-thumbnail=\"https:\/\/info-teulada-moraira.com\/wp-content\/uploads\/2026\/04\/DSCF0049.webp\" data-width=\"225\" data-height=\"300\" aria-label=\"\" role=\"img\" ><\/div>\n\t\t\t\t\t\t\t\t\t\t\t<div class=\"elementor-gallery-item__overlay\"><\/div>\n\t\t\t\t\t\t\t\t\t\t\t\t\t\t<\/a>\n\t\t\t\t\t\t\t<a class=\"e-gallery-item elementor-gallery-item elementor-animated-content\" href=\"https:\/\/info-teulada-moraira.com\/wp-content\/uploads\/2026\/04\/Ermita-Sant-Vicente-Ferrer-02.webp\" data-elementor-open-lightbox=\"yes\" data-elementor-lightbox-slideshow=\"79438ed\" data-elementor-lightbox-title=\"Ermita-Sant-Vicente-Ferrer-02\" data-e-action-hash=\"#elementor-action%3Aaction%3Dlightbox%26settings%3DeyJpZCI6NTgxOTUsInVybCI6Imh0dHBzOlwvXC9pbmZvLXRldWxhZGEtbW9yYWlyYS5jb21cL3dwLWNvbnRlbnRcL3VwbG9hZHNcLzIwMjZcLzA0XC9Fcm1pdGEtU2FudC1WaWNlbnRlLUZlcnJlci0wMi53ZWJwIiwic2xpZGVzaG93IjoiNzk0MzhlZCJ9\">\n\t\t\t\t\t<div class=\"e-gallery-image elementor-gallery-item__image\" data-thumbnail=\"https:\/\/info-teulada-moraira.com\/wp-content\/uploads\/2026\/04\/Ermita-Sant-Vicente-Ferrer-02.webp\" data-width=\"300\" data-height=\"225\" aria-label=\"\" role=\"img\" ><\/div>\n\t\t\t\t\t\t\t\t\t\t\t<div class=\"elementor-gallery-item__overlay\"><\/div>\n\t\t\t\t\t\t\t\t\t\t\t\t\t\t<\/a>\n\t\t\t\t\t\t\t<a class=\"e-gallery-item elementor-gallery-item elementor-animated-content\" href=\"https:\/\/info-teulada-moraira.com\/wp-content\/uploads\/2026\/04\/DSCF0053.webp\" data-elementor-open-lightbox=\"yes\" data-elementor-lightbox-slideshow=\"79438ed\" data-elementor-lightbox-title=\"DSCF0053\" data-e-action-hash=\"#elementor-action%3Aaction%3Dlightbox%26settings%3DeyJpZCI6NTgxOTgsInVybCI6Imh0dHBzOlwvXC9pbmZvLXRldWxhZGEtbW9yYWlyYS5jb21cL3dwLWNvbnRlbnRcL3VwbG9hZHNcLzIwMjZcLzA0XC9EU0NGMDA1My53ZWJwIiwic2xpZGVzaG93IjoiNzk0MzhlZCJ9\">\n\t\t\t\t\t<div class=\"e-gallery-image elementor-gallery-item__image\" data-thumbnail=\"https:\/\/info-teulada-moraira.com\/wp-content\/uploads\/2026\/04\/DSCF0053.webp\" data-width=\"300\" data-height=\"225\" aria-label=\"\" role=\"img\" ><\/div>\n\t\t\t\t\t\t\t\t\t\t\t<div class=\"elementor-gallery-item__overlay\"><\/div>\n\t\t\t\t\t\t\t\t\t\t\t\t\t\t<\/a>\n\t\t\t\t\t<\/div>\n\t\t\t\t\t<\/div>\n\t\t\t\t<\/div>\n\t\t\t\t\t<\/div>\n\t\t\t\t<\/div>\n\t\t<div class=\"elementor-element elementor-element-febe186 e-flex e-con-boxed e-con e-parent\" data-id=\"febe186\" data-element_type=\"container\" data-e-type=\"container\">\n\t\t\t\t\t<div class=\"e-con-inner\">\n\t\t<div class=\"elementor-element elementor-element-85640d7 e-con-full e-flex e-con e-child\" data-id=\"85640d7\" data-element_type=\"container\" data-e-type=\"container\">\n\t\t\t\t<div class=\"elementor-element elementor-element-5c6f1e6 elementor-widget elementor-widget-gallery\" data-id=\"5c6f1e6\" data-element_type=\"widget\" data-e-type=\"widget\" data-settings=\"{&quot;gallery_layout&quot;:&quot;justified&quot;,&quot;lazyload&quot;:&quot;yes&quot;,&quot;ideal_row_height&quot;:{&quot;unit&quot;:&quot;px&quot;,&quot;size&quot;:200,&quot;sizes&quot;:[]},&quot;ideal_row_height_tablet&quot;:{&quot;unit&quot;:&quot;px&quot;,&quot;size&quot;:150,&quot;sizes&quot;:[]},&quot;ideal_row_height_mobile&quot;:{&quot;unit&quot;:&quot;px&quot;,&quot;size&quot;:150,&quot;sizes&quot;:[]},&quot;gap&quot;:{&quot;unit&quot;:&quot;px&quot;,&quot;size&quot;:10,&quot;sizes&quot;:[]},&quot;gap_tablet&quot;:{&quot;unit&quot;:&quot;px&quot;,&quot;size&quot;:10,&quot;sizes&quot;:[]},&quot;gap_mobile&quot;:{&quot;unit&quot;:&quot;px&quot;,&quot;size&quot;:10,&quot;sizes&quot;:[]},&quot;link_to&quot;:&quot;file&quot;,&quot;overlay_background&quot;:&quot;yes&quot;,&quot;content_hover_animation&quot;:&quot;fade-in&quot;}\" data-widget_type=\"gallery.default\">\n\t\t\t\t\t\t\t<div class=\"elementor-gallery__container\">\n\t\t\t\t\t\t\t<a class=\"e-gallery-item elementor-gallery-item elementor-animated-content\" href=\"https:\/\/info-teulada-moraira.com\/wp-content\/uploads\/2026\/04\/IMG_7409-1.webp\" data-elementor-open-lightbox=\"yes\" data-elementor-lightbox-slideshow=\"5c6f1e6\" data-elementor-lightbox-title=\"IMG_7409\" data-e-action-hash=\"#elementor-action%3Aaction%3Dlightbox%26settings%3DeyJpZCI6NTgxOTksInVybCI6Imh0dHBzOlwvXC9pbmZvLXRldWxhZGEtbW9yYWlyYS5jb21cL3dwLWNvbnRlbnRcL3VwbG9hZHNcLzIwMjZcLzA0XC9JTUdfNzQwOS0xLndlYnAiLCJzbGlkZXNob3ciOiI1YzZmMWU2In0%3D\">\n\t\t\t\t\t<div class=\"e-gallery-image elementor-gallery-item__image\" data-thumbnail=\"https:\/\/info-teulada-moraira.com\/wp-content\/uploads\/2026\/04\/IMG_7409-1.webp\" data-width=\"225\" data-height=\"300\" aria-label=\"\" role=\"img\" ><\/div>\n\t\t\t\t\t\t\t\t\t\t\t<div class=\"elementor-gallery-item__overlay\"><\/div>\n\t\t\t\t\t\t\t\t\t\t\t\t\t\t<\/a>\n\t\t\t\t\t\t\t<a class=\"e-gallery-item elementor-gallery-item elementor-animated-content\" href=\"https:\/\/info-teulada-moraira.com\/wp-content\/uploads\/2026\/04\/Sala-de-Jurats-03.webp\" data-elementor-open-lightbox=\"yes\" data-elementor-lightbox-slideshow=\"5c6f1e6\" data-elementor-lightbox-title=\"Sala-de-Jurats-03\" data-e-action-hash=\"#elementor-action%3Aaction%3Dlightbox%26settings%3DeyJpZCI6NTgyMDAsInVybCI6Imh0dHBzOlwvXC9pbmZvLXRldWxhZGEtbW9yYWlyYS5jb21cL3dwLWNvbnRlbnRcL3VwbG9hZHNcLzIwMjZcLzA0XC9TYWxhLWRlLUp1cmF0cy0wMy53ZWJwIiwic2xpZGVzaG93IjoiNWM2ZjFlNiJ9\">\n\t\t\t\t\t<div class=\"e-gallery-image elementor-gallery-item__image\" data-thumbnail=\"https:\/\/info-teulada-moraira.com\/wp-content\/uploads\/2026\/04\/Sala-de-Jurats-03.webp\" data-width=\"200\" data-height=\"300\" aria-label=\"\" role=\"img\" ><\/div>\n\t\t\t\t\t\t\t\t\t\t\t<div class=\"elementor-gallery-item__overlay\"><\/div>\n\t\t\t\t\t\t\t\t\t\t\t\t\t\t<\/a>\n\t\t\t\t\t\t\t<a class=\"e-gallery-item elementor-gallery-item elementor-animated-content\" href=\"https:\/\/info-teulada-moraira.com\/wp-content\/uploads\/2026\/04\/Sala-de-Jurats-01.webp\" data-elementor-open-lightbox=\"yes\" data-elementor-lightbox-slideshow=\"5c6f1e6\" data-elementor-lightbox-title=\"Sala-de-Jurats-01\" data-e-action-hash=\"#elementor-action%3Aaction%3Dlightbox%26settings%3DeyJpZCI6NTgyMDEsInVybCI6Imh0dHBzOlwvXC9pbmZvLXRldWxhZGEtbW9yYWlyYS5jb21cL3dwLWNvbnRlbnRcL3VwbG9hZHNcLzIwMjZcLzA0XC9TYWxhLWRlLUp1cmF0cy0wMS53ZWJwIiwic2xpZGVzaG93IjoiNWM2ZjFlNiJ9\">\n\t\t\t\t\t<div class=\"e-gallery-image elementor-gallery-item__image\" data-thumbnail=\"https:\/\/info-teulada-moraira.com\/wp-content\/uploads\/2026\/04\/Sala-de-Jurats-01.webp\" data-width=\"300\" data-height=\"225\" aria-label=\"\" role=\"img\" ><\/div>\n\t\t\t\t\t\t\t\t\t\t\t<div class=\"elementor-gallery-item__overlay\"><\/div>\n\t\t\t\t\t\t\t\t\t\t\t\t\t\t<\/a>\n\t\t\t\t\t\t\t<a class=\"e-gallery-item elementor-gallery-item elementor-animated-content\" href=\"https:\/\/info-teulada-moraira.com\/wp-content\/uploads\/2026\/04\/Sala-de-Jurats-02.webp\" data-elementor-open-lightbox=\"yes\" data-elementor-lightbox-slideshow=\"5c6f1e6\" data-elementor-lightbox-title=\"Sala-de-Jurats-02\" data-e-action-hash=\"#elementor-action%3Aaction%3Dlightbox%26settings%3DeyJpZCI6NTgyMDIsInVybCI6Imh0dHBzOlwvXC9pbmZvLXRldWxhZGEtbW9yYWlyYS5jb21cL3dwLWNvbnRlbnRcL3VwbG9hZHNcLzIwMjZcLzA0XC9TYWxhLWRlLUp1cmF0cy0wMi53ZWJwIiwic2xpZGVzaG93IjoiNWM2ZjFlNiJ9\">\n\t\t\t\t\t<div class=\"e-gallery-image elementor-gallery-item__image\" data-thumbnail=\"https:\/\/info-teulada-moraira.com\/wp-content\/uploads\/2026\/04\/Sala-de-Jurats-02.webp\" data-width=\"300\" data-height=\"225\" aria-label=\"\" role=\"img\" ><\/div>\n\t\t\t\t\t\t\t\t\t\t\t<div class=\"elementor-gallery-item__overlay\"><\/div>\n\t\t\t\t\t\t\t\t\t\t\t\t\t\t<\/a>\n\t\t\t\t\t<\/div>\n\t\t\t\t\t<\/div>\n\t\t\t\t<\/div>\n\t\t<div class=\"elementor-element elementor-element-b439002 e-con-full e-flex e-con e-child\" data-id=\"b439002\" data-element_type=\"container\" data-e-type=\"container\">\n\t\t\t\t<div class=\"elementor-element elementor-element-f23d3e2 elementor-widget elementor-widget-menu-anchor\" data-id=\"f23d3e2\" data-element_type=\"widget\" data-e-type=\"widget\" data-widget_type=\"menu-anchor.default\">\n\t\t\t\t\t\t\t<div class=\"elementor-menu-anchor\" id=\"4\"><\/div>\n\t\t\t\t\t\t<\/div>\n\t\t\t\t<div class=\"elementor-element elementor-element-0c7994d elementor-widget elementor-widget-heading\" data-id=\"0c7994d\" data-element_type=\"widget\" data-e-type=\"widget\" data-widget_type=\"heading.default\">\n\t\t\t\t\t<h2 class=\"elementor-heading-title elementor-size-default\">Sala de Jurats i Justicies<\/h2>\t\t\t\t<\/div>\n\t\t\t\t<div class=\"elementor-element elementor-element-4dfaf51 elementor-widget elementor-widget-text-editor\" data-id=\"4dfaf51\" data-element_type=\"widget\" data-e-type=\"widget\" data-widget_type=\"text-editor.default\">\n\t\t\t\t\t\t\t\t\t<p class=\"p1\">Au cours de la deuxi\u00e8me d\u00e9cennie du XVIIe si\u00e8cle, dans une phase d\u2019expansion urbaine, \u00e9cologique et d\u00e9mographique, le \u00ab Sala de Jurats i Just\u00edcies \u00bb a \u00e9t\u00e9 construit. Sur la corniche du b\u00e2timent, on distingue l\u2019ann\u00e9e 1620, qui marque vraisemblablement la fin des travaux. <\/p><p class=\"p1\">Au cours des si\u00e8cles suivants, le b\u00e2timent a \u00e9t\u00e9 restaur\u00e9 et remani\u00e9 \u00e0 plusieurs reprises. Au d\u00e9but du XXe si\u00e8cle, les arcs de la galerie \u00e0 colonnes ont \u00e9t\u00e9 \u00e0 plusieurs reprises mur\u00e9s puis rouverts, selon la situation politique. <\/p><p class=\"p1\">Le \u00ab Sala de Jurats i Just\u00edcies \u00bb est un exemple important d\u2019architecture civile du XVIIe si\u00e8cle. Orient\u00e9 au sud, le b\u00e2timent est construit en pierre de tuf et pr\u00e9sente un plan rectangulaire. En 1639, un cadran solaire a \u00e9t\u00e9 install\u00e9 en raison de l\u2019emplacement favorable.  <\/p>\t\t\t\t\t\t\t\t<\/div>\n\t\t\t\t<\/div>\n\t\t\t\t\t<\/div>\n\t\t\t\t<\/div>\n\t\t<div class=\"elementor-element elementor-element-e4d5230 e-flex e-con-boxed e-con e-parent\" data-id=\"e4d5230\" data-element_type=\"container\" data-e-type=\"container\" data-settings=\"{&quot;background_background&quot;:&quot;classic&quot;}\">\n\t\t\t\t\t<div class=\"e-con-inner\">\n\t\t<div class=\"elementor-element elementor-element-4a58c54 e-con-full e-flex e-con e-child\" data-id=\"4a58c54\" data-element_type=\"container\" data-e-type=\"container\">\n\t\t\t\t<div class=\"elementor-element elementor-element-18eafee elementor-widget elementor-widget-menu-anchor\" data-id=\"18eafee\" data-element_type=\"widget\" data-e-type=\"widget\" data-widget_type=\"menu-anchor.default\">\n\t\t\t\t\t\t\t<div class=\"elementor-menu-anchor\" id=\"5\"><\/div>\n\t\t\t\t\t\t<\/div>\n\t\t\t\t<div class=\"elementor-element elementor-element-664ae8a elementor-widget elementor-widget-heading\" data-id=\"664ae8a\" data-element_type=\"widget\" data-e-type=\"widget\" data-widget_type=\"heading.default\">\n\t\t\t\t\t<h2 class=\"elementor-heading-title elementor-size-default\">Chapelle de p\u00e8lerinage de la Font Santa\n<\/h2>\t\t\t\t<\/div>\n\t\t\t\t<div class=\"elementor-element elementor-element-b32322e elementor-widget elementor-widget-text-editor\" data-id=\"b32322e\" data-element_type=\"widget\" data-e-type=\"widget\" data-widget_type=\"text-editor.default\">\n\t\t\t\t\t\t\t\t\t<div class=\"elementor-element elementor-element-97869df e-con-full e-flex e-con e-child\" data-id=\"97869df\" data-element_type=\"container\" data-e-type=\"container\" data-settings=\"{\"background_background\":\"classic\"}\"><div class=\"elementor-element elementor-element-6670c83 elementor-widget elementor-widget-text-editor\" data-id=\"6670c83\" data-element_type=\"widget\" data-e-type=\"widget\" data-widget_type=\"text-editor.default\"><div class=\"elementor-widget-container\"><p class=\"p1\">Sur la route de Teulada \u00e0 Moraira se trouve la chapelle de p\u00e8lerinage de la Font Santa, d\u00e9di\u00e9e \u00e0 saint Vincent Ferrier. Outre la chapelle elle-m\u00eame, le b\u00e2timent abrite une petite pi\u00e8ce avec la source qui conf\u00e8re \u00e0 ce lieu sa signification particuli\u00e8re. <\/p><p class=\"p1\">Selon la tradition, saint Vincent Ferrier y accomplit un miracle au XVe si\u00e8cle : \u00e0 la demande de sa s\u0153ur Constan\u00e7a, qui vivait \u00e0 Teulada, il fit jaillir de l\u2019eau d\u2019un rocher. Depuis, la source coule sans interruption \u2013 goutte apr\u00e8s goutte \u2013, que les ann\u00e9es soient s\u00e8ches ou pluvieuses. <\/p><p class=\"p1\">Autour de la chapelle, la f\u00eate traditionnelle de la Font Santa est c\u00e9l\u00e9br\u00e9e chaque ann\u00e9e le premier dimanche de juillet.<\/p><\/div><\/div><\/div><div class=\"elementor-element elementor-element-da09503 e-con-full e-flex e-con e-child\" data-id=\"da09503\" data-element_type=\"container\" data-e-type=\"container\"><div class=\"elementor-element elementor-element-1855a2b e-con-full e-flex e-con e-child\" data-id=\"1855a2b\" data-element_type=\"container\" data-e-type=\"container\"><div class=\"elementor-element elementor-element-62c995e elementor-widget elementor-widget-gallery\" data-id=\"62c995e\" data-element_type=\"widget\" data-e-type=\"widget\" data-settings=\"{\"gallery_layout\":\"justified\",\"ideal_row_height\":{\"unit\":\"px\",\"size\":242,\"sizes\":[]},\"lazyload\":\"yes\",\"ideal_row_height_tablet\":{\"unit\":\"px\",\"size\":150,\"sizes\":[]},\"ideal_row_height_mobile\":{\"unit\":\"px\",\"size\":150,\"sizes\":[]},\"gap\":{\"unit\":\"px\",\"size\":10,\"sizes\":[]},\"gap_tablet\":{\"unit\":\"px\",\"size\":10,\"sizes\":[]},\"gap_mobile\":{\"unit\":\"px\",\"size\":10,\"sizes\":[]},\"link_to\":\"file\",\"overlay_background\":\"yes\",\"content_hover_animation\":\"fade-in\"}\" data-widget_type=\"gallery.default\"><div class=\"elementor-widget-container\"><div class=\"elementor-gallery__container e-gallery-container e-gallery-justified e-gallery--ltr e-gallery--lazyload\"> <\/div><\/div><\/div><\/div><\/div>\t\t\t\t\t\t\t\t<\/div>\n\t\t\t\t<\/div>\n\t\t<div class=\"elementor-element elementor-element-9b98b2d e-con-full e-flex e-con e-child\" data-id=\"9b98b2d\" data-element_type=\"container\" data-e-type=\"container\">\n\t\t\t\t<div class=\"elementor-element elementor-element-32d27a4 elementor-widget elementor-widget-gallery\" data-id=\"32d27a4\" data-element_type=\"widget\" data-e-type=\"widget\" data-settings=\"{&quot;gallery_layout&quot;:&quot;justified&quot;,&quot;lazyload&quot;:&quot;yes&quot;,&quot;ideal_row_height&quot;:{&quot;unit&quot;:&quot;px&quot;,&quot;size&quot;:200,&quot;sizes&quot;:[]},&quot;ideal_row_height_tablet&quot;:{&quot;unit&quot;:&quot;px&quot;,&quot;size&quot;:150,&quot;sizes&quot;:[]},&quot;ideal_row_height_mobile&quot;:{&quot;unit&quot;:&quot;px&quot;,&quot;size&quot;:150,&quot;sizes&quot;:[]},&quot;gap&quot;:{&quot;unit&quot;:&quot;px&quot;,&quot;size&quot;:10,&quot;sizes&quot;:[]},&quot;gap_tablet&quot;:{&quot;unit&quot;:&quot;px&quot;,&quot;size&quot;:10,&quot;sizes&quot;:[]},&quot;gap_mobile&quot;:{&quot;unit&quot;:&quot;px&quot;,&quot;size&quot;:10,&quot;sizes&quot;:[]},&quot;link_to&quot;:&quot;file&quot;,&quot;overlay_background&quot;:&quot;yes&quot;,&quot;content_hover_animation&quot;:&quot;fade-in&quot;}\" data-widget_type=\"gallery.default\">\n\t\t\t\t\t\t\t<div class=\"elementor-gallery__container\">\n\t\t\t\t\t\t\t<a class=\"e-gallery-item elementor-gallery-item elementor-animated-content\" href=\"https:\/\/info-teulada-moraira.com\/wp-content\/uploads\/2026\/04\/IMG_7514.webp\" data-elementor-open-lightbox=\"yes\" data-elementor-lightbox-slideshow=\"32d27a4\" data-elementor-lightbox-title=\"IMG_7514\" data-e-action-hash=\"#elementor-action%3Aaction%3Dlightbox%26settings%3DeyJpZCI6NTgyMDMsInVybCI6Imh0dHBzOlwvXC9pbmZvLXRldWxhZGEtbW9yYWlyYS5jb21cL3dwLWNvbnRlbnRcL3VwbG9hZHNcLzIwMjZcLzA0XC9JTUdfNzUxNC53ZWJwIiwic2xpZGVzaG93IjoiMzJkMjdhNCJ9\">\n\t\t\t\t\t<div class=\"e-gallery-image elementor-gallery-item__image\" data-thumbnail=\"https:\/\/info-teulada-moraira.com\/wp-content\/uploads\/2026\/04\/IMG_7514.webp\" data-width=\"225\" data-height=\"300\" aria-label=\"\" role=\"img\" ><\/div>\n\t\t\t\t\t\t\t\t\t\t\t<div class=\"elementor-gallery-item__overlay\"><\/div>\n\t\t\t\t\t\t\t\t\t\t\t\t\t\t<\/a>\n\t\t\t\t\t\t\t<a class=\"e-gallery-item elementor-gallery-item elementor-animated-content\" href=\"https:\/\/info-teulada-moraira.com\/wp-content\/uploads\/2026\/04\/Font-Santa-1-3.webp\" data-elementor-open-lightbox=\"yes\" data-elementor-lightbox-slideshow=\"32d27a4\" data-elementor-lightbox-title=\"Font-Santa-1-3\" data-e-action-hash=\"#elementor-action%3Aaction%3Dlightbox%26settings%3DeyJpZCI6NTgyMDQsInVybCI6Imh0dHBzOlwvXC9pbmZvLXRldWxhZGEtbW9yYWlyYS5jb21cL3dwLWNvbnRlbnRcL3VwbG9hZHNcLzIwMjZcLzA0XC9Gb250LVNhbnRhLTEtMy53ZWJwIiwic2xpZGVzaG93IjoiMzJkMjdhNCJ9\">\n\t\t\t\t\t<div class=\"e-gallery-image elementor-gallery-item__image\" data-thumbnail=\"https:\/\/info-teulada-moraira.com\/wp-content\/uploads\/2026\/04\/Font-Santa-1-3.webp\" data-width=\"225\" data-height=\"300\" aria-label=\"\" role=\"img\" ><\/div>\n\t\t\t\t\t\t\t\t\t\t\t<div class=\"elementor-gallery-item__overlay\"><\/div>\n\t\t\t\t\t\t\t\t\t\t\t\t\t\t<\/a>\n\t\t\t\t\t\t\t<a class=\"e-gallery-item elementor-gallery-item elementor-animated-content\" href=\"https:\/\/info-teulada-moraira.com\/wp-content\/uploads\/2026\/04\/Font-Santa-1-2-1.webp\" data-elementor-open-lightbox=\"yes\" data-elementor-lightbox-slideshow=\"32d27a4\" data-elementor-lightbox-title=\"Font-Santa-1-2\" data-e-action-hash=\"#elementor-action%3Aaction%3Dlightbox%26settings%3DeyJpZCI6NTgyMDUsInVybCI6Imh0dHBzOlwvXC9pbmZvLXRldWxhZGEtbW9yYWlyYS5jb21cL3dwLWNvbnRlbnRcL3VwbG9hZHNcLzIwMjZcLzA0XC9Gb250LVNhbnRhLTEtMi0xLndlYnAiLCJzbGlkZXNob3ciOiIzMmQyN2E0In0%3D\">\n\t\t\t\t\t<div class=\"e-gallery-image elementor-gallery-item__image\" data-thumbnail=\"https:\/\/info-teulada-moraira.com\/wp-content\/uploads\/2026\/04\/Font-Santa-1-2-1.webp\" data-width=\"300\" data-height=\"225\" aria-label=\"\" role=\"img\" ><\/div>\n\t\t\t\t\t\t\t\t\t\t\t<div class=\"elementor-gallery-item__overlay\"><\/div>\n\t\t\t\t\t\t\t\t\t\t\t\t\t\t<\/a>\n\t\t\t\t\t\t\t<a class=\"e-gallery-item elementor-gallery-item elementor-animated-content\" href=\"https:\/\/info-teulada-moraira.com\/wp-content\/uploads\/2026\/04\/Font-Santa-1-1.webp\" data-elementor-open-lightbox=\"yes\" data-elementor-lightbox-slideshow=\"32d27a4\" data-elementor-lightbox-title=\"Font-Santa-1-1\" data-e-action-hash=\"#elementor-action%3Aaction%3Dlightbox%26settings%3DeyJpZCI6NTgyMDYsInVybCI6Imh0dHBzOlwvXC9pbmZvLXRldWxhZGEtbW9yYWlyYS5jb21cL3dwLWNvbnRlbnRcL3VwbG9hZHNcLzIwMjZcLzA0XC9Gb250LVNhbnRhLTEtMS53ZWJwIiwic2xpZGVzaG93IjoiMzJkMjdhNCJ9\">\n\t\t\t\t\t<div class=\"e-gallery-image elementor-gallery-item__image\" data-thumbnail=\"https:\/\/info-teulada-moraira.com\/wp-content\/uploads\/2026\/04\/Font-Santa-1-1.webp\" data-width=\"195\" data-height=\"300\" aria-label=\"\" role=\"img\" ><\/div>\n\t\t\t\t\t\t\t\t\t\t\t<div class=\"elementor-gallery-item__overlay\"><\/div>\n\t\t\t\t\t\t\t\t\t\t\t\t\t\t<\/a>\n\t\t\t\t\t<\/div>\n\t\t\t\t\t<\/div>\n\t\t\t\t<\/div>\n\t\t\t\t\t<\/div>\n\t\t\t\t<\/div>\n\t\t<div class=\"elementor-element elementor-element-3ac8148 e-flex e-con-boxed e-con e-parent\" data-id=\"3ac8148\" data-element_type=\"container\" data-e-type=\"container\" data-settings=\"{&quot;background_background&quot;:&quot;classic&quot;}\">\n\t\t\t\t\t<div class=\"e-con-inner\">\n\t\t\t\t<div class=\"elementor-element elementor-element-43bf40a elementor-widget-divider--view-line elementor-widget elementor-widget-divider\" data-id=\"43bf40a\" data-element_type=\"widget\" data-e-type=\"widget\" data-widget_type=\"divider.default\">\n\t\t\t\t\t\t\t<div class=\"elementor-divider\">\n\t\t\t<span class=\"elementor-divider-separator\">\n\t\t\t\t\t\t<\/span>\n\t\t<\/div>\n\t\t\t\t\t\t<\/div>\n\t\t\t\t\t<\/div>\n\t\t\t\t<\/div>\n\t\t<div class=\"elementor-element elementor-element-911e09d e-flex e-con-boxed e-con e-parent\" data-id=\"911e09d\" data-element_type=\"container\" data-e-type=\"container\" data-settings=\"{&quot;background_background&quot;:&quot;classic&quot;}\">\n\t\t\t\t\t<div class=\"e-con-inner\">\n\t\t\t\t<div class=\"elementor-element elementor-element-7378a37 elementor-widget elementor-widget-menu-anchor\" data-id=\"7378a37\" data-element_type=\"widget\" data-e-type=\"widget\" data-widget_type=\"menu-anchor.default\">\n\t\t\t\t\t\t\t<div class=\"elementor-menu-anchor\" id=\"6\"><\/div>\n\t\t\t\t\t\t<\/div>\n\t\t\t\t<div class=\"elementor-element elementor-element-66725b3 elementor-widget elementor-widget-heading\" data-id=\"66725b3\" data-element_type=\"widget\" data-e-type=\"widget\" data-widget_type=\"heading.default\">\n\t\t\t\t\t<h2 class=\"elementor-heading-title elementor-size-default\">SITES TOURISTIQUES \u00c0 MORAIRA<\/h2>\t\t\t\t<\/div>\n\t\t\t\t\t<\/div>\n\t\t\t\t<\/div>\n\t\t<div class=\"elementor-element elementor-element-e5c64e5 e-flex e-con-boxed e-con e-parent\" data-id=\"e5c64e5\" data-element_type=\"container\" data-e-type=\"container\" data-settings=\"{&quot;background_background&quot;:&quot;classic&quot;}\">\n\t\t\t\t\t<div class=\"e-con-inner\">\n\t\t<div class=\"elementor-element elementor-element-6d5a8d3 e-con-full e-flex e-con e-child\" data-id=\"6d5a8d3\" data-element_type=\"container\" data-e-type=\"container\">\n\t\t\t\t<div class=\"elementor-element elementor-element-e54609f elementor-widget elementor-widget-gallery\" data-id=\"e54609f\" data-element_type=\"widget\" data-e-type=\"widget\" data-settings=\"{&quot;gallery_layout&quot;:&quot;justified&quot;,&quot;lazyload&quot;:&quot;yes&quot;,&quot;ideal_row_height&quot;:{&quot;unit&quot;:&quot;px&quot;,&quot;size&quot;:200,&quot;sizes&quot;:[]},&quot;ideal_row_height_tablet&quot;:{&quot;unit&quot;:&quot;px&quot;,&quot;size&quot;:150,&quot;sizes&quot;:[]},&quot;ideal_row_height_mobile&quot;:{&quot;unit&quot;:&quot;px&quot;,&quot;size&quot;:150,&quot;sizes&quot;:[]},&quot;gap&quot;:{&quot;unit&quot;:&quot;px&quot;,&quot;size&quot;:10,&quot;sizes&quot;:[]},&quot;gap_tablet&quot;:{&quot;unit&quot;:&quot;px&quot;,&quot;size&quot;:10,&quot;sizes&quot;:[]},&quot;gap_mobile&quot;:{&quot;unit&quot;:&quot;px&quot;,&quot;size&quot;:10,&quot;sizes&quot;:[]},&quot;link_to&quot;:&quot;file&quot;,&quot;overlay_background&quot;:&quot;yes&quot;,&quot;content_hover_animation&quot;:&quot;fade-in&quot;}\" data-widget_type=\"gallery.default\">\n\t\t\t\t\t\t\t<div class=\"elementor-gallery__container\">\n\t\t\t\t\t\t\t<a class=\"e-gallery-item elementor-gallery-item elementor-animated-content\" href=\"https:\/\/info-teulada-moraira.com\/wp-content\/uploads\/2026\/04\/Castell-04.webp\" data-elementor-open-lightbox=\"yes\" data-elementor-lightbox-slideshow=\"e54609f\" data-elementor-lightbox-title=\"Castell-04\" data-e-action-hash=\"#elementor-action%3Aaction%3Dlightbox%26settings%3DeyJpZCI6NTgxMzUsInVybCI6Imh0dHBzOlwvXC9pbmZvLXRldWxhZGEtbW9yYWlyYS5jb21cL3dwLWNvbnRlbnRcL3VwbG9hZHNcLzIwMjZcLzA0XC9DYXN0ZWxsLTA0LndlYnAiLCJzbGlkZXNob3ciOiJlNTQ2MDlmIn0%3D\">\n\t\t\t\t\t<div class=\"e-gallery-image elementor-gallery-item__image\" data-thumbnail=\"https:\/\/info-teulada-moraira.com\/wp-content\/uploads\/2026\/04\/Castell-04.webp\" data-width=\"300\" data-height=\"225\" aria-label=\"\" role=\"img\" ><\/div>\n\t\t\t\t\t\t\t\t\t\t\t<div class=\"elementor-gallery-item__overlay\"><\/div>\n\t\t\t\t\t\t\t\t\t\t\t\t\t\t<\/a>\n\t\t\t\t\t\t\t<a class=\"e-gallery-item elementor-gallery-item elementor-animated-content\" href=\"https:\/\/info-teulada-moraira.com\/wp-content\/uploads\/2026\/04\/Castell-02-1.webp\" data-elementor-open-lightbox=\"yes\" data-elementor-lightbox-slideshow=\"e54609f\" data-elementor-lightbox-title=\"Castell-02-1\" data-e-action-hash=\"#elementor-action%3Aaction%3Dlightbox%26settings%3DeyJpZCI6NTgyMDksInVybCI6Imh0dHBzOlwvXC9pbmZvLXRldWxhZGEtbW9yYWlyYS5jb21cL3dwLWNvbnRlbnRcL3VwbG9hZHNcLzIwMjZcLzA0XC9DYXN0ZWxsLTAyLTEud2VicCIsInNsaWRlc2hvdyI6ImU1NDYwOWYifQ%3D%3D\">\n\t\t\t\t\t<div class=\"e-gallery-image elementor-gallery-item__image\" data-thumbnail=\"https:\/\/info-teulada-moraira.com\/wp-content\/uploads\/2026\/04\/Castell-02-1.webp\" data-width=\"300\" data-height=\"225\" aria-label=\"\" role=\"img\" ><\/div>\n\t\t\t\t\t\t\t\t\t\t\t<div class=\"elementor-gallery-item__overlay\"><\/div>\n\t\t\t\t\t\t\t\t\t\t\t\t\t\t<\/a>\n\t\t\t\t\t\t\t<a class=\"e-gallery-item elementor-gallery-item elementor-animated-content\" href=\"https:\/\/info-teulada-moraira.com\/wp-content\/uploads\/2026\/04\/Castell-01.webp\" data-elementor-open-lightbox=\"yes\" data-elementor-lightbox-slideshow=\"e54609f\" data-elementor-lightbox-title=\"Castell-01\" data-e-action-hash=\"#elementor-action%3Aaction%3Dlightbox%26settings%3DeyJpZCI6NTgyMDgsInVybCI6Imh0dHBzOlwvXC9pbmZvLXRldWxhZGEtbW9yYWlyYS5jb21cL3dwLWNvbnRlbnRcL3VwbG9hZHNcLzIwMjZcLzA0XC9DYXN0ZWxsLTAxLndlYnAiLCJzbGlkZXNob3ciOiJlNTQ2MDlmIn0%3D\">\n\t\t\t\t\t<div class=\"e-gallery-image elementor-gallery-item__image\" data-thumbnail=\"https:\/\/info-teulada-moraira.com\/wp-content\/uploads\/2026\/04\/Castell-01.webp\" data-width=\"300\" data-height=\"225\" aria-label=\"\" role=\"img\" ><\/div>\n\t\t\t\t\t\t\t\t\t\t\t<div class=\"elementor-gallery-item__overlay\"><\/div>\n\t\t\t\t\t\t\t\t\t\t\t\t\t\t<\/a>\n\t\t\t\t\t\t\t<a class=\"e-gallery-item elementor-gallery-item elementor-animated-content\" href=\"https:\/\/info-teulada-moraira.com\/wp-content\/uploads\/2026\/04\/Castell-05.webp\" data-elementor-open-lightbox=\"yes\" data-elementor-lightbox-slideshow=\"e54609f\" data-elementor-lightbox-title=\"Castell-05\" data-e-action-hash=\"#elementor-action%3Aaction%3Dlightbox%26settings%3DeyJpZCI6NTgyMTAsInVybCI6Imh0dHBzOlwvXC9pbmZvLXRldWxhZGEtbW9yYWlyYS5jb21cL3dwLWNvbnRlbnRcL3VwbG9hZHNcLzIwMjZcLzA0XC9DYXN0ZWxsLTA1LndlYnAiLCJzbGlkZXNob3ciOiJlNTQ2MDlmIn0%3D\">\n\t\t\t\t\t<div class=\"e-gallery-image elementor-gallery-item__image\" data-thumbnail=\"https:\/\/info-teulada-moraira.com\/wp-content\/uploads\/2026\/04\/Castell-05.webp\" data-width=\"300\" data-height=\"225\" aria-label=\"\" role=\"img\" ><\/div>\n\t\t\t\t\t\t\t\t\t\t\t<div class=\"elementor-gallery-item__overlay\"><\/div>\n\t\t\t\t\t\t\t\t\t\t\t\t\t\t<\/a>\n\t\t\t\t\t\t\t<a class=\"e-gallery-item elementor-gallery-item elementor-animated-content\" href=\"https:\/\/info-teulada-moraira.com\/wp-content\/uploads\/2026\/04\/Castell-00.webp\" data-elementor-open-lightbox=\"yes\" data-elementor-lightbox-slideshow=\"e54609f\" data-elementor-lightbox-title=\"Castell-00\" data-e-action-hash=\"#elementor-action%3Aaction%3Dlightbox%26settings%3DeyJpZCI6NTgyMDcsInVybCI6Imh0dHBzOlwvXC9pbmZvLXRldWxhZGEtbW9yYWlyYS5jb21cL3dwLWNvbnRlbnRcL3VwbG9hZHNcLzIwMjZcLzA0XC9DYXN0ZWxsLTAwLndlYnAiLCJzbGlkZXNob3ciOiJlNTQ2MDlmIn0%3D\">\n\t\t\t\t\t<div class=\"e-gallery-image elementor-gallery-item__image\" data-thumbnail=\"https:\/\/info-teulada-moraira.com\/wp-content\/uploads\/2026\/04\/Castell-00.webp\" data-width=\"300\" data-height=\"225\" aria-label=\"\" role=\"img\" ><\/div>\n\t\t\t\t\t\t\t\t\t\t\t<div class=\"elementor-gallery-item__overlay\"><\/div>\n\t\t\t\t\t\t\t\t\t\t\t\t\t\t<\/a>\n\t\t\t\t\t<\/div>\n\t\t\t\t\t<\/div>\n\t\t\t\t<\/div>\n\t\t<div class=\"elementor-element elementor-element-f12ac68 e-con-full e-flex e-con e-child\" data-id=\"f12ac68\" data-element_type=\"container\" data-e-type=\"container\">\n\t\t\t\t<div class=\"elementor-element elementor-element-e1e3004 elementor-widget elementor-widget-heading\" data-id=\"e1e3004\" data-element_type=\"widget\" data-e-type=\"widget\" data-widget_type=\"heading.default\">\n\t\t\t\t\t<h2 class=\"elementor-heading-title elementor-size-default\">Le Castillo de Moraira\n<\/h2>\t\t\t\t<\/div>\n\t\t\t\t<div class=\"elementor-element elementor-element-24da853 elementor-widget elementor-widget-text-editor\" data-id=\"24da853\" data-element_type=\"widget\" data-e-type=\"widget\" data-widget_type=\"text-editor.default\">\n\t\t\t\t\t\t\t\t\t<div class=\"elementor-element elementor-element-97869df e-con-full e-flex e-con e-child\" data-id=\"97869df\" data-element_type=\"container\" data-e-type=\"container\" data-settings=\"{\"background_background\":\"classic\"}\"><div class=\"elementor-element elementor-element-6670c83 elementor-widget elementor-widget-text-editor\" data-id=\"6670c83\" data-element_type=\"widget\" data-e-type=\"widget\" data-widget_type=\"text-editor.default\"><div class=\"elementor-widget-container\"><p class=\"p1\">La forteresse, situ\u00e9e sur un promontoire rocheux sur la plage de l\u2019Ampolla, a \u00e9t\u00e9 construite au XVIIIe si\u00e8cle. Au-dessus du portail d\u2019entr\u00e9e figure les armoiries royales des Bourbons, dat\u00e9es de 1742, qui marquent vraisemblablement l\u2019ach\u00e8vement des travaux. Le Castell servait \u00e0 se prot\u00e9ger des attaques des pirates barbaresques.  <\/p><p class=\"p1\">Le plan inhabituel est appel\u00e9 <i>\u00ab pezu\u00f1a de buey \u00bb<\/i> (sabot de b\u0153uf). Il se caract\u00e9rise par une fa\u00e7ade sud semi-circulaire et une fa\u00e7ade nord droite, par laquelle s\u2019effectue l\u2019acc\u00e8s \u00e0 l\u2019int\u00e9rieur. Le b\u00e2timent est divis\u00e9 en trois ailes et s\u2019\u00e9tend sur deux \u00e9tages. Avec une hauteur d\u2019environ 10 m, la forteresse disposait d\u2019un rempart dot\u00e9 de sept meurtri\u00e8res, d\u2019o\u00f9 \u00e9taient positionn\u00e9s des canons.   <\/p><p class=\"p1\">Au d\u00e9but des ann\u00e9es 1980, l\u2019\u00e9difice a \u00e9t\u00e9 enti\u00e8rement restaur\u00e9.<\/p><\/div><\/div><\/div>\t\t\t\t\t\t\t\t<\/div>\n\t\t\t\t<\/div>\n\t\t\t\t\t<\/div>\n\t\t\t\t<\/div>\n\t\t<div class=\"elementor-element elementor-element-96d1462 e-flex e-con-boxed e-con e-parent\" data-id=\"96d1462\" data-element_type=\"container\" data-e-type=\"container\" data-settings=\"{&quot;background_background&quot;:&quot;classic&quot;}\">\n\t\t\t\t\t<div class=\"e-con-inner\">\n\t\t<div class=\"elementor-element elementor-element-23eae0d e-con-full e-flex e-con e-child\" data-id=\"23eae0d\" data-element_type=\"container\" data-e-type=\"container\">\n\t\t\t\t<div class=\"elementor-element elementor-element-62aba0f elementor-widget elementor-widget-menu-anchor\" data-id=\"62aba0f\" data-element_type=\"widget\" data-e-type=\"widget\" data-widget_type=\"menu-anchor.default\">\n\t\t\t\t\t\t\t<div class=\"elementor-menu-anchor\" id=\"7\"><\/div>\n\t\t\t\t\t\t<\/div>\n\t\t\t\t<div class=\"elementor-element elementor-element-86f0b16 elementor-widget elementor-widget-heading\" data-id=\"86f0b16\" data-element_type=\"widget\" data-e-type=\"widget\" data-widget_type=\"heading.default\">\n\t\t\t\t\t<h2 class=\"elementor-heading-title elementor-size-default\">\u00c9glise paroissiale \u00ab Mare de D\u00e9u dels Desemparats \u00bb\n\n<\/h2>\t\t\t\t<\/div>\n\t\t\t\t<div class=\"elementor-element elementor-element-0c2fbea elementor-widget elementor-widget-text-editor\" data-id=\"0c2fbea\" data-element_type=\"widget\" data-e-type=\"widget\" data-widget_type=\"text-editor.default\">\n\t\t\t\t\t\t\t\t\t<div class=\"elementor-element elementor-element-97869df e-con-full e-flex e-con e-child\" data-id=\"97869df\" data-element_type=\"container\" data-e-type=\"container\" data-settings=\"{\"background_background\":\"classic\"}\"><div class=\"elementor-element elementor-element-6670c83 elementor-widget elementor-widget-text-editor\" data-id=\"6670c83\" data-element_type=\"widget\" data-e-type=\"widget\" data-widget_type=\"text-editor.default\"><div class=\"elementor-widget-container\"><p class=\"p1\">L\u2019\u00e9glise a probablement \u00e9t\u00e9 construite entre 1875 et 1878 dans le centre de Moraira.<\/p><p class=\"p1\">L\u2019\u00e9glise paroissiale pr\u00e9sente un plan rectangulaire et est divis\u00e9e par des piliers en trois nefs, la nef centrale \u00e9tant presque deux fois plus grande que les deux nefs lat\u00e9rales. En 1981, le b\u00e2timent a \u00e9t\u00e9 agrandi : la nef a \u00e9t\u00e9 prolong\u00e9e et compl\u00e9t\u00e9e par quatre arcs dans le style des \u00ab Riuraus \u00bb traditionnels, ferm\u00e9s par des baies vitr\u00e9es. Le nouveau clocher rectangulaire est \u00e9quip\u00e9 de deux cloches.  <\/p><p class=\"p1\">L\u2019int\u00e9rieur de l\u2019\u00e9glise est sobre. On y trouve une effigie de la sainte patronne, la Vierge des D\u00e9sempar\u00e9s, ainsi qu\u2019une mosa\u00efque ornant le ma\u00eetre-autel. Une autre mosa\u00efque repr\u00e9sente le Christ crucifi\u00e9. Les deux \u0153uvres sont de l\u2019artiste Ros Mart\u00ed.   <\/p><\/div><\/div><\/div>\t\t\t\t\t\t\t\t<\/div>\n\t\t\t\t<\/div>\n\t\t<div class=\"elementor-element elementor-element-d8f44df e-con-full e-flex e-con e-child\" data-id=\"d8f44df\" data-element_type=\"container\" data-e-type=\"container\">\n\t\t\t\t<div class=\"elementor-element elementor-element-e68c683 elementor-widget elementor-widget-gallery\" data-id=\"e68c683\" data-element_type=\"widget\" data-e-type=\"widget\" data-settings=\"{&quot;gallery_layout&quot;:&quot;justified&quot;,&quot;lazyload&quot;:&quot;yes&quot;,&quot;ideal_row_height&quot;:{&quot;unit&quot;:&quot;px&quot;,&quot;size&quot;:200,&quot;sizes&quot;:[]},&quot;ideal_row_height_tablet&quot;:{&quot;unit&quot;:&quot;px&quot;,&quot;size&quot;:150,&quot;sizes&quot;:[]},&quot;ideal_row_height_mobile&quot;:{&quot;unit&quot;:&quot;px&quot;,&quot;size&quot;:150,&quot;sizes&quot;:[]},&quot;gap&quot;:{&quot;unit&quot;:&quot;px&quot;,&quot;size&quot;:10,&quot;sizes&quot;:[]},&quot;gap_tablet&quot;:{&quot;unit&quot;:&quot;px&quot;,&quot;size&quot;:10,&quot;sizes&quot;:[]},&quot;gap_mobile&quot;:{&quot;unit&quot;:&quot;px&quot;,&quot;size&quot;:10,&quot;sizes&quot;:[]},&quot;link_to&quot;:&quot;file&quot;,&quot;overlay_background&quot;:&quot;yes&quot;,&quot;content_hover_animation&quot;:&quot;fade-in&quot;}\" data-widget_type=\"gallery.default\">\n\t\t\t\t\t\t\t<div class=\"elementor-gallery__container\">\n\t\t\t\t\t\t\t<a class=\"e-gallery-item elementor-gallery-item elementor-animated-content\" href=\"https:\/\/info-teulada-moraira.com\/wp-content\/uploads\/2026\/04\/IMG_6935-1.webp\" data-elementor-open-lightbox=\"yes\" data-elementor-lightbox-slideshow=\"e68c683\" data-elementor-lightbox-title=\"IMG_6935\" data-e-action-hash=\"#elementor-action%3Aaction%3Dlightbox%26settings%3DeyJpZCI6NTgyMTEsInVybCI6Imh0dHBzOlwvXC9pbmZvLXRldWxhZGEtbW9yYWlyYS5jb21cL3dwLWNvbnRlbnRcL3VwbG9hZHNcLzIwMjZcLzA0XC9JTUdfNjkzNS0xLndlYnAiLCJzbGlkZXNob3ciOiJlNjhjNjgzIn0%3D\">\n\t\t\t\t\t<div class=\"e-gallery-image elementor-gallery-item__image\" data-thumbnail=\"https:\/\/info-teulada-moraira.com\/wp-content\/uploads\/2026\/04\/IMG_6935-1.webp\" data-width=\"253\" data-height=\"300\" aria-label=\"\" role=\"img\" ><\/div>\n\t\t\t\t\t\t\t\t\t\t\t<div class=\"elementor-gallery-item__overlay\"><\/div>\n\t\t\t\t\t\t\t\t\t\t\t\t\t\t<\/a>\n\t\t\t\t\t\t\t<a class=\"e-gallery-item elementor-gallery-item elementor-animated-content\" href=\"https:\/\/info-teulada-moraira.com\/wp-content\/uploads\/2026\/04\/Pfarrkirche-Mare-de-Deu-03-1-scaled-1.webp\" data-elementor-open-lightbox=\"yes\" data-elementor-lightbox-slideshow=\"e68c683\" data-elementor-lightbox-title=\"Pfarrkirche-Mare-de-Deu-03-1-scaled\" data-e-action-hash=\"#elementor-action%3Aaction%3Dlightbox%26settings%3DeyJpZCI6NTgyMTIsInVybCI6Imh0dHBzOlwvXC9pbmZvLXRldWxhZGEtbW9yYWlyYS5jb21cL3dwLWNvbnRlbnRcL3VwbG9hZHNcLzIwMjZcLzA0XC9QZmFycmtpcmNoZS1NYXJlLWRlLURldS0wMy0xLXNjYWxlZC0xLndlYnAiLCJzbGlkZXNob3ciOiJlNjhjNjgzIn0%3D\">\n\t\t\t\t\t<div class=\"e-gallery-image elementor-gallery-item__image\" data-thumbnail=\"https:\/\/info-teulada-moraira.com\/wp-content\/uploads\/2026\/04\/Pfarrkirche-Mare-de-Deu-03-1-scaled-1.webp\" data-width=\"300\" data-height=\"225\" aria-label=\"\" role=\"img\" ><\/div>\n\t\t\t\t\t\t\t\t\t\t\t<div class=\"elementor-gallery-item__overlay\"><\/div>\n\t\t\t\t\t\t\t\t\t\t\t\t\t\t<\/a>\n\t\t\t\t\t\t\t<a class=\"e-gallery-item elementor-gallery-item elementor-animated-content\" href=\"https:\/\/info-teulada-moraira.com\/wp-content\/uploads\/2026\/04\/Pfarrkirche-Mare-de-Deu-02-scaled-1.webp\" data-elementor-open-lightbox=\"yes\" data-elementor-lightbox-slideshow=\"e68c683\" data-elementor-lightbox-title=\"Pfarrkirche-Mare-de-Deu-02-scaled\" data-e-action-hash=\"#elementor-action%3Aaction%3Dlightbox%26settings%3DeyJpZCI6NTgyMTMsInVybCI6Imh0dHBzOlwvXC9pbmZvLXRldWxhZGEtbW9yYWlyYS5jb21cL3dwLWNvbnRlbnRcL3VwbG9hZHNcLzIwMjZcLzA0XC9QZmFycmtpcmNoZS1NYXJlLWRlLURldS0wMi1zY2FsZWQtMS53ZWJwIiwic2xpZGVzaG93IjoiZTY4YzY4MyJ9\">\n\t\t\t\t\t<div class=\"e-gallery-image elementor-gallery-item__image\" data-thumbnail=\"https:\/\/info-teulada-moraira.com\/wp-content\/uploads\/2026\/04\/Pfarrkirche-Mare-de-Deu-02-scaled-1.webp\" data-width=\"300\" data-height=\"225\" aria-label=\"\" role=\"img\" ><\/div>\n\t\t\t\t\t\t\t\t\t\t\t<div class=\"elementor-gallery-item__overlay\"><\/div>\n\t\t\t\t\t\t\t\t\t\t\t\t\t\t<\/a>\n\t\t\t\t\t<\/div>\n\t\t\t\t\t<\/div>\n\t\t\t\t<\/div>\n\t\t\t\t\t<\/div>\n\t\t\t\t<\/div>\n\t\t<div class=\"elementor-element elementor-element-a3e61e5 e-flex e-con-boxed e-con e-parent\" data-id=\"a3e61e5\" data-element_type=\"container\" data-e-type=\"container\" data-settings=\"{&quot;background_background&quot;:&quot;classic&quot;}\">\n\t\t\t\t\t<div class=\"e-con-inner\">\n\t\t<div class=\"elementor-element elementor-element-1e4bcf1 e-con-full e-flex e-con e-child\" data-id=\"1e4bcf1\" data-element_type=\"container\" data-e-type=\"container\">\n\t\t\t\t<div class=\"elementor-element elementor-element-a8deabb elementor-widget elementor-widget-gallery\" data-id=\"a8deabb\" data-element_type=\"widget\" data-e-type=\"widget\" data-settings=\"{&quot;gallery_layout&quot;:&quot;justified&quot;,&quot;lazyload&quot;:&quot;yes&quot;,&quot;ideal_row_height&quot;:{&quot;unit&quot;:&quot;px&quot;,&quot;size&quot;:200,&quot;sizes&quot;:[]},&quot;ideal_row_height_tablet&quot;:{&quot;unit&quot;:&quot;px&quot;,&quot;size&quot;:150,&quot;sizes&quot;:[]},&quot;ideal_row_height_mobile&quot;:{&quot;unit&quot;:&quot;px&quot;,&quot;size&quot;:150,&quot;sizes&quot;:[]},&quot;gap&quot;:{&quot;unit&quot;:&quot;px&quot;,&quot;size&quot;:10,&quot;sizes&quot;:[]},&quot;gap_tablet&quot;:{&quot;unit&quot;:&quot;px&quot;,&quot;size&quot;:10,&quot;sizes&quot;:[]},&quot;gap_mobile&quot;:{&quot;unit&quot;:&quot;px&quot;,&quot;size&quot;:10,&quot;sizes&quot;:[]},&quot;link_to&quot;:&quot;file&quot;,&quot;overlay_background&quot;:&quot;yes&quot;,&quot;content_hover_animation&quot;:&quot;fade-in&quot;}\" data-widget_type=\"gallery.default\">\n\t\t\t\t\t\t\t<div class=\"elementor-gallery__container\">\n\t\t\t\t\t\t\t<a class=\"e-gallery-item elementor-gallery-item elementor-animated-content\" href=\"https:\/\/info-teulada-moraira.com\/wp-content\/uploads\/2026\/04\/IMG_0585-1.webp\" data-elementor-open-lightbox=\"yes\" data-elementor-lightbox-slideshow=\"a8deabb\" data-elementor-lightbox-title=\"IMG_0585\" data-e-action-hash=\"#elementor-action%3Aaction%3Dlightbox%26settings%3DeyJpZCI6NTgyMTgsInVybCI6Imh0dHBzOlwvXC9pbmZvLXRldWxhZGEtbW9yYWlyYS5jb21cL3dwLWNvbnRlbnRcL3VwbG9hZHNcLzIwMjZcLzA0XC9JTUdfMDU4NS0xLndlYnAiLCJzbGlkZXNob3ciOiJhOGRlYWJiIn0%3D\">\n\t\t\t\t\t<div class=\"e-gallery-image elementor-gallery-item__image\" data-thumbnail=\"https:\/\/info-teulada-moraira.com\/wp-content\/uploads\/2026\/04\/IMG_0585-1.webp\" data-width=\"225\" data-height=\"300\" aria-label=\"\" role=\"img\" ><\/div>\n\t\t\t\t\t\t\t\t\t\t\t<div class=\"elementor-gallery-item__overlay\"><\/div>\n\t\t\t\t\t\t\t\t\t\t\t\t\t\t<\/a>\n\t\t\t\t\t\t\t<a class=\"e-gallery-item elementor-gallery-item elementor-animated-content\" href=\"https:\/\/info-teulada-moraira.com\/wp-content\/uploads\/2026\/04\/IMG_0767.webp\" data-elementor-open-lightbox=\"yes\" data-elementor-lightbox-slideshow=\"a8deabb\" data-elementor-lightbox-title=\"IMG_0767\" data-e-action-hash=\"#elementor-action%3Aaction%3Dlightbox%26settings%3DeyJpZCI6NTgyMTQsInVybCI6Imh0dHBzOlwvXC9pbmZvLXRldWxhZGEtbW9yYWlyYS5jb21cL3dwLWNvbnRlbnRcL3VwbG9hZHNcLzIwMjZcLzA0XC9JTUdfMDc2Ny53ZWJwIiwic2xpZGVzaG93IjoiYThkZWFiYiJ9\">\n\t\t\t\t\t<div class=\"e-gallery-image elementor-gallery-item__image\" data-thumbnail=\"https:\/\/info-teulada-moraira.com\/wp-content\/uploads\/2026\/04\/IMG_0767.webp\" data-width=\"300\" data-height=\"225\" aria-label=\"\" role=\"img\" ><\/div>\n\t\t\t\t\t\t\t\t\t\t\t<div class=\"elementor-gallery-item__overlay\"><\/div>\n\t\t\t\t\t\t\t\t\t\t\t\t\t\t<\/a>\n\t\t\t\t\t\t\t<a class=\"e-gallery-item elementor-gallery-item elementor-animated-content\" href=\"https:\/\/info-teulada-moraira.com\/wp-content\/uploads\/2026\/04\/IMG_0774.webp\" data-elementor-open-lightbox=\"yes\" data-elementor-lightbox-slideshow=\"a8deabb\" data-elementor-lightbox-title=\"IMG_0774\" data-e-action-hash=\"#elementor-action%3Aaction%3Dlightbox%26settings%3DeyJpZCI6NTgyMTUsInVybCI6Imh0dHBzOlwvXC9pbmZvLXRldWxhZGEtbW9yYWlyYS5jb21cL3dwLWNvbnRlbnRcL3VwbG9hZHNcLzIwMjZcLzA0XC9JTUdfMDc3NC53ZWJwIiwic2xpZGVzaG93IjoiYThkZWFiYiJ9\">\n\t\t\t\t\t<div class=\"e-gallery-image elementor-gallery-item__image\" data-thumbnail=\"https:\/\/info-teulada-moraira.com\/wp-content\/uploads\/2026\/04\/IMG_0774.webp\" data-width=\"300\" data-height=\"225\" aria-label=\"\" role=\"img\" ><\/div>\n\t\t\t\t\t\t\t\t\t\t\t<div class=\"elementor-gallery-item__overlay\"><\/div>\n\t\t\t\t\t\t\t\t\t\t\t\t\t\t<\/a>\n\t\t\t\t\t\t\t<a class=\"e-gallery-item elementor-gallery-item elementor-animated-content\" href=\"https:\/\/info-teulada-moraira.com\/wp-content\/uploads\/2026\/04\/IMG_0814.webp\" data-elementor-open-lightbox=\"yes\" data-elementor-lightbox-slideshow=\"a8deabb\" data-elementor-lightbox-title=\"IMG_0814\" data-e-action-hash=\"#elementor-action%3Aaction%3Dlightbox%26settings%3DeyJpZCI6NTgyMTYsInVybCI6Imh0dHBzOlwvXC9pbmZvLXRldWxhZGEtbW9yYWlyYS5jb21cL3dwLWNvbnRlbnRcL3VwbG9hZHNcLzIwMjZcLzA0XC9JTUdfMDgxNC53ZWJwIiwic2xpZGVzaG93IjoiYThkZWFiYiJ9\">\n\t\t\t\t\t<div class=\"e-gallery-image elementor-gallery-item__image\" data-thumbnail=\"https:\/\/info-teulada-moraira.com\/wp-content\/uploads\/2026\/04\/IMG_0814.webp\" data-width=\"300\" data-height=\"225\" aria-label=\"\" role=\"img\" ><\/div>\n\t\t\t\t\t\t\t\t\t\t\t<div class=\"elementor-gallery-item__overlay\"><\/div>\n\t\t\t\t\t\t\t\t\t\t\t\t\t\t<\/a>\n\t\t\t\t\t\t\t<a class=\"e-gallery-item elementor-gallery-item elementor-animated-content\" href=\"https:\/\/info-teulada-moraira.com\/wp-content\/uploads\/2026\/04\/IMG_0761.webp\" data-elementor-open-lightbox=\"yes\" data-elementor-lightbox-slideshow=\"a8deabb\" data-elementor-lightbox-title=\"IMG_0761\" data-e-action-hash=\"#elementor-action%3Aaction%3Dlightbox%26settings%3DeyJpZCI6NTgyMTksInVybCI6Imh0dHBzOlwvXC9pbmZvLXRldWxhZGEtbW9yYWlyYS5jb21cL3dwLWNvbnRlbnRcL3VwbG9hZHNcLzIwMjZcLzA0XC9JTUdfMDc2MS53ZWJwIiwic2xpZGVzaG93IjoiYThkZWFiYiJ9\">\n\t\t\t\t\t<div class=\"e-gallery-image elementor-gallery-item__image\" data-thumbnail=\"https:\/\/info-teulada-moraira.com\/wp-content\/uploads\/2026\/04\/IMG_0761.webp\" data-width=\"225\" data-height=\"300\" aria-label=\"\" role=\"img\" ><\/div>\n\t\t\t\t\t\t\t\t\t\t\t<div class=\"elementor-gallery-item__overlay\"><\/div>\n\t\t\t\t\t\t\t\t\t\t\t\t\t\t<\/a>\n\t\t\t\t\t\t\t<a class=\"e-gallery-item elementor-gallery-item elementor-animated-content\" href=\"https:\/\/info-teulada-moraira.com\/wp-content\/uploads\/2026\/04\/IMG_0586.webp\" data-elementor-open-lightbox=\"yes\" data-elementor-lightbox-slideshow=\"a8deabb\" data-elementor-lightbox-title=\"IMG_0586\" data-e-action-hash=\"#elementor-action%3Aaction%3Dlightbox%26settings%3DeyJpZCI6NTgyMjAsInVybCI6Imh0dHBzOlwvXC9pbmZvLXRldWxhZGEtbW9yYWlyYS5jb21cL3dwLWNvbnRlbnRcL3VwbG9hZHNcLzIwMjZcLzA0XC9JTUdfMDU4Ni53ZWJwIiwic2xpZGVzaG93IjoiYThkZWFiYiJ9\">\n\t\t\t\t\t<div class=\"e-gallery-image elementor-gallery-item__image\" data-thumbnail=\"https:\/\/info-teulada-moraira.com\/wp-content\/uploads\/2026\/04\/IMG_0586.webp\" data-width=\"225\" data-height=\"300\" aria-label=\"\" role=\"img\" ><\/div>\n\t\t\t\t\t\t\t\t\t\t\t<div class=\"elementor-gallery-item__overlay\"><\/div>\n\t\t\t\t\t\t\t\t\t\t\t\t\t\t<\/a>\n\t\t\t\t\t<\/div>\n\t\t\t\t\t<\/div>\n\t\t\t\t<\/div>\n\t\t<div class=\"elementor-element elementor-element-e03fb2a e-con-full e-flex e-con e-child\" data-id=\"e03fb2a\" data-element_type=\"container\" data-e-type=\"container\">\n\t\t\t\t<div class=\"elementor-element elementor-element-150d56d elementor-widget elementor-widget-menu-anchor\" data-id=\"150d56d\" data-element_type=\"widget\" data-e-type=\"widget\" data-widget_type=\"menu-anchor.default\">\n\t\t\t\t\t\t\t<div class=\"elementor-menu-anchor\" id=\"8\"><\/div>\n\t\t\t\t\t\t<\/div>\n\t\t\t\t<div class=\"elementor-element elementor-element-cbeb162 elementor-widget elementor-widget-heading\" data-id=\"cbeb162\" data-element_type=\"widget\" data-e-type=\"widget\" data-widget_type=\"heading.default\">\n\t\t\t\t\t<h2 class=\"elementor-heading-title elementor-size-default\">Tour de guet du Cap d\u2019Or\n\n\n<\/h2>\t\t\t\t<\/div>\n\t\t\t\t<div class=\"elementor-element elementor-element-50c825c elementor-widget elementor-widget-text-editor\" data-id=\"50c825c\" data-element_type=\"widget\" data-e-type=\"widget\" data-widget_type=\"text-editor.default\">\n\t\t\t\t\t\t\t\t\t<div class=\"elementor-element elementor-element-97869df e-con-full e-flex e-con e-child\" data-id=\"97869df\" data-element_type=\"container\" data-e-type=\"container\" data-settings=\"{\"background_background\":\"classic\"}\"><div class=\"elementor-element elementor-element-6670c83 elementor-widget elementor-widget-text-editor\" data-id=\"6670c83\" data-element_type=\"widget\" data-e-type=\"widget\" data-widget_type=\"text-editor.default\"><div class=\"elementor-widget-container\"><p class=\"p1\">La Torre del Cap d\u2019Or s\u2019\u00e9l\u00e8ve au point culminant du cap, pr\u00e8s des falaises. La tour a un plan circulaire avec une circonf\u00e9rence de 26 m et atteint une hauteur d\u2019environ 11 m. Elle ne dispose pas d\u2019entr\u00e9e au niveau du sol et est construite en massif jusqu\u2019\u00e0 mi-hauteur. L\u2019acc\u00e8s se faisait au moyen d\u2019une \u00e9chelle de corde descendue depuis le haut.   <\/p><p class=\"p1\">Pour la d\u00e9fense du port de Moraira, la tour \u00e9tait \u00e9quip\u00e9e de deux canons. Elle fait partie d\u2019un syst\u00e8me de surveillance que l\u2019ing\u00e9nieur Antonelli recommanda au roi Felipe II afin d\u2019alerter et de prot\u00e9ger la population \u00e0 temps contre les attaques des pirates barbaresques. <\/p><p class=\"p1\">\u00c0 environ 126 m au sud-est de la tour se trouve une citerne de collecte au plan rectangulaire, qui servait \u00e0 l\u2019approvisionnement en eau des soldats en poste.<\/p><\/div><\/div><\/div>\t\t\t\t\t\t\t\t<\/div>\n\t\t\t\t<\/div>\n\t\t\t\t\t<\/div>\n\t\t\t\t<\/div>\n\t\t\t\t<\/div>\n\t\t","protected":false},"excerpt":{"rendered":"<p>Home Sites touristiques de Teulada &amp; Moraira Teulada Moraira allie le charme d\u2019un village espagnol traditionnel \u00e0 l\u2019art de vivre d\u00e9tendu de la Costa Blanca. Rues historiques, plages pittoresques et panoramas impressionnants font de la r\u00e9gion un lieu particulier, aussi bien pour les visiteurs que pour les habitants. La vieille ville de Teulada s\u00e9duit par [&hellip;]<\/p>\n","protected":false},"author":1,"featured_media":0,"parent":57820,"menu_order":0,"comment_status":"closed","ping_status":"closed","template":"elementor_header_footer","meta":{"_uag_custom_page_level_css":"","_monsterinsights_skip_tracking":false,"footnotes":""},"class_list":["post-58168","page","type-page","status-publish","hentry"],"aioseo_notices":[],"aioseo_head":"\n\t\t<!-- All in One SEO 5.0.1.1 - aioseo.com -->\n\t<meta name=\"description\" content=\"AccueilVieille ville &amp; culture Vieille ville &amp; culture Sites touristiques de Teulada &amp; Moraira Teulada Moraira allie le charme d\u2019un village espagnol traditionnel \u00e0 l\u2019art de vivre d\u00e9tendu de la Costa Blanca. Rues historiques, plages pittoresques et panoramas impressionnants font de la r\u00e9gion un lieu particulier, aussi bien pour les visiteurs que pour les habitants.\" \/>\n\t<meta name=\"robots\" content=\"max-image-preview:large\" \/>\n\t<link rel=\"canonical\" href=\"https:\/\/info-teulada-moraira.com\/fr\/informations-sur-la-ville\/culture-vie-urbaine\/vieille-ville-culture\/\" \/>\n\t<meta name=\"generator\" content=\"All in One SEO (AIOSEO) 5.0.1.1\" \/>\n\t\t<meta property=\"og:locale\" content=\"fr_FR\" \/>\n\t\t<meta property=\"og:site_name\" content=\"Info Teulada Moraira -\" \/>\n\t\t<meta property=\"og:type\" content=\"article\" \/>\n\t\t<meta property=\"og:title\" content=\"Vieille ville &amp; culture - Info Teulada Moraira\" \/>\n\t\t<meta property=\"og:description\" content=\"AccueilVieille ville &amp; culture Vieille ville &amp; culture Sites touristiques de Teulada &amp; Moraira Teulada Moraira allie le charme d\u2019un village espagnol traditionnel \u00e0 l\u2019art de vivre d\u00e9tendu de la Costa Blanca. Rues historiques, plages pittoresques et panoramas impressionnants font de la r\u00e9gion un lieu particulier, aussi bien pour les visiteurs que pour les habitants.\" \/>\n\t\t<meta property=\"og:url\" content=\"https:\/\/info-teulada-moraira.com\/fr\/informations-sur-la-ville\/culture-vie-urbaine\/vieille-ville-culture\/\" \/>\n\t\t<meta property=\"article:published_time\" content=\"2026-03-31T15:19:44+00:00\" \/>\n\t\t<meta property=\"article:modified_time\" content=\"2026-04-21T17:12:22+00:00\" \/>\n\t\t<meta name=\"twitter:card\" content=\"summary_large_image\" \/>\n\t\t<meta name=\"twitter:title\" content=\"Vieille ville &amp; culture - Info Teulada Moraira\" \/>\n\t\t<meta name=\"twitter:description\" content=\"AccueilVieille ville &amp; culture Vieille ville &amp; culture Sites touristiques de Teulada &amp; Moraira Teulada Moraira allie le charme d\u2019un village espagnol traditionnel \u00e0 l\u2019art de vivre d\u00e9tendu de la Costa Blanca. Rues historiques, plages pittoresques et panoramas impressionnants font de la r\u00e9gion un lieu particulier, aussi bien pour les visiteurs que pour les habitants.\" \/>\n\t\t<script type=\"application\/ld+json\" class=\"aioseo-schema\">\n\t\t\t{\"@context\":\"https:\\\/\\\/schema.org\",\"@graph\":[{\"@type\":\"BreadcrumbList\",\"@id\":\"https:\\\/\\\/info-teulada-moraira.com\\\/fr\\\/informations-sur-la-ville\\\/culture-vie-urbaine\\\/vieille-ville-culture\\\/#breadcrumblist\",\"itemListElement\":[{\"@type\":\"ListItem\",\"@id\":\"https:\\\/\\\/info-teulada-moraira.com\\\/fr\\\/#listItem\",\"position\":1,\"name\":\"Home\",\"item\":\"https:\\\/\\\/info-teulada-moraira.com\\\/fr\\\/\",\"nextItem\":{\"@type\":\"ListItem\",\"@id\":\"https:\\\/\\\/info-teulada-moraira.com\\\/fr\\\/informations-sur-la-ville\\\/#listItem\",\"name\":\"Informations sur la ville\"}},{\"@type\":\"ListItem\",\"@id\":\"https:\\\/\\\/info-teulada-moraira.com\\\/fr\\\/informations-sur-la-ville\\\/#listItem\",\"position\":2,\"name\":\"Informations sur la ville\",\"item\":\"https:\\\/\\\/info-teulada-moraira.com\\\/fr\\\/informations-sur-la-ville\\\/\",\"nextItem\":{\"@type\":\"ListItem\",\"@id\":\"https:\\\/\\\/info-teulada-moraira.com\\\/fr\\\/informations-sur-la-ville\\\/culture-vie-urbaine\\\/#listItem\",\"name\":\"Culture &amp; vie urbaine\"},\"previousItem\":{\"@type\":\"ListItem\",\"@id\":\"https:\\\/\\\/info-teulada-moraira.com\\\/fr\\\/#listItem\",\"name\":\"Home\"}},{\"@type\":\"ListItem\",\"@id\":\"https:\\\/\\\/info-teulada-moraira.com\\\/fr\\\/informations-sur-la-ville\\\/culture-vie-urbaine\\\/#listItem\",\"position\":3,\"name\":\"Culture &amp; vie urbaine\",\"item\":\"https:\\\/\\\/info-teulada-moraira.com\\\/fr\\\/informations-sur-la-ville\\\/culture-vie-urbaine\\\/\",\"nextItem\":{\"@type\":\"ListItem\",\"@id\":\"https:\\\/\\\/info-teulada-moraira.com\\\/fr\\\/informations-sur-la-ville\\\/culture-vie-urbaine\\\/vieille-ville-culture\\\/#listItem\",\"name\":\"Vieille ville &amp; culture\"},\"previousItem\":{\"@type\":\"ListItem\",\"@id\":\"https:\\\/\\\/info-teulada-moraira.com\\\/fr\\\/informations-sur-la-ville\\\/#listItem\",\"name\":\"Informations sur la ville\"}},{\"@type\":\"ListItem\",\"@id\":\"https:\\\/\\\/info-teulada-moraira.com\\\/fr\\\/informations-sur-la-ville\\\/culture-vie-urbaine\\\/vieille-ville-culture\\\/#listItem\",\"position\":4,\"name\":\"Vieille ville &amp; culture\",\"previousItem\":{\"@type\":\"ListItem\",\"@id\":\"https:\\\/\\\/info-teulada-moraira.com\\\/fr\\\/informations-sur-la-ville\\\/culture-vie-urbaine\\\/#listItem\",\"name\":\"Culture &amp; vie urbaine\"}}]},{\"@type\":\"Organization\",\"@id\":\"https:\\\/\\\/info-teulada-moraira.com\\\/fr\\\/#organization\",\"name\":\"Info Teulada Moraira\",\"url\":\"https:\\\/\\\/info-teulada-moraira.com\\\/fr\\\/\"},{\"@type\":\"WebPage\",\"@id\":\"https:\\\/\\\/info-teulada-moraira.com\\\/fr\\\/informations-sur-la-ville\\\/culture-vie-urbaine\\\/vieille-ville-culture\\\/#webpage\",\"url\":\"https:\\\/\\\/info-teulada-moraira.com\\\/fr\\\/informations-sur-la-ville\\\/culture-vie-urbaine\\\/vieille-ville-culture\\\/\",\"name\":\"Vieille ville & culture - Info Teulada Moraira\",\"description\":\"AccueilVieille ville & culture Vieille ville & culture Sites touristiques de Teulada & Moraira Teulada Moraira allie le charme d\\u2019un village espagnol traditionnel \\u00e0 l\\u2019art de vivre d\\u00e9tendu de la Costa Blanca. Rues historiques, plages pittoresques et panoramas impressionnants font de la r\\u00e9gion un lieu particulier, aussi bien pour les visiteurs que pour les habitants.\",\"inLanguage\":\"fr-FR\",\"isPartOf\":{\"@id\":\"https:\\\/\\\/info-teulada-moraira.com\\\/fr\\\/#website\"},\"breadcrumb\":{\"@id\":\"https:\\\/\\\/info-teulada-moraira.com\\\/fr\\\/informations-sur-la-ville\\\/culture-vie-urbaine\\\/vieille-ville-culture\\\/#breadcrumblist\"},\"datePublished\":\"2026-03-31T15:19:44+00:00\",\"dateModified\":\"2026-04-21T17:12:22+00:00\"},{\"@type\":\"WebSite\",\"@id\":\"https:\\\/\\\/info-teulada-moraira.com\\\/fr\\\/#website\",\"url\":\"https:\\\/\\\/info-teulada-moraira.com\\\/fr\\\/\",\"name\":\"Info Teulada Moraira\",\"inLanguage\":\"fr-FR\",\"publisher\":{\"@id\":\"https:\\\/\\\/info-teulada-moraira.com\\\/fr\\\/#organization\"}}]}\n\t\t<\/script>\n\t\t<!-- All in One SEO -->\n\n","aioseo_head_json":{"title":"Vieille ville & culture - Info Teulada Moraira","description":"AccueilVieille ville & culture Vieille ville & culture Sites touristiques de Teulada & Moraira Teulada Moraira allie le charme d\u2019un village espagnol traditionnel \u00e0 l\u2019art de vivre d\u00e9tendu de la Costa Blanca. Rues historiques, plages pittoresques et panoramas impressionnants font de la r\u00e9gion un lieu particulier, aussi bien pour les visiteurs que pour les habitants.","canonical_url":"https:\/\/info-teulada-moraira.com\/fr\/informations-sur-la-ville\/culture-vie-urbaine\/vieille-ville-culture\/","robots":"max-image-preview:large","keywords":"","webmasterTools":{"miscellaneous":""},"schema":{"@context":"https:\/\/schema.org","@graph":[{"@type":"BreadcrumbList","@id":"https:\/\/info-teulada-moraira.com\/fr\/informations-sur-la-ville\/culture-vie-urbaine\/vieille-ville-culture\/#breadcrumblist","itemListElement":[{"@type":"ListItem","@id":"https:\/\/info-teulada-moraira.com\/fr\/#listItem","position":1,"name":"Home","item":"https:\/\/info-teulada-moraira.com\/fr\/","nextItem":{"@type":"ListItem","@id":"https:\/\/info-teulada-moraira.com\/fr\/informations-sur-la-ville\/#listItem","name":"Informations sur la ville"}},{"@type":"ListItem","@id":"https:\/\/info-teulada-moraira.com\/fr\/informations-sur-la-ville\/#listItem","position":2,"name":"Informations sur la ville","item":"https:\/\/info-teulada-moraira.com\/fr\/informations-sur-la-ville\/","nextItem":{"@type":"ListItem","@id":"https:\/\/info-teulada-moraira.com\/fr\/informations-sur-la-ville\/culture-vie-urbaine\/#listItem","name":"Culture &amp; vie urbaine"},"previousItem":{"@type":"ListItem","@id":"https:\/\/info-teulada-moraira.com\/fr\/#listItem","name":"Home"}},{"@type":"ListItem","@id":"https:\/\/info-teulada-moraira.com\/fr\/informations-sur-la-ville\/culture-vie-urbaine\/#listItem","position":3,"name":"Culture &amp; vie urbaine","item":"https:\/\/info-teulada-moraira.com\/fr\/informations-sur-la-ville\/culture-vie-urbaine\/","nextItem":{"@type":"ListItem","@id":"https:\/\/info-teulada-moraira.com\/fr\/informations-sur-la-ville\/culture-vie-urbaine\/vieille-ville-culture\/#listItem","name":"Vieille ville &amp; culture"},"previousItem":{"@type":"ListItem","@id":"https:\/\/info-teulada-moraira.com\/fr\/informations-sur-la-ville\/#listItem","name":"Informations sur la ville"}},{"@type":"ListItem","@id":"https:\/\/info-teulada-moraira.com\/fr\/informations-sur-la-ville\/culture-vie-urbaine\/vieille-ville-culture\/#listItem","position":4,"name":"Vieille ville &amp; culture","previousItem":{"@type":"ListItem","@id":"https:\/\/info-teulada-moraira.com\/fr\/informations-sur-la-ville\/culture-vie-urbaine\/#listItem","name":"Culture &amp; vie urbaine"}}]},{"@type":"Organization","@id":"https:\/\/info-teulada-moraira.com\/fr\/#organization","name":"Info Teulada Moraira","url":"https:\/\/info-teulada-moraira.com\/fr\/"},{"@type":"WebPage","@id":"https:\/\/info-teulada-moraira.com\/fr\/informations-sur-la-ville\/culture-vie-urbaine\/vieille-ville-culture\/#webpage","url":"https:\/\/info-teulada-moraira.com\/fr\/informations-sur-la-ville\/culture-vie-urbaine\/vieille-ville-culture\/","name":"Vieille ville & culture - Info Teulada Moraira","description":"AccueilVieille ville & culture Vieille ville & culture Sites touristiques de Teulada & Moraira Teulada Moraira allie le charme d\u2019un village espagnol traditionnel \u00e0 l\u2019art de vivre d\u00e9tendu de la Costa Blanca. Rues historiques, plages pittoresques et panoramas impressionnants font de la r\u00e9gion un lieu particulier, aussi bien pour les visiteurs que pour les habitants.","inLanguage":"fr-FR","isPartOf":{"@id":"https:\/\/info-teulada-moraira.com\/fr\/#website"},"breadcrumb":{"@id":"https:\/\/info-teulada-moraira.com\/fr\/informations-sur-la-ville\/culture-vie-urbaine\/vieille-ville-culture\/#breadcrumblist"},"datePublished":"2026-03-31T15:19:44+00:00","dateModified":"2026-04-21T17:12:22+00:00"},{"@type":"WebSite","@id":"https:\/\/info-teulada-moraira.com\/fr\/#website","url":"https:\/\/info-teulada-moraira.com\/fr\/","name":"Info Teulada Moraira","inLanguage":"fr-FR","publisher":{"@id":"https:\/\/info-teulada-moraira.com\/fr\/#organization"}}]},"og:locale":"fr_FR","og:site_name":"Info Teulada Moraira -","og:type":"article","og:title":"Vieille ville &amp; culture - Info Teulada Moraira","og:description":"AccueilVieille ville &amp; culture Vieille ville &amp; culture Sites touristiques de Teulada &amp; Moraira Teulada Moraira allie le charme d\u2019un village espagnol traditionnel \u00e0 l\u2019art de vivre d\u00e9tendu de la Costa Blanca. Rues historiques, plages pittoresques et panoramas impressionnants font de la r\u00e9gion un lieu particulier, aussi bien pour les visiteurs que pour les habitants.","og:url":"https:\/\/info-teulada-moraira.com\/fr\/informations-sur-la-ville\/culture-vie-urbaine\/vieille-ville-culture\/","article:published_time":"2026-03-31T15:19:44+00:00","article:modified_time":"2026-04-21T17:12:22+00:00","twitter:card":"summary_large_image","twitter:title":"Vieille ville &amp; culture - Info Teulada Moraira","twitter:description":"AccueilVieille ville &amp; culture Vieille ville &amp; culture Sites touristiques de Teulada &amp; Moraira Teulada Moraira allie le charme d\u2019un village espagnol traditionnel \u00e0 l\u2019art de vivre d\u00e9tendu de la Costa Blanca. Rues historiques, plages pittoresques et panoramas impressionnants font de la r\u00e9gion un lieu particulier, aussi bien pour les visiteurs que pour les habitants."},"aioseo_meta_data":{"post_id":"58168","title":"#post_title #separator_sa #site_title","description":"#post_content","keywords":null,"keyphrases":{"focus":{"keyphrase":"","score":0,"analysis":{"keyphraseInTitle":{"score":0,"maxScore":9,"error":1}}},"additional":[]},"primary_term":null,"canonical_url":null,"og_title":null,"og_description":null,"og_object_type":"default","og_image_type":"default","og_image_url":null,"og_image_width":null,"og_image_height":null,"og_image_custom_url":null,"og_image_custom_fields":null,"og_video":"","og_custom_url":null,"og_article_section":null,"og_article_tags":null,"twitter_use_og":false,"twitter_card":"default","twitter_image_type":"default","twitter_image_url":null,"twitter_image_custom_url":null,"twitter_image_custom_fields":null,"twitter_title":null,"twitter_description":null,"schema":{"blockGraphs":[],"customGraphs":[],"default":{"data":{"Article":[],"Course":[],"Dataset":[],"FAQPage":[],"Movie":[],"Person":[],"Product":[],"ProductReview":[],"Car":[],"Recipe":[],"Service":[],"SoftwareApplication":[],"WebPage":[]},"graphName":"WebPage","isEnabled":true},"graphs":[]},"schema_type":"default","schema_type_options":null,"pillar_content":false,"robots_default":true,"robots_noindex":false,"robots_noarchive":false,"robots_nosnippet":false,"robots_nofollow":false,"robots_noimageindex":false,"robots_noodp":false,"robots_notranslate":false,"robots_max_snippet":"-1","robots_max_videopreview":"-1","robots_max_imagepreview":"large","priority":null,"frequency":"default","local_seo":null,"breadcrumb_settings":null,"limit_modified_date":false,"ai":{"faqs":[],"keyPoints":[],"titles":[],"descriptions":[],"socialPosts":{"email":[],"linkedin":[],"twitter":[],"facebook":[],"instagram":[]}},"created":"2026-04-21 17:12:22","updated":"2026-05-07 18:33:05","seo_analyzer_scan_date":null,"focus_keyword":null,"additional_keywords":null,"truseo_locale":null},"aioseo_breadcrumb":"<div class=\"aioseo-breadcrumbs\"><span class=\"aioseo-breadcrumb\">\n\t\t\t<a href=\"https:\/\/info-teulada-moraira.com\/fr\/\" title=\"Home\">Home<\/a>\n\t\t<\/span><span class=\"aioseo-breadcrumb-separator\">&raquo;<\/span><span class=\"aioseo-breadcrumb\">\n\t\t\t<a href=\"https:\/\/info-teulada-moraira.com\/fr\/informations-sur-la-ville\/\" title=\"Informations sur la ville\">Informations sur la ville<\/a>\n\t\t<\/span><span class=\"aioseo-breadcrumb-separator\">&raquo;<\/span><span class=\"aioseo-breadcrumb\">\n\t\t\t<a href=\"https:\/\/info-teulada-moraira.com\/fr\/informations-sur-la-ville\/culture-vie-urbaine\/\" title=\"Culture &amp; vie urbaine\">Culture &amp; vie urbaine<\/a>\n\t\t<\/span><span class=\"aioseo-breadcrumb-separator\">&raquo;<\/span><span class=\"aioseo-breadcrumb\">\n\t\t\tVieille ville &amp; culture\n\t\t<\/span><\/div>","aioseo_breadcrumb_json":[{"label":"Home","link":"https:\/\/info-teulada-moraira.com\/fr\/"},{"label":"Informations sur la ville","link":"https:\/\/info-teulada-moraira.com\/fr\/informations-sur-la-ville\/"},{"label":"Culture &amp; vie urbaine","link":"https:\/\/info-teulada-moraira.com\/fr\/informations-sur-la-ville\/culture-vie-urbaine\/"},{"label":"Vieille ville &amp; culture","link":"https:\/\/info-teulada-moraira.com\/fr\/informations-sur-la-ville\/culture-vie-urbaine\/vieille-ville-culture\/"}],"uagb_featured_image_src":{"full":false,"thumbnail":false,"medium":false,"medium_large":false,"large":false,"1536x1536":false,"2048x2048":false,"houzez-gallery":false,"houzez-top-v7":false,"houzez-item-image-6":false},"uagb_author_info":{"display_name":"INFO Teulada Moraira","author_link":"https:\/\/info-teulada-moraira.com\/fr\/author\/info\/"},"uagb_comment_info":0,"uagb_excerpt":"Home Sites touristiques de Teulada &amp; Moraira Teulada Moraira allie le charme d\u2019un village espagnol traditionnel \u00e0 l\u2019art de vivre d\u00e9tendu de la Costa Blanca. Rues historiques, plages pittoresques et panoramas impressionnants font de la r\u00e9gion un lieu particulier, aussi bien pour les visiteurs que pour les habitants. La vieille ville de Teulada s\u00e9duit par\u2026","_links":{"self":[{"href":"https:\/\/info-teulada-moraira.com\/fr\/wp-json\/wp\/v2\/pages\/58168","targetHints":{"allow":["GET"]}}],"collection":[{"href":"https:\/\/info-teulada-moraira.com\/fr\/wp-json\/wp\/v2\/pages"}],"about":[{"href":"https:\/\/info-teulada-moraira.com\/fr\/wp-json\/wp\/v2\/types\/page"}],"author":[{"embeddable":true,"href":"https:\/\/info-teulada-moraira.com\/fr\/wp-json\/wp\/v2\/users\/1"}],"replies":[{"embeddable":true,"href":"https:\/\/info-teulada-moraira.com\/fr\/wp-json\/wp\/v2\/comments?post=58168"}],"version-history":[{"count":1,"href":"https:\/\/info-teulada-moraira.com\/fr\/wp-json\/wp\/v2\/pages\/58168\/revisions"}],"predecessor-version":[{"id":58224,"href":"https:\/\/info-teulada-moraira.com\/fr\/wp-json\/wp\/v2\/pages\/58168\/revisions\/58224"}],"up":[{"embeddable":true,"href":"https:\/\/info-teulada-moraira.com\/fr\/wp-json\/wp\/v2\/pages\/57820"}],"wp:attachment":[{"href":"https:\/\/info-teulada-moraira.com\/fr\/wp-json\/wp\/v2\/media?parent=58168"}],"curies":[{"name":"wp","href":"https:\/\/api.w.org\/{rel}","templated":true}]}}