{"id":74654,"date":"2026-06-22T12:48:40","date_gmt":"2026-06-22T12:48:40","guid":{"rendered":"https:\/\/info-teulada-moraira.com\/ruta-vicentina\/"},"modified":"2026-06-22T17:14:03","modified_gmt":"2026-06-22T17:14:03","slug":"ruta-vicentina","status":"publish","type":"page","link":"https:\/\/info-teulada-moraira.com\/fr\/informations-sur-la-ville\/culture-vie-urbaine\/ruta-vicentina\/","title":{"rendered":"Ruta Vicentina"},"content":{"rendered":"\t\t<div data-elementor-type=\"wp-page\" data-elementor-id=\"74654\" class=\"elementor elementor-74654 elementor-74569\" data-elementor-post-type=\"page\">\n\t\t\t\t<div class=\"elementor-element elementor-element-25253af4 e-flex e-con-boxed e-con e-parent\" data-id=\"25253af4\" data-element_type=\"container\" data-e-type=\"container\">\n\t\t\t\t\t<div class=\"e-con-inner\">\n\t\t\t\t<div class=\"elementor-element elementor-element-41d09484 elementor-widget elementor-widget-houzez_elementor_page_title\" data-id=\"41d09484\" data-element_type=\"widget\" data-e-type=\"widget\" data-widget_type=\"houzez_elementor_page_title.default\">\n\t\t\t\t<div class=\"elementor-widget-container\">\n\t\t\t\t\t\n<div class=\"breadcrumb-wrap\" role=\"navigation\">\n\t<nav>\n\t\t<ol class=\"breadcrumb\"><li class=\"breadcrumb-item breadcrumb-item-home\"><i class=\"houzez-icon icon-house\"><\/i><a href=\"https:\/\/info-teulada-moraira.com\/fr\/\/\">Accueil<\/a><\/li><li class=\"breadcrumb-item active\">Pages<\/li><\/ol>\t<\/nav>\n<\/div><!-- breadcrumb-wrap --> \n        <div class=\"d-flex align-items-center\">\n            <div class=\"page-title flex-grow-1\" role=\"heading\" aria-level=\"1\">\n\t<h1>Ruta Vicentina<\/h1>\n<\/div><!-- page-title -->\n \n        <\/div><!-- d-flex -->  \n        \t\t\t\t<\/div>\n\t\t\t\t<\/div>\n\t\t\t\t\t<\/div>\n\t\t\t\t<\/div>\n\t\t<div class=\"elementor-element elementor-element-38f3b234 e-flex e-con-boxed e-con e-parent\" data-id=\"38f3b234\" data-element_type=\"container\" data-e-type=\"container\" data-settings=\"{&quot;background_background&quot;:&quot;classic&quot;}\">\n\t\t\t\t\t<div class=\"e-con-inner\">\n\t\t\t\t<div class=\"elementor-element elementor-element-653ba1de elementor-align-left elementor-widget elementor-widget-button\" data-id=\"653ba1de\" data-element_type=\"widget\" data-e-type=\"widget\" data-widget_type=\"button.default\">\n\t\t\t\t\t\t\t\t\t\t<a class=\"elementor-button elementor-button-link elementor-size-sm\" href=\"https:\/\/www.google.com\/maps\/d\/u\/0\/edit?mid=1NWg7dnN3uFLg4VVGTuYUwQJf12lIIlM&#038;usp=sharing\" target=\"_blank\">\n\t\t\t\t\t\t<span class=\"elementor-button-content-wrapper\">\n\t\t\t\t\t\t<span class=\"elementor-button-icon\">\n\t\t\t\t<svg aria-hidden=\"true\" class=\"e-font-icon-svg e-far-map\" viewBox=\"0 0 576 512\" xmlns=\"http:\/\/www.w3.org\/2000\/svg\"><path d=\"M560.02 32c-1.96 0-3.98.37-5.96 1.16L384.01 96H384L212 35.28A64.252 64.252 0 0 0 191.76 32c-6.69 0-13.37 1.05-19.81 3.14L20.12 87.95A32.006 32.006 0 0 0 0 117.66v346.32C0 473.17 7.53 480 15.99 480c1.96 0 3.97-.37 5.96-1.16L192 416l172 60.71a63.98 63.98 0 0 0 40.05.15l151.83-52.81A31.996 31.996 0 0 0 576 394.34V48.02c0-9.19-7.53-16.02-15.98-16.02zM224 90.42l128 45.19v285.97l-128-45.19V90.42zM48 418.05V129.07l128-44.53v286.2l-.64.23L48 418.05zm480-35.13l-128 44.53V141.26l.64-.24L528 93.95v288.97z\"><\/path><\/svg>\t\t\t<\/span>\n\t\t\t\t\t\t\t\t\t<span class=\"elementor-button-text\">Ruta Vicentina sur Google Maps <\/span>\n\t\t\t\t\t<\/span>\n\t\t\t\t\t<\/a>\n\t\t\t\t\t\t\t\t<\/div>\n\t\t<div class=\"elementor-element elementor-element-2ebc01e9 e-con-full e-flex e-con e-child\" data-id=\"2ebc01e9\" data-element_type=\"container\" data-e-type=\"container\">\n\t\t\t\t<div class=\"elementor-element elementor-element-4ebabf57 elementor-widget elementor-widget-heading\" data-id=\"4ebabf57\" data-element_type=\"widget\" data-e-type=\"widget\" data-widget_type=\"heading.default\">\n\t\t\t\t\t<h2 class=\"elementor-heading-title elementor-size-default\">Route de Sant Vicent Ferrer<\/h2>\t\t\t\t<\/div>\n\t\t\t\t<div class=\"elementor-element elementor-element-1264130e elementor-widget elementor-widget-text-editor\" data-id=\"1264130e\" data-element_type=\"widget\" data-e-type=\"widget\" data-widget_type=\"text-editor.default\">\n\t\t\t\t\t\t\t\t\t<p><strong>Sur les traces du saint patron de Teulada<\/strong><\/p><p>Un itin\u00e9raire de 3,5 km qui vous emm\u00e8ne \u00e0 la d\u00e9couverte des lieux les plus importants de Teulada li\u00e9s \u00e0 Sant Vicent Ferrer. Une promenade entre histoire, traditions et patrimoine culturel m\u00e9diterran\u00e9en.<span class=\"Apple-converted-space\"> <\/span><\/p>\t\t\t\t\t\t\t\t<\/div>\n\t\t\t\t<\/div>\n\t\t\t\t\t<\/div>\n\t\t\t\t<\/div>\n\t\t<div class=\"elementor-element elementor-element-37f47d3d e-flex e-con-boxed e-con e-parent\" data-id=\"37f47d3d\" data-element_type=\"container\" data-e-type=\"container\">\n\t\t\t\t\t<div class=\"e-con-inner\">\n\t\t<div class=\"elementor-element elementor-element-752916ec e-con-full e-flex e-con e-child\" data-id=\"752916ec\" data-element_type=\"container\" data-e-type=\"container\">\n\t\t<div class=\"elementor-element elementor-element-623d8b6 e-con-full e-flex e-con e-child\" data-id=\"623d8b6\" data-element_type=\"container\" data-e-type=\"container\" data-settings=\"{&quot;background_background&quot;:&quot;classic&quot;}\">\n\t\t\t\t<div class=\"elementor-element elementor-element-580fc2a8 elementor-view-default elementor-widget elementor-widget-icon\" data-id=\"580fc2a8\" data-element_type=\"widget\" data-e-type=\"widget\" data-widget_type=\"icon.default\">\n\t\t\t\t\t\t\t<div class=\"elementor-icon-wrapper\">\n\t\t\t<div class=\"elementor-icon\">\n\t\t\t<svg aria-hidden=\"true\" class=\"e-font-icon-svg e-fas-info-circle\" viewBox=\"0 0 512 512\" xmlns=\"http:\/\/www.w3.org\/2000\/svg\"><path d=\"M256 8C119.043 8 8 119.083 8 256c0 136.997 111.043 248 248 248s248-111.003 248-248C504 119.083 392.957 8 256 8zm0 110c23.196 0 42 18.804 42 42s-18.804 42-42 42-42-18.804-42-42 18.804-42 42-42zm56 254c0 6.627-5.373 12-12 12h-88c-6.627 0-12-5.373-12-12v-24c0-6.627 5.373-12 12-12h12v-64h-12c-6.627 0-12-5.373-12-12v-24c0-6.627 5.373-12 12-12h64c6.627 0 12 5.373 12 12v100h12c6.627 0 12 5.373 12 12v24z\"><\/path><\/svg>\t\t\t<\/div>\n\t\t<\/div>\n\t\t\t\t\t\t<\/div>\n\t\t\t\t<div class=\"elementor-element elementor-element-4bebef88 elementor-widget elementor-widget-text-editor\" data-id=\"4bebef88\" data-element_type=\"widget\" data-e-type=\"widget\" data-widget_type=\"text-editor.default\">\n\t\t\t\t\t\t\t\t\t<p>Recommandations pour la route :<br\/>Portez des chaussures confortables, emportez de l\u2019eau et une protection solaire, et respectez l\u2019environnement naturel.<\/p>\t\t\t\t\t\t\t\t<\/div>\n\t\t\t\t<\/div>\n\t\t\t\t<\/div>\n\t\t\t\t\t<\/div>\n\t\t\t\t<\/div>\n\t\t<div class=\"elementor-element elementor-element-6d5a14ac e-flex e-con-boxed e-con e-parent\" data-id=\"6d5a14ac\" data-element_type=\"container\" data-e-type=\"container\">\n\t\t\t\t\t<div class=\"e-con-inner\">\n\t\t<div class=\"elementor-element elementor-element-2451e787 e-con-full e-flex e-con e-child\" data-id=\"2451e787\" data-element_type=\"container\" data-e-type=\"container\" data-settings=\"{&quot;background_background&quot;:&quot;classic&quot;}\">\n\t\t\t\t<div class=\"elementor-element elementor-element-1d3689c1 elementor-view-default elementor-widget elementor-widget-icon\" data-id=\"1d3689c1\" data-element_type=\"widget\" data-e-type=\"widget\" data-widget_type=\"icon.default\">\n\t\t\t\t\t\t\t<div class=\"elementor-icon-wrapper\">\n\t\t\t<div class=\"elementor-icon\">\n\t\t\t<svg aria-hidden=\"true\" class=\"e-font-icon-svg e-fas-hiking\" viewBox=\"0 0 384 512\" xmlns=\"http:\/\/www.w3.org\/2000\/svg\"><path d=\"M80.95 472.23c-4.28 17.16 6.14 34.53 23.28 38.81 2.61.66 5.22.95 7.8.95 14.33 0 27.37-9.7 31.02-24.23l25.24-100.97-52.78-52.78-34.56 138.22zm14.89-196.12L137 117c2.19-8.42-3.14-16.95-11.92-19.06-43.88-10.52-88.35 15.07-99.32 57.17L.49 253.24c-2.19 8.42 3.14 16.95 11.92 19.06l63.56 15.25c8.79 2.1 17.68-3.02 19.87-11.44zM368 160h-16c-8.84 0-16 7.16-16 16v16h-34.75l-46.78-46.78C243.38 134.11 228.61 128 212.91 128c-27.02 0-50.47 18.3-57.03 44.52l-26.92 107.72a32.012 32.012 0 0 0 8.42 30.39L224 397.25V480c0 17.67 14.33 32 32 32s32-14.33 32-32v-82.75c0-17.09-6.66-33.16-18.75-45.25l-46.82-46.82c.15-.5.49-.89.62-1.41l19.89-79.57 22.43 22.43c6 6 14.14 9.38 22.62 9.38h48v240c0 8.84 7.16 16 16 16h16c8.84 0 16-7.16 16-16V176c.01-8.84-7.15-16-15.99-16zM240 96c26.51 0 48-21.49 48-48S266.51 0 240 0s-48 21.49-48 48 21.49 48 48 48z\"><\/path><\/svg>\t\t\t<\/div>\n\t\t<\/div>\n\t\t\t\t\t\t<\/div>\n\t\t\t\t<div class=\"elementor-element elementor-element-21c79a48 elementor-widget elementor-widget-heading\" data-id=\"21c79a48\" data-element_type=\"widget\" data-e-type=\"widget\" data-widget_type=\"heading.default\">\n\t\t\t\t\t<h4 class=\"elementor-heading-title elementor-size-default\">Distance: <\/h4>\t\t\t\t<\/div>\n\t\t<div class=\"elementor-element elementor-element-3e2f9b45 e-con-full e-flex e-con e-child\" data-id=\"3e2f9b45\" data-element_type=\"container\" data-e-type=\"container\" data-settings=\"{&quot;background_background&quot;:&quot;classic&quot;}\">\n\t\t<div class=\"elementor-element elementor-element-669ed98c e-con-full e-flex e-con e-child\" data-id=\"669ed98c\" data-element_type=\"container\" data-e-type=\"container\" data-settings=\"{&quot;background_background&quot;:&quot;classic&quot;}\">\n\t\t\t\t<div class=\"elementor-element elementor-element-33fcc362 elementor-view-default elementor-widget elementor-widget-icon\" data-id=\"33fcc362\" data-element_type=\"widget\" data-e-type=\"widget\" data-widget_type=\"icon.default\">\n\t\t\t\t\t\t\t<div class=\"elementor-icon-wrapper\">\n\t\t\t<div class=\"elementor-icon\">\n\t\t\t<svg aria-hidden=\"true\" class=\"e-font-icon-svg e-fas-info-circle\" viewBox=\"0 0 512 512\" xmlns=\"http:\/\/www.w3.org\/2000\/svg\"><path d=\"M256 8C119.043 8 8 119.083 8 256c0 136.997 111.043 248 248 248s248-111.003 248-248C504 119.083 392.957 8 256 8zm0 110c23.196 0 42 18.804 42 42s-18.804 42-42 42-42-18.804-42-42 18.804-42 42-42zm56 254c0 6.627-5.373 12-12 12h-88c-6.627 0-12-5.373-12-12v-24c0-6.627 5.373-12 12-12h12v-64h-12c-6.627 0-12-5.373-12-12v-24c0-6.627 5.373-12 12-12h64c6.627 0 12 5.373 12 12v100h12c6.627 0 12 5.373 12 12v24z\"><\/path><\/svg>\t\t\t<\/div>\n\t\t<\/div>\n\t\t\t\t\t\t<\/div>\n\t\t\t\t<div class=\"elementor-element elementor-element-597b5265 elementor-widget elementor-widget-text-editor\" data-id=\"597b5265\" data-element_type=\"widget\" data-e-type=\"widget\" data-widget_type=\"text-editor.default\">\n\t\t\t\t\t\t\t\t\t<p><strong>env. 3,5 km<\/strong><\/p>\t\t\t\t\t\t\t\t<\/div>\n\t\t\t\t<\/div>\n\t\t\t\t<\/div>\n\t\t\t\t<\/div>\n\t\t<div class=\"elementor-element elementor-element-202b48cb e-con-full e-flex e-con e-child\" data-id=\"202b48cb\" data-element_type=\"container\" data-e-type=\"container\" data-settings=\"{&quot;background_background&quot;:&quot;classic&quot;}\">\n\t\t\t\t<div class=\"elementor-element elementor-element-141acf6e elementor-view-default elementor-widget elementor-widget-icon\" data-id=\"141acf6e\" data-element_type=\"widget\" data-e-type=\"widget\" data-widget_type=\"icon.default\">\n\t\t\t\t\t\t\t<div class=\"elementor-icon-wrapper\">\n\t\t\t<div class=\"elementor-icon\">\n\t\t\t<svg aria-hidden=\"true\" class=\"e-font-icon-svg e-far-clock\" viewBox=\"0 0 512 512\" xmlns=\"http:\/\/www.w3.org\/2000\/svg\"><path d=\"M256 8C119 8 8 119 8 256s111 248 248 248 248-111 248-248S393 8 256 8zm0 448c-110.5 0-200-89.5-200-200S145.5 56 256 56s200 89.5 200 200-89.5 200-200 200zm61.8-104.4l-84.9-61.7c-3.1-2.3-4.9-5.9-4.9-9.7V116c0-6.6 5.4-12 12-12h32c6.6 0 12 5.4 12 12v141.7l66.8 48.6c5.4 3.9 6.5 11.4 2.6 16.8L334.6 349c-3.9 5.3-11.4 6.5-16.8 2.6z\"><\/path><\/svg>\t\t\t<\/div>\n\t\t<\/div>\n\t\t\t\t\t\t<\/div>\n\t\t\t\t<div class=\"elementor-element elementor-element-3ac32ed8 elementor-widget elementor-widget-heading\" data-id=\"3ac32ed8\" data-element_type=\"widget\" data-e-type=\"widget\" data-widget_type=\"heading.default\">\n\t\t\t\t\t<h4 class=\"elementor-heading-title elementor-size-default\">Dur\u00e9e: <\/h4>\t\t\t\t<\/div>\n\t\t<div class=\"elementor-element elementor-element-3f3cfca6 e-con-full e-flex e-con e-child\" data-id=\"3f3cfca6\" data-element_type=\"container\" data-e-type=\"container\" data-settings=\"{&quot;background_background&quot;:&quot;classic&quot;}\">\n\t\t<div class=\"elementor-element elementor-element-124c3119 e-con-full e-flex e-con e-child\" data-id=\"124c3119\" data-element_type=\"container\" data-e-type=\"container\" data-settings=\"{&quot;background_background&quot;:&quot;classic&quot;}\">\n\t\t\t\t<div class=\"elementor-element elementor-element-c28256 elementor-view-default elementor-widget elementor-widget-icon\" data-id=\"c28256\" data-element_type=\"widget\" data-e-type=\"widget\" data-widget_type=\"icon.default\">\n\t\t\t\t\t\t\t<div class=\"elementor-icon-wrapper\">\n\t\t\t<div class=\"elementor-icon\">\n\t\t\t<svg aria-hidden=\"true\" class=\"e-font-icon-svg e-fas-info-circle\" viewBox=\"0 0 512 512\" xmlns=\"http:\/\/www.w3.org\/2000\/svg\"><path d=\"M256 8C119.043 8 8 119.083 8 256c0 136.997 111.043 248 248 248s248-111.003 248-248C504 119.083 392.957 8 256 8zm0 110c23.196 0 42 18.804 42 42s-18.804 42-42 42-42-18.804-42-42 18.804-42 42-42zm56 254c0 6.627-5.373 12-12 12h-88c-6.627 0-12-5.373-12-12v-24c0-6.627 5.373-12 12-12h12v-64h-12c-6.627 0-12-5.373-12-12v-24c0-6.627 5.373-12 12-12h64c6.627 0 12 5.373 12 12v100h12c6.627 0 12 5.373 12 12v24z\"><\/path><\/svg>\t\t\t<\/div>\n\t\t<\/div>\n\t\t\t\t\t\t<\/div>\n\t\t\t\t<div class=\"elementor-element elementor-element-558fb9d5 elementor-widget elementor-widget-text-editor\" data-id=\"558fb9d5\" data-element_type=\"widget\" data-e-type=\"widget\" data-widget_type=\"text-editor.default\">\n\t\t\t\t\t\t\t\t\t<p><strong>1 \u00e0 2 heures<\/strong><\/p>\t\t\t\t\t\t\t\t<\/div>\n\t\t\t\t<\/div>\n\t\t\t\t<\/div>\n\t\t\t\t<\/div>\n\t\t<div class=\"elementor-element elementor-element-1d6247e0 e-con-full e-flex e-con e-child\" data-id=\"1d6247e0\" data-element_type=\"container\" data-e-type=\"container\" data-settings=\"{&quot;background_background&quot;:&quot;classic&quot;}\">\n\t\t\t\t<div class=\"elementor-element elementor-element-41c017dc elementor-view-default elementor-widget elementor-widget-icon\" data-id=\"41c017dc\" data-element_type=\"widget\" data-e-type=\"widget\" data-widget_type=\"icon.default\">\n\t\t\t\t\t\t\t<div class=\"elementor-icon-wrapper\">\n\t\t\t<div class=\"elementor-icon\">\n\t\t\t<svg aria-hidden=\"true\" class=\"e-font-icon-svg e-fas-chart-bar\" viewBox=\"0 0 512 512\" xmlns=\"http:\/\/www.w3.org\/2000\/svg\"><path d=\"M332.8 320h38.4c6.4 0 12.8-6.4 12.8-12.8V172.8c0-6.4-6.4-12.8-12.8-12.8h-38.4c-6.4 0-12.8 6.4-12.8 12.8v134.4c0 6.4 6.4 12.8 12.8 12.8zm96 0h38.4c6.4 0 12.8-6.4 12.8-12.8V76.8c0-6.4-6.4-12.8-12.8-12.8h-38.4c-6.4 0-12.8 6.4-12.8 12.8v230.4c0 6.4 6.4 12.8 12.8 12.8zm-288 0h38.4c6.4 0 12.8-6.4 12.8-12.8v-70.4c0-6.4-6.4-12.8-12.8-12.8h-38.4c-6.4 0-12.8 6.4-12.8 12.8v70.4c0 6.4 6.4 12.8 12.8 12.8zm96 0h38.4c6.4 0 12.8-6.4 12.8-12.8V108.8c0-6.4-6.4-12.8-12.8-12.8h-38.4c-6.4 0-12.8 6.4-12.8 12.8v198.4c0 6.4 6.4 12.8 12.8 12.8zM496 384H64V80c0-8.84-7.16-16-16-16H16C7.16 64 0 71.16 0 80v336c0 17.67 14.33 32 32 32h464c8.84 0 16-7.16 16-16v-32c0-8.84-7.16-16-16-16z\"><\/path><\/svg>\t\t\t<\/div>\n\t\t<\/div>\n\t\t\t\t\t\t<\/div>\n\t\t\t\t<div class=\"elementor-element elementor-element-326dfa61 elementor-widget elementor-widget-heading\" data-id=\"326dfa61\" data-element_type=\"widget\" data-e-type=\"widget\" data-widget_type=\"heading.default\">\n\t\t\t\t\t<h4 class=\"elementor-heading-title elementor-size-default\">Difficult\u00e9: <\/h4>\t\t\t\t<\/div>\n\t\t<div class=\"elementor-element elementor-element-6be0c524 e-con-full e-flex e-con e-child\" data-id=\"6be0c524\" data-element_type=\"container\" data-e-type=\"container\" data-settings=\"{&quot;background_background&quot;:&quot;classic&quot;}\">\n\t\t<div class=\"elementor-element elementor-element-504d500f e-con-full e-flex e-con e-child\" data-id=\"504d500f\" data-element_type=\"container\" data-e-type=\"container\" data-settings=\"{&quot;background_background&quot;:&quot;classic&quot;}\">\n\t\t\t\t<div class=\"elementor-element elementor-element-70f2d137 elementor-view-default elementor-widget elementor-widget-icon\" data-id=\"70f2d137\" data-element_type=\"widget\" data-e-type=\"widget\" data-widget_type=\"icon.default\">\n\t\t\t\t\t\t\t<div class=\"elementor-icon-wrapper\">\n\t\t\t<div class=\"elementor-icon\">\n\t\t\t<svg aria-hidden=\"true\" class=\"e-font-icon-svg e-fas-info-circle\" viewBox=\"0 0 512 512\" xmlns=\"http:\/\/www.w3.org\/2000\/svg\"><path d=\"M256 8C119.043 8 8 119.083 8 256c0 136.997 111.043 248 248 248s248-111.003 248-248C504 119.083 392.957 8 256 8zm0 110c23.196 0 42 18.804 42 42s-18.804 42-42 42-42-18.804-42-42 18.804-42 42-42zm56 254c0 6.627-5.373 12-12 12h-88c-6.627 0-12-5.373-12-12v-24c0-6.627 5.373-12 12-12h12v-64h-12c-6.627 0-12-5.373-12-12v-24c0-6.627 5.373-12 12-12h64c6.627 0 12 5.373 12 12v100h12c6.627 0 12 5.373 12 12v24z\"><\/path><\/svg>\t\t\t<\/div>\n\t\t<\/div>\n\t\t\t\t\t\t<\/div>\n\t\t\t\t<div class=\"elementor-element elementor-element-39c32d9f elementor-widget elementor-widget-text-editor\" data-id=\"39c32d9f\" data-element_type=\"widget\" data-e-type=\"widget\" data-widget_type=\"text-editor.default\">\n\t\t\t\t\t\t\t\t\t<p><strong>facile<\/strong><\/p>\t\t\t\t\t\t\t\t<\/div>\n\t\t\t\t<\/div>\n\t\t\t\t<\/div>\n\t\t\t\t<\/div>\n\t\t<div class=\"elementor-element elementor-element-3843f47 e-con-full e-flex e-con e-child\" data-id=\"3843f47\" data-element_type=\"container\" data-e-type=\"container\" data-settings=\"{&quot;background_background&quot;:&quot;classic&quot;}\">\n\t\t\t\t<div class=\"elementor-element elementor-element-9204156 elementor-view-default elementor-widget elementor-widget-icon\" data-id=\"9204156\" data-element_type=\"widget\" data-e-type=\"widget\" data-widget_type=\"icon.default\">\n\t\t\t\t\t\t\t<div class=\"elementor-icon-wrapper\">\n\t\t\t<div class=\"elementor-icon\">\n\t\t\t<svg aria-hidden=\"true\" class=\"e-font-icon-svg e-fas-bicycle\" viewBox=\"0 0 640 512\" xmlns=\"http:\/\/www.w3.org\/2000\/svg\"><path d=\"M512.509 192.001c-16.373-.064-32.03 2.955-46.436 8.495l-77.68-125.153A24 24 0 0 0 368.001 64h-64c-8.837 0-16 7.163-16 16v16c0 8.837 7.163 16 16 16h50.649l14.896 24H256.002v-16c0-8.837-7.163-16-16-16h-87.459c-13.441 0-24.777 10.999-24.536 24.437.232 13.044 10.876 23.563 23.995 23.563h48.726l-29.417 47.52c-13.433-4.83-27.904-7.483-42.992-7.52C58.094 191.83.412 249.012.002 319.236-.413 390.279 57.055 448 128.002 448c59.642 0 109.758-40.793 123.967-96h52.033a24 24 0 0 0 20.406-11.367L410.37 201.77l14.938 24.067c-25.455 23.448-41.385 57.081-41.307 94.437.145 68.833 57.899 127.051 126.729 127.719 70.606.685 128.181-55.803 129.255-125.996 1.086-70.941-56.526-129.72-127.476-129.996zM186.75 265.772c9.727 10.529 16.673 23.661 19.642 38.228h-43.306l23.664-38.228zM128.002 400c-44.112 0-80-35.888-80-80s35.888-80 80-80c5.869 0 11.586.653 17.099 1.859l-45.505 73.509C89.715 331.327 101.213 352 120.002 352h81.3c-12.37 28.225-40.562 48-73.3 48zm162.63-96h-35.624c-3.96-31.756-19.556-59.894-42.383-80.026L237.371 184h127.547l-74.286 120zm217.057 95.886c-41.036-2.165-74.049-35.692-75.627-76.755-.812-21.121 6.633-40.518 19.335-55.263l44.433 71.586c4.66 7.508 14.524 9.816 22.032 5.156l13.594-8.437c7.508-4.66 9.817-14.524 5.156-22.032l-44.468-71.643a79.901 79.901 0 0 1 19.858-2.497c44.112 0 80 35.888 80 80-.001 45.54-38.252 82.316-84.313 79.885z\"><\/path><\/svg>\t\t\t<\/div>\n\t\t<\/div>\n\t\t\t\t\t\t<\/div>\n\t\t\t\t<div class=\"elementor-element elementor-element-ff20e97 elementor-widget elementor-widget-heading\" data-id=\"ff20e97\" data-element_type=\"widget\" data-e-type=\"widget\" data-widget_type=\"heading.default\">\n\t\t\t\t\t<h4 class=\"elementor-heading-title elementor-size-default\">Type de parcours<\/h4>\t\t\t\t<\/div>\n\t\t<div class=\"elementor-element elementor-element-13b766c e-con-full e-flex e-con e-child\" data-id=\"13b766c\" data-element_type=\"container\" data-e-type=\"container\" data-settings=\"{&quot;background_background&quot;:&quot;classic&quot;}\">\n\t\t<div class=\"elementor-element elementor-element-b0d5560 e-con-full e-flex e-con e-child\" data-id=\"b0d5560\" data-element_type=\"container\" data-e-type=\"container\" data-settings=\"{&quot;background_background&quot;:&quot;classic&quot;}\">\n\t\t\t\t<div class=\"elementor-element elementor-element-72557bd elementor-view-default elementor-widget elementor-widget-icon\" data-id=\"72557bd\" data-element_type=\"widget\" data-e-type=\"widget\" data-widget_type=\"icon.default\">\n\t\t\t\t\t\t\t<div class=\"elementor-icon-wrapper\">\n\t\t\t<div class=\"elementor-icon\">\n\t\t\t<svg aria-hidden=\"true\" class=\"e-font-icon-svg e-fas-info-circle\" viewBox=\"0 0 512 512\" xmlns=\"http:\/\/www.w3.org\/2000\/svg\"><path d=\"M256 8C119.043 8 8 119.083 8 256c0 136.997 111.043 248 248 248s248-111.003 248-248C504 119.083 392.957 8 256 8zm0 110c23.196 0 42 18.804 42 42s-18.804 42-42 42-42-18.804-42-42 18.804-42 42-42zm56 254c0 6.627-5.373 12-12 12h-88c-6.627 0-12-5.373-12-12v-24c0-6.627 5.373-12 12-12h12v-64h-12c-6.627 0-12-5.373-12-12v-24c0-6.627 5.373-12 12-12h64c6.627 0 12 5.373 12 12v100h12c6.627 0 12 5.373 12 12v24z\"><\/path><\/svg>\t\t\t<\/div>\n\t\t<\/div>\n\t\t\t\t\t\t<\/div>\n\t\t\t\t<div class=\"elementor-element elementor-element-bbb7150 elementor-widget elementor-widget-text-editor\" data-id=\"bbb7150\" data-element_type=\"widget\" data-e-type=\"widget\" data-widget_type=\"text-editor.default\">\n\t\t\t\t\t\t\t\t\t<p><strong>\u00e0 pied ou \u00e0 v\u00e9lo<\/strong><\/p>\t\t\t\t\t\t\t\t<\/div>\n\t\t\t\t<\/div>\n\t\t\t\t<\/div>\n\t\t\t\t<\/div>\n\t\t\t\t\t<\/div>\n\t\t\t\t<\/div>\n\t\t<div class=\"elementor-element elementor-element-8e6c4e6 e-flex e-con-boxed e-con e-parent\" data-id=\"8e6c4e6\" data-element_type=\"container\" data-e-type=\"container\">\n\t\t\t\t\t<div class=\"e-con-inner\">\n\t\t\t\t<div class=\"elementor-element elementor-element-e56d071 elementor-align-left elementor-widget elementor-widget-button\" data-id=\"e56d071\" data-element_type=\"widget\" data-e-type=\"widget\" data-widget_type=\"button.default\">\n\t\t\t\t\t\t\t\t\t\t<a class=\"elementor-button elementor-button-link elementor-size-sm\" href=\"https:\/\/www.google.com\/maps\/d\/u\/0\/edit?mid=1NWg7dnN3uFLg4VVGTuYUwQJf12lIIlM&#038;usp=sharing\" target=\"_blank\">\n\t\t\t\t\t\t<span class=\"elementor-button-content-wrapper\">\n\t\t\t\t\t\t<span class=\"elementor-button-icon\">\n\t\t\t\t<svg aria-hidden=\"true\" class=\"e-font-icon-svg e-far-map\" viewBox=\"0 0 576 512\" xmlns=\"http:\/\/www.w3.org\/2000\/svg\"><path d=\"M560.02 32c-1.96 0-3.98.37-5.96 1.16L384.01 96H384L212 35.28A64.252 64.252 0 0 0 191.76 32c-6.69 0-13.37 1.05-19.81 3.14L20.12 87.95A32.006 32.006 0 0 0 0 117.66v346.32C0 473.17 7.53 480 15.99 480c1.96 0 3.97-.37 5.96-1.16L192 416l172 60.71a63.98 63.98 0 0 0 40.05.15l151.83-52.81A31.996 31.996 0 0 0 576 394.34V48.02c0-9.19-7.53-16.02-15.98-16.02zM224 90.42l128 45.19v285.97l-128-45.19V90.42zM48 418.05V129.07l128-44.53v286.2l-.64.23L48 418.05zm480-35.13l-128 44.53V141.26l.64-.24L528 93.95v288.97z\"><\/path><\/svg>\t\t\t<\/span>\n\t\t\t\t\t\t\t\t\t<span class=\"elementor-button-text\">Ruta Vicentina sur Google Maps <\/span>\n\t\t\t\t\t<\/span>\n\t\t\t\t\t<\/a>\n\t\t\t\t\t\t\t\t<\/div>\n\t\t\t\t<div class=\"elementor-element elementor-element-baea51e elementor-widget elementor-widget-image\" data-id=\"baea51e\" data-element_type=\"widget\" data-e-type=\"widget\" data-widget_type=\"image.default\">\n\t\t\t\t\t\t\t\t\t\t\t\t\t\t\t<img fetchpriority=\"high\" decoding=\"async\" width=\"1024\" height=\"866\" src=\"https:\/\/info-teulada-moraira.com\/wp-content\/uploads\/2026\/06\/ruta-web.jpg\" class=\"attachment-large size-large wp-image-74647\" alt=\"\" srcset=\"https:\/\/info-teulada-moraira.com\/wp-content\/uploads\/2026\/06\/ruta-web.jpg 1622w, https:\/\/info-teulada-moraira.com\/wp-content\/uploads\/2026\/06\/ruta-web-1536x1299.jpg 1536w\" sizes=\"(max-width: 1024px) 100vw, 1024px\" \/>\t\t\t\t\t\t\t\t\t\t\t\t\t\t\t<\/div>\n\t\t\t\t\t<\/div>\n\t\t\t\t<\/div>\n\t\t<div class=\"elementor-element elementor-element-5dc8c54d e-flex e-con-boxed e-con e-parent\" data-id=\"5dc8c54d\" data-element_type=\"container\" data-e-type=\"container\">\n\t\t\t\t\t<div class=\"e-con-inner\">\n\t\t<div class=\"elementor-element elementor-element-1ba827f5 e-con-full e-flex e-con e-child\" data-id=\"1ba827f5\" data-element_type=\"container\" data-e-type=\"container\" data-settings=\"{&quot;background_background&quot;:&quot;classic&quot;}\">\n\t\t\t\t<div class=\"elementor-element elementor-element-5e13800c elementor-view-default elementor-widget elementor-widget-icon\" data-id=\"5e13800c\" data-element_type=\"widget\" data-e-type=\"widget\" data-widget_type=\"icon.default\">\n\t\t\t\t\t\t\t<div class=\"elementor-icon-wrapper\">\n\t\t\t<div class=\"elementor-icon\">\n\t\t\t<svg aria-hidden=\"true\" class=\"e-font-icon-svg e-fas-church\" viewBox=\"0 0 640 512\" xmlns=\"http:\/\/www.w3.org\/2000\/svg\"><path d=\"M464.46 246.68L352 179.2V128h48c8.84 0 16-7.16 16-16V80c0-8.84-7.16-16-16-16h-48V16c0-8.84-7.16-16-16-16h-32c-8.84 0-16 7.16-16 16v48h-48c-8.84 0-16 7.16-16 16v32c0 8.84 7.16 16 16 16h48v51.2l-112.46 67.48A31.997 31.997 0 0 0 160 274.12V512h96v-96c0-35.35 28.65-64 64-64s64 28.65 64 64v96h96V274.12c0-11.24-5.9-21.66-15.54-27.44zM0 395.96V496c0 8.84 7.16 16 16 16h112V320L19.39 366.54A32.024 32.024 0 0 0 0 395.96zm620.61-29.42L512 320v192h112c8.84 0 16-7.16 16-16V395.96c0-12.8-7.63-24.37-19.39-29.42z\"><\/path><\/svg>\t\t\t<\/div>\n\t\t<\/div>\n\t\t\t\t\t\t<\/div>\n\t\t\t\t<div class=\"elementor-element elementor-element-6ac99651 elementor-widget elementor-widget-heading\" data-id=\"6ac99651\" data-element_type=\"widget\" data-e-type=\"widget\" data-widget_type=\"heading.default\">\n\t\t\t\t\t<h4 class=\"elementor-heading-title elementor-size-default\">IGLESIA DE\nSANTA CATERINA<\/h4>\t\t\t\t<\/div>\n\t\t<div class=\"elementor-element elementor-element-6d6d1a04 e-con-full e-flex e-con e-child\" data-id=\"6d6d1a04\" data-element_type=\"container\" data-e-type=\"container\" data-settings=\"{&quot;background_background&quot;:&quot;classic&quot;}\">\n\t\t\t\t<\/div>\n\t\t\t\t<div class=\"elementor-element elementor-element-3667a6dc elementor-widget elementor-widget-text-editor\" data-id=\"3667a6dc\" data-element_type=\"widget\" data-e-type=\"widget\" data-widget_type=\"text-editor.default\">\n\t\t\t\t\t\t\t\t\t<p class=\"p1\">L\u2019\u00e9glise Santa Caterina est l\u2019un des \u00e9difices historiques les plus importants de Teulada. Son imposant clocher domine encore aujourd\u2019hui le paysage du centre historique et t\u00e9moigne de la longue tradition religieuse de la commune. Selon la tradition, Sant Vicent Ferrer y aurait pr\u00each\u00e9 lors de sa visite \u00e0 Teulada en 1410.  <\/p>\t\t\t\t\t\t\t\t<\/div>\n\t\t<div class=\"elementor-element elementor-element-3b92649e e-con-full e-flex e-con e-child\" data-id=\"3b92649e\" data-element_type=\"container\" data-e-type=\"container\" data-settings=\"{&quot;background_background&quot;:&quot;classic&quot;}\">\n\t\t<div class=\"elementor-element elementor-element-75baaab8 e-con-full e-flex e-con e-child\" data-id=\"75baaab8\" data-element_type=\"container\" data-e-type=\"container\" data-settings=\"{&quot;background_background&quot;:&quot;classic&quot;}\">\n\t\t\t\t<div class=\"elementor-element elementor-element-55d3831d elementor-view-default elementor-widget elementor-widget-icon\" data-id=\"55d3831d\" data-element_type=\"widget\" data-e-type=\"widget\" data-widget_type=\"icon.default\">\n\t\t\t\t\t\t\t<div class=\"elementor-icon-wrapper\">\n\t\t\t<div class=\"elementor-icon\">\n\t\t\t<svg aria-hidden=\"true\" class=\"e-font-icon-svg e-fas-info\" viewBox=\"0 0 192 512\" xmlns=\"http:\/\/www.w3.org\/2000\/svg\"><path d=\"M20 424.229h20V279.771H20c-11.046 0-20-8.954-20-20V212c0-11.046 8.954-20 20-20h112c11.046 0 20 8.954 20 20v212.229h20c11.046 0 20 8.954 20 20V492c0 11.046-8.954 20-20 20H20c-11.046 0-20-8.954-20-20v-47.771c0-11.046 8.954-20 20-20zM96 0C56.235 0 24 32.235 24 72s32.235 72 72 72 72-32.235 72-72S135.764 0 96 0z\"><\/path><\/svg>\t\t\t<\/div>\n\t\t<\/div>\n\t\t\t\t\t\t<\/div>\n\t\t\t\t<div class=\"elementor-element elementor-element-729b68a5 elementor-widget elementor-widget-text-editor\" data-id=\"729b68a5\" data-element_type=\"widget\" data-e-type=\"widget\" data-widget_type=\"text-editor.default\">\n\t\t\t\t\t\t\t\t\t<p><b>L\u2019importance de Sant Vicent Ferrer pour Teulada<\/b><b><\/b><\/p><p class=\"p1\">Le fr\u00e8re dominicain Sant Vicent Ferrer, originaire de Valence, est consid\u00e9r\u00e9 comme l\u2019un des pr\u00e9dicateurs les plus influents du Moyen \u00c2ge. Son passage \u00e0 Teulada a marqu\u00e9 durablement la population et reste aujourd\u2019hui un \u00e9l\u00e9ment essentiel de l\u2019histoire et des traditions locales. <\/p>\t\t\t\t\t\t\t\t<\/div>\n\t\t\t\t<\/div>\n\t\t\t\t<\/div>\n\t\t\t\t<\/div>\n\t\t<div class=\"elementor-element elementor-element-388c83a1 e-con-full e-flex e-con e-child\" data-id=\"388c83a1\" data-element_type=\"container\" data-e-type=\"container\" data-settings=\"{&quot;background_background&quot;:&quot;classic&quot;}\">\n\t\t\t\t<div class=\"elementor-element elementor-element-5fb7b55b elementor-view-default elementor-widget elementor-widget-icon\" data-id=\"5fb7b55b\" data-element_type=\"widget\" data-e-type=\"widget\" data-widget_type=\"icon.default\">\n\t\t\t\t\t\t\t<div class=\"elementor-icon-wrapper\">\n\t\t\t<div class=\"elementor-icon\">\n\t\t\t<svg aria-hidden=\"true\" class=\"e-font-icon-svg e-fas-home\" viewBox=\"0 0 576 512\" xmlns=\"http:\/\/www.w3.org\/2000\/svg\"><path d=\"M280.37 148.26L96 300.11V464a16 16 0 0 0 16 16l112.06-.29a16 16 0 0 0 15.92-16V368a16 16 0 0 1 16-16h64a16 16 0 0 1 16 16v95.64a16 16 0 0 0 16 16.05L464 480a16 16 0 0 0 16-16V300L295.67 148.26a12.19 12.19 0 0 0-15.3 0zM571.6 251.47L488 182.56V44.05a12 12 0 0 0-12-12h-56a12 12 0 0 0-12 12v72.61L318.47 43a48 48 0 0 0-61 0L4.34 251.47a12 12 0 0 0-1.6 16.9l25.5 31A12 12 0 0 0 45.15 301l235.22-193.74a12.19 12.19 0 0 1 15.3 0L530.9 301a12 12 0 0 0 16.9-1.6l25.5-31a12 12 0 0 0-1.7-16.93z\"><\/path><\/svg>\t\t\t<\/div>\n\t\t<\/div>\n\t\t\t\t\t\t<\/div>\n\t\t\t\t<div class=\"elementor-element elementor-element-50c18f48 elementor-widget elementor-widget-heading\" data-id=\"50c18f48\" data-element_type=\"widget\" data-e-type=\"widget\" data-widget_type=\"heading.default\">\n\t\t\t\t\t<h4 class=\"elementor-heading-title elementor-size-default\">CASA DE\nCONSTAN\u00c7A FERRER<\/h4>\t\t\t\t<\/div>\n\t\t<div class=\"elementor-element elementor-element-a5106d7 e-con-full e-flex e-con e-child\" data-id=\"a5106d7\" data-element_type=\"container\" data-e-type=\"container\" data-settings=\"{&quot;background_background&quot;:&quot;classic&quot;}\">\n\t\t\t\t<\/div>\n\t\t\t\t<div class=\"elementor-element elementor-element-44c1e0a2 elementor-widget elementor-widget-text-editor\" data-id=\"44c1e0a2\" data-element_type=\"widget\" data-e-type=\"widget\" data-widget_type=\"text-editor.default\">\n\t\t\t\t\t\t\t\t\t<p class=\"p1\">La Casa de Constan\u00e7a Ferrer est li\u00e9e \u00e0 l\u2019histoire familiale de Sant Vicent Ferrer. Cette demeure historique rappelle le lien entre les anc\u00eatres du saint et la ville de Teulada. Elle constitue aujourd\u2019hui une \u00e9tape importante de la Route de Sant Vicent Ferrer.  <\/p>\t\t\t\t\t\t\t\t<\/div>\n\t\t<div class=\"elementor-element elementor-element-fdf8a2a e-con-full e-flex e-con e-child\" data-id=\"fdf8a2a\" data-element_type=\"container\" data-e-type=\"container\" data-settings=\"{&quot;background_background&quot;:&quot;classic&quot;}\">\n\t\t<div class=\"elementor-element elementor-element-b24d218 e-con-full e-flex e-con e-child\" data-id=\"b24d218\" data-element_type=\"container\" data-e-type=\"container\" data-settings=\"{&quot;background_background&quot;:&quot;classic&quot;}\">\n\t\t\t\t<div class=\"elementor-element elementor-element-014b7fd elementor-view-default elementor-widget elementor-widget-icon\" data-id=\"014b7fd\" data-element_type=\"widget\" data-e-type=\"widget\" data-widget_type=\"icon.default\">\n\t\t\t\t\t\t\t<div class=\"elementor-icon-wrapper\">\n\t\t\t<div class=\"elementor-icon\">\n\t\t\t<svg aria-hidden=\"true\" class=\"e-font-icon-svg e-fas-info\" viewBox=\"0 0 192 512\" xmlns=\"http:\/\/www.w3.org\/2000\/svg\"><path d=\"M20 424.229h20V279.771H20c-11.046 0-20-8.954-20-20V212c0-11.046 8.954-20 20-20h112c11.046 0 20 8.954 20 20v212.229h20c11.046 0 20 8.954 20 20V492c0 11.046-8.954 20-20 20H20c-11.046 0-20-8.954-20-20v-47.771c0-11.046 8.954-20 20-20zM96 0C56.235 0 24 32.235 24 72s32.235 72 72 72 72-32.235 72-72S135.764 0 96 0z\"><\/path><\/svg>\t\t\t<\/div>\n\t\t<\/div>\n\t\t\t\t\t\t<\/div>\n\t\t\t\t<div class=\"elementor-element elementor-element-86e236e elementor-widget elementor-widget-text-editor\" data-id=\"86e236e\" data-element_type=\"widget\" data-e-type=\"widget\" data-widget_type=\"text-editor.default\">\n\t\t\t\t\t\t\t\t\t<p><b>CENTRE D\u2019ESTUDIS VICENTINS<\/b><b><\/b><\/p><p class=\"p1\">Le Centre d\u2019Estudis Vicentins se consacre \u00e0 l\u2019\u00e9tude et \u00e0 la pr\u00e9servation de la vie et de l\u2019\u0153uvre de Sant Vicent Ferrer. Les visiteurs peuvent y d\u00e9couvrir des informations passionnantes sur son histoire, ses traditions et son h\u00e9ritage culturel. <\/p>\t\t\t\t\t\t\t\t<\/div>\n\t\t\t\t<\/div>\n\t\t\t\t<\/div>\n\t\t\t\t<\/div>\n\t\t<div class=\"elementor-element elementor-element-b7e6720 e-con-full e-flex e-con e-child\" data-id=\"b7e6720\" data-element_type=\"container\" data-e-type=\"container\" data-settings=\"{&quot;background_background&quot;:&quot;classic&quot;}\">\n\t\t\t\t<div class=\"elementor-element elementor-element-e5755fe elementor-view-default elementor-widget elementor-widget-icon\" data-id=\"e5755fe\" data-element_type=\"widget\" data-e-type=\"widget\" data-widget_type=\"icon.default\">\n\t\t\t\t\t\t\t<div class=\"elementor-icon-wrapper\">\n\t\t\t<div class=\"elementor-icon\">\n\t\t\t<svg aria-hidden=\"true\" class=\"e-font-icon-svg e-fas-place-of-worship\" viewBox=\"0 0 640 512\" xmlns=\"http:\/\/www.w3.org\/2000\/svg\"><path d=\"M620.61 366.55L512 320v192h112c8.84 0 16-7.16 16-16V395.96a32 32 0 0 0-19.39-29.41zM0 395.96V496c0 8.84 7.16 16 16 16h112V320L19.39 366.55A32 32 0 0 0 0 395.96zm464.46-149.28L416 217.6V102.63c0-8.49-3.37-16.62-9.38-22.63L331.31 4.69c-6.25-6.25-16.38-6.25-22.62 0L233.38 80c-6 6-9.38 14.14-9.38 22.63V217.6l-48.46 29.08A31.997 31.997 0 0 0 160 274.12V512h96v-96c0-35.35 28.66-64 64-64s64 28.65 64 64v96h96V274.12c0-11.24-5.9-21.66-15.54-27.44z\"><\/path><\/svg>\t\t\t<\/div>\n\t\t<\/div>\n\t\t\t\t\t\t<\/div>\n\t\t\t\t<div class=\"elementor-element elementor-element-250b98c elementor-widget elementor-widget-heading\" data-id=\"250b98c\" data-element_type=\"widget\" data-e-type=\"widget\" data-widget_type=\"heading.default\">\n\t\t\t\t\t<h4 class=\"elementor-heading-title elementor-size-default\">ERMITA DE SANT VICENT FERRER<\/h4>\t\t\t\t<\/div>\n\t\t<div class=\"elementor-element elementor-element-485367a e-con-full e-flex e-con e-child\" data-id=\"485367a\" data-element_type=\"container\" data-e-type=\"container\" data-settings=\"{&quot;background_background&quot;:&quot;classic&quot;}\">\n\t\t\t\t<\/div>\n\t\t\t\t<div class=\"elementor-element elementor-element-ac5a603 elementor-widget elementor-widget-text-editor\" data-id=\"ac5a603\" data-element_type=\"widget\" data-e-type=\"widget\" data-widget_type=\"text-editor.default\">\n\t\t\t\t\t\t\t\t\t<p class=\"p1\">Le petit ermitage de Sant Vicent Ferrer est l\u2019une des \u00e9tapes les plus importantes de la route. Construit en l\u2019honneur du saint, il reste un lieu de recueillement et de d\u00e9votion. Son \u00e9l\u00e9ment le plus remarquable est le panneau traditionnel en c\u00e9ramique qui rappelle le lien entre Sant Vicent Ferrer et Teulada.  <\/p>\t\t\t\t\t\t\t\t<\/div>\n\t\t<div class=\"elementor-element elementor-element-3a16730 e-con-full e-flex e-con e-child\" data-id=\"3a16730\" data-element_type=\"container\" data-e-type=\"container\" data-settings=\"{&quot;background_background&quot;:&quot;classic&quot;}\">\n\t\t<div class=\"elementor-element elementor-element-02a2b25 e-con-full e-flex e-con e-child\" data-id=\"02a2b25\" data-element_type=\"container\" data-e-type=\"container\" data-settings=\"{&quot;background_background&quot;:&quot;classic&quot;}\">\n\t\t\t\t<div class=\"elementor-element elementor-element-46bdf4b elementor-view-default elementor-widget elementor-widget-icon\" data-id=\"46bdf4b\" data-element_type=\"widget\" data-e-type=\"widget\" data-widget_type=\"icon.default\">\n\t\t\t\t\t\t\t<div class=\"elementor-icon-wrapper\">\n\t\t\t<div class=\"elementor-icon\">\n\t\t\t<svg aria-hidden=\"true\" class=\"e-font-icon-svg e-fas-info\" viewBox=\"0 0 192 512\" xmlns=\"http:\/\/www.w3.org\/2000\/svg\"><path d=\"M20 424.229h20V279.771H20c-11.046 0-20-8.954-20-20V212c0-11.046 8.954-20 20-20h112c11.046 0 20 8.954 20 20v212.229h20c11.046 0 20 8.954 20 20V492c0 11.046-8.954 20-20 20H20c-11.046 0-20-8.954-20-20v-47.771c0-11.046 8.954-20 20-20zM96 0C56.235 0 24 32.235 24 72s32.235 72 72 72 72-32.235 72-72S135.764 0 96 0z\"><\/path><\/svg>\t\t\t<\/div>\n\t\t<\/div>\n\t\t\t\t\t\t<\/div>\n\t\t\t\t<div class=\"elementor-element elementor-element-157ed9e elementor-widget elementor-widget-text-editor\" data-id=\"157ed9e\" data-element_type=\"widget\" data-e-type=\"widget\" data-widget_type=\"text-editor.default\">\n\t\t\t\t\t\t\t\t\t<p class=\"p1\"><b>La tradition de la c\u00e9ramique<\/b><\/p><p class=\"p2\">Les panneaux d\u00e9coratifs en c\u00e9ramique sont un \u00e9l\u00e9ment caract\u00e9ristique de la culture valencienne. Ils racontent des histoires religieuses et historiques et ornent de nombreuses maisons, chapelles et b\u00e2timents historiques de la r\u00e9gion. <\/p>\t\t\t\t\t\t\t\t<\/div>\n\t\t\t\t<\/div>\n\t\t\t\t<\/div>\n\t\t\t\t<\/div>\n\t\t\t\t\t<\/div>\n\t\t\t\t<\/div>\n\t\t<div class=\"elementor-element elementor-element-1b5aa3be e-flex e-con-boxed e-con e-parent\" data-id=\"1b5aa3be\" data-element_type=\"container\" data-e-type=\"container\">\n\t\t\t\t\t<div class=\"e-con-inner\">\n\t\t<div class=\"elementor-element elementor-element-6d643df9 e-con-full e-flex e-con e-child\" data-id=\"6d643df9\" data-element_type=\"container\" data-e-type=\"container\" data-settings=\"{&quot;background_background&quot;:&quot;classic&quot;}\">\n\t\t\t\t<div class=\"elementor-element elementor-element-286dc965 elementor-view-default elementor-widget elementor-widget-icon\" data-id=\"286dc965\" data-element_type=\"widget\" data-e-type=\"widget\" data-widget_type=\"icon.default\">\n\t\t\t\t\t\t\t<div class=\"elementor-icon-wrapper\">\n\t\t\t<div class=\"elementor-icon\">\n\t\t\t<svg aria-hidden=\"true\" class=\"e-font-icon-svg e-fas-cross\" viewBox=\"0 0 384 512\" xmlns=\"http:\/\/www.w3.org\/2000\/svg\"><path d=\"M352 128h-96V32c0-17.67-14.33-32-32-32h-64c-17.67 0-32 14.33-32 32v96H32c-17.67 0-32 14.33-32 32v64c0 17.67 14.33 32 32 32h96v224c0 17.67 14.33 32 32 32h64c17.67 0 32-14.33 32-32V256h96c17.67 0 32-14.33 32-32v-64c0-17.67-14.33-32-32-32z\"><\/path><\/svg>\t\t\t<\/div>\n\t\t<\/div>\n\t\t\t\t\t\t<\/div>\n\t\t\t\t<div class=\"elementor-element elementor-element-3de58b7c elementor-widget elementor-widget-heading\" data-id=\"3de58b7c\" data-element_type=\"widget\" data-e-type=\"widget\" data-widget_type=\"heading.default\">\n\t\t\t\t\t<h4 class=\"elementor-heading-title elementor-size-default\">Creueta de l\u2019Ave Maria<\/h4>\t\t\t\t<\/div>\n\t\t<div class=\"elementor-element elementor-element-21e62765 e-con-full e-flex e-con e-child\" data-id=\"21e62765\" data-element_type=\"container\" data-e-type=\"container\" data-settings=\"{&quot;background_background&quot;:&quot;classic&quot;}\">\n\t\t\t\t<\/div>\n\t\t\t\t<div class=\"elementor-element elementor-element-4ee9155b elementor-widget elementor-widget-text-editor\" data-id=\"4ee9155b\" data-element_type=\"widget\" data-e-type=\"widget\" data-widget_type=\"text-editor.default\">\n\t\t\t\t\t\t\t\t\t<p class=\"p1\">La Creueta de l\u2019Ave Maria est une ancienne croix de chemin et un lieu paisible situ\u00e9 le long de l\u2019itin\u00e9raire. Depuis des si\u00e8cles, elle symbolise les traditions religieuses de la r\u00e9gion et offrait aux voyageurs un endroit pour faire une pause et se recueillir. <\/p>\t\t\t\t\t\t\t\t<\/div>\n\t\t<div class=\"elementor-element elementor-element-296cd0c4 e-con-full e-flex e-con e-child\" data-id=\"296cd0c4\" data-element_type=\"container\" data-e-type=\"container\" data-settings=\"{&quot;background_background&quot;:&quot;classic&quot;}\">\n\t\t<div class=\"elementor-element elementor-element-475aaaf8 e-con-full e-flex e-con e-child\" data-id=\"475aaaf8\" data-element_type=\"container\" data-e-type=\"container\" data-settings=\"{&quot;background_background&quot;:&quot;classic&quot;}\">\n\t\t\t\t<div class=\"elementor-element elementor-element-17d334a8 elementor-view-default elementor-widget elementor-widget-icon\" data-id=\"17d334a8\" data-element_type=\"widget\" data-e-type=\"widget\" data-widget_type=\"icon.default\">\n\t\t\t\t\t\t\t<div class=\"elementor-icon-wrapper\">\n\t\t\t<div class=\"elementor-icon\">\n\t\t\t<svg aria-hidden=\"true\" class=\"e-font-icon-svg e-fas-info\" viewBox=\"0 0 192 512\" xmlns=\"http:\/\/www.w3.org\/2000\/svg\"><path d=\"M20 424.229h20V279.771H20c-11.046 0-20-8.954-20-20V212c0-11.046 8.954-20 20-20h112c11.046 0 20 8.954 20 20v212.229h20c11.046 0 20 8.954 20 20V492c0 11.046-8.954 20-20 20H20c-11.046 0-20-8.954-20-20v-47.771c0-11.046 8.954-20 20-20zM96 0C56.235 0 24 32.235 24 72s32.235 72 72 72 72-32.235 72-72S135.764 0 96 0z\"><\/path><\/svg>\t\t\t<\/div>\n\t\t<\/div>\n\t\t\t\t\t\t<\/div>\n\t\t\t\t<div class=\"elementor-element elementor-element-5d8408bf elementor-widget elementor-widget-text-editor\" data-id=\"5d8408bf\" data-element_type=\"widget\" data-e-type=\"widget\" data-widget_type=\"text-editor.default\">\n\t\t\t\t\t\t\t\t\t<p class=\"p1\"><b>Un lieu de m\u00e9moire<\/b><\/p><p class=\"p2\">De nombreuses croix historiques de la Costa Blanca jalonnent d\u2019anciens chemins et rappellent des \u00e9v\u00e9nements importants. Elles restent aujourd\u2019hui de pr\u00e9cieux t\u00e9moignages des traditions populaires et de la foi des g\u00e9n\u00e9rations pass\u00e9es. <\/p>\t\t\t\t\t\t\t\t<\/div>\n\t\t\t\t<\/div>\n\t\t\t\t<\/div>\n\t\t\t\t<\/div>\n\t\t<div class=\"elementor-element elementor-element-453e8864 e-con-full e-flex e-con e-child\" data-id=\"453e8864\" data-element_type=\"container\" data-e-type=\"container\" data-settings=\"{&quot;background_background&quot;:&quot;classic&quot;}\">\n\t\t\t\t<div class=\"elementor-element elementor-element-419b58fe elementor-view-default elementor-widget elementor-widget-icon\" data-id=\"419b58fe\" data-element_type=\"widget\" data-e-type=\"widget\" data-widget_type=\"icon.default\">\n\t\t\t\t\t\t\t<div class=\"elementor-icon-wrapper\">\n\t\t\t<div class=\"elementor-icon\">\n\t\t\t<svg aria-hidden=\"true\" class=\"e-font-icon-svg e-fas-water\" viewBox=\"0 0 576 512\" xmlns=\"http:\/\/www.w3.org\/2000\/svg\"><path d=\"M562.1 383.9c-21.5-2.4-42.1-10.5-57.9-22.9-14.1-11.1-34.2-11.3-48.2 0-37.9 30.4-107.2 30.4-145.7-1.5-13.5-11.2-33-9.1-46.7 1.8-38 30.1-106.9 30-145.2-1.7-13.5-11.2-33.3-8.9-47.1 2-15.5 12.2-36 20.1-57.7 22.4-7.9.8-13.6 7.8-13.6 15.7v32.2c0 9.1 7.6 16.8 16.7 16 28.8-2.5 56.1-11.4 79.4-25.9 56.5 34.6 137 34.1 192 0 56.5 34.6 137 34.1 192 0 23.3 14.2 50.9 23.3 79.1 25.8 9.1.8 16.7-6.9 16.7-16v-31.6c.1-8-5.7-15.4-13.8-16.3zm0-144c-21.5-2.4-42.1-10.5-57.9-22.9-14.1-11.1-34.2-11.3-48.2 0-37.9 30.4-107.2 30.4-145.7-1.5-13.5-11.2-33-9.1-46.7 1.8-38 30.1-106.9 30-145.2-1.7-13.5-11.2-33.3-8.9-47.1 2-15.5 12.2-36 20.1-57.7 22.4-7.9.8-13.6 7.8-13.6 15.7v32.2c0 9.1 7.6 16.8 16.7 16 28.8-2.5 56.1-11.4 79.4-25.9 56.5 34.6 137 34.1 192 0 56.5 34.6 137 34.1 192 0 23.3 14.2 50.9 23.3 79.1 25.8 9.1.8 16.7-6.9 16.7-16v-31.6c.1-8-5.7-15.4-13.8-16.3zm0-144C540.6 93.4 520 85.4 504.2 73 490.1 61.9 470 61.7 456 73c-37.9 30.4-107.2 30.4-145.7-1.5-13.5-11.2-33-9.1-46.7 1.8-38 30.1-106.9 30-145.2-1.7-13.5-11.2-33.3-8.9-47.1 2-15.5 12.2-36 20.1-57.7 22.4-7.9.8-13.6 7.8-13.6 15.7v32.2c0 9.1 7.6 16.8 16.7 16 28.8-2.5 56.1-11.4 79.4-25.9 56.5 34.6 137 34.1 192 0 56.5 34.6 137 34.1 192 0 23.3 14.2 50.9 23.3 79.1 25.8 9.1.8 16.7-6.9 16.7-16v-31.6c.1-8-5.7-15.4-13.8-16.3z\"><\/path><\/svg>\t\t\t<\/div>\n\t\t<\/div>\n\t\t\t\t\t\t<\/div>\n\t\t\t\t<div class=\"elementor-element elementor-element-75e1eb35 elementor-widget elementor-widget-heading\" data-id=\"75e1eb35\" data-element_type=\"widget\" data-e-type=\"widget\" data-widget_type=\"heading.default\">\n\t\t\t\t\t<h4 class=\"elementor-heading-title elementor-size-default\">Font de la Jana<\/h4>\t\t\t\t<\/div>\n\t\t<div class=\"elementor-element elementor-element-396aca1 e-con-full e-flex e-con e-child\" data-id=\"396aca1\" data-element_type=\"container\" data-e-type=\"container\" data-settings=\"{&quot;background_background&quot;:&quot;classic&quot;}\">\n\t\t\t\t<\/div>\n\t\t\t\t<div class=\"elementor-element elementor-element-5af566ed elementor-widget elementor-widget-text-editor\" data-id=\"5af566ed\" data-element_type=\"widget\" data-e-type=\"widget\" data-widget_type=\"text-editor.default\">\n\t\t\t\t\t\t\t\t\t<p class=\"p2\">La Font de la Jana est l\u2019une des sources les plus anciennes et les plus connues de la r\u00e9gion. Pendant des si\u00e8cles, elle a fourni de l\u2019eau fra\u00eeche aux habitants et aux voyageurs. Son environnement naturel et son atmosph\u00e8re paisible en font une halte particuli\u00e8re de l\u2019itin\u00e9raire.  <\/p>\t\t\t\t\t\t\t\t<\/div>\n\t\t<div class=\"elementor-element elementor-element-50dc32d3 e-con-full e-flex e-con e-child\" data-id=\"50dc32d3\" data-element_type=\"container\" data-e-type=\"container\" data-settings=\"{&quot;background_background&quot;:&quot;classic&quot;}\">\n\t\t<div class=\"elementor-element elementor-element-7b1b5078 e-con-full e-flex e-con e-child\" data-id=\"7b1b5078\" data-element_type=\"container\" data-e-type=\"container\" data-settings=\"{&quot;background_background&quot;:&quot;classic&quot;}\">\n\t\t\t\t<div class=\"elementor-element elementor-element-29a12403 elementor-view-default elementor-widget elementor-widget-icon\" data-id=\"29a12403\" data-element_type=\"widget\" data-e-type=\"widget\" data-widget_type=\"icon.default\">\n\t\t\t\t\t\t\t<div class=\"elementor-icon-wrapper\">\n\t\t\t<div class=\"elementor-icon\">\n\t\t\t<svg aria-hidden=\"true\" class=\"e-font-icon-svg e-fas-info\" viewBox=\"0 0 192 512\" xmlns=\"http:\/\/www.w3.org\/2000\/svg\"><path d=\"M20 424.229h20V279.771H20c-11.046 0-20-8.954-20-20V212c0-11.046 8.954-20 20-20h112c11.046 0 20 8.954 20 20v212.229h20c11.046 0 20 8.954 20 20V492c0 11.046-8.954 20-20 20H20c-11.046 0-20-8.954-20-20v-47.771c0-11.046 8.954-20 20-20zM96 0C56.235 0 24 32.235 24 72s32.235 72 72 72 72-32.235 72-72S135.764 0 96 0z\"><\/path><\/svg>\t\t\t<\/div>\n\t\t<\/div>\n\t\t\t\t\t\t<\/div>\n\t\t\t\t<div class=\"elementor-element elementor-element-7fef2d13 elementor-widget elementor-widget-text-editor\" data-id=\"7fef2d13\" data-element_type=\"widget\" data-e-type=\"widget\" data-widget_type=\"text-editor.default\">\n\t\t\t\t\t\t\t\t\t<p class=\"p1\"><b>L\u2019eau, source de vie<\/b><\/p><p class=\"p2\">Les sources ont toujours jou\u00e9 un r\u00f4le essentiel dans les communaut\u00e9s m\u00e9diterran\u00e9ennes. Elles \u00e9taient des lieux de rencontre, d\u2019approvisionnement en eau et un \u00e9l\u00e9ment indispensable de la vie quotidienne d\u2019autrefois. <\/p>\t\t\t\t\t\t\t\t<\/div>\n\t\t\t\t<\/div>\n\t\t\t\t<\/div>\n\t\t\t\t<\/div>\n\t\t<div class=\"elementor-element elementor-element-469292fd e-con-full e-flex e-con e-child\" data-id=\"469292fd\" data-element_type=\"container\" data-e-type=\"container\" data-settings=\"{&quot;background_background&quot;:&quot;classic&quot;}\">\n\t\t\t\t<div class=\"elementor-element elementor-element-323b08d2 elementor-view-default elementor-widget elementor-widget-icon\" data-id=\"323b08d2\" data-element_type=\"widget\" data-e-type=\"widget\" data-widget_type=\"icon.default\">\n\t\t\t\t\t\t\t<div class=\"elementor-icon-wrapper\">\n\t\t\t<div class=\"elementor-icon\">\n\t\t\t<svg aria-hidden=\"true\" class=\"e-font-icon-svg e-fas-archway\" viewBox=\"0 0 576 512\" xmlns=\"http:\/\/www.w3.org\/2000\/svg\"><path d=\"M560 448h-16V96H32v352H16.02c-8.84 0-16 7.16-16 16v32c0 8.84 7.16 16 16 16H176c8.84 0 16-7.16 16-16V320c0-53.02 42.98-96 96-96s96 42.98 96 96l.02 160v16c0 8.84 7.16 16 16 16H560c8.84 0 16-7.16 16-16v-32c0-8.84-7.16-16-16-16zm0-448H16C7.16 0 0 7.16 0 16v32c0 8.84 7.16 16 16 16h544c8.84 0 16-7.16 16-16V16c0-8.84-7.16-16-16-16z\"><\/path><\/svg>\t\t\t<\/div>\n\t\t<\/div>\n\t\t\t\t\t\t<\/div>\n\t\t\t\t<div class=\"elementor-element elementor-element-122583cc elementor-widget elementor-widget-heading\" data-id=\"122583cc\" data-element_type=\"widget\" data-e-type=\"widget\" data-widget_type=\"heading.default\">\n\t\t\t\t\t<h4 class=\"elementor-heading-title elementor-size-default\">Ermita de la Font Santa<\/h4>\t\t\t\t<\/div>\n\t\t<div class=\"elementor-element elementor-element-4d3b401d e-con-full e-flex e-con e-child\" data-id=\"4d3b401d\" data-element_type=\"container\" data-e-type=\"container\" data-settings=\"{&quot;background_background&quot;:&quot;classic&quot;}\">\n\t\t\t\t<\/div>\n\t\t\t\t<div class=\"elementor-element elementor-element-7aa03ebd elementor-widget elementor-widget-text-editor\" data-id=\"7aa03ebd\" data-element_type=\"widget\" data-e-type=\"widget\" data-widget_type=\"text-editor.default\">\n\t\t\t\t\t\t\t\t\t<p class=\"p1\">L\u2019ermitage de la Font Santa marque la fin du parcours. Selon la tradition, un miracle s\u2019y serait produit lorsque Sant Vicent Ferrer frappa le sol avec son b\u00e2ton et fit jaillir une source. Aujourd\u2019hui, cet endroit symbolise la foi, l\u2019espoir et le lien profond entre les habitants de Teulada et leur saint protecteur.  <\/p>\t\t\t\t\t\t\t\t<\/div>\n\t\t<div class=\"elementor-element elementor-element-4056acaa e-con-full e-flex e-con e-child\" data-id=\"4056acaa\" data-element_type=\"container\" data-e-type=\"container\" data-settings=\"{&quot;background_background&quot;:&quot;classic&quot;}\">\n\t\t<div class=\"elementor-element elementor-element-13938b25 e-con-full e-flex e-con e-child\" data-id=\"13938b25\" data-element_type=\"container\" data-e-type=\"container\" data-settings=\"{&quot;background_background&quot;:&quot;classic&quot;}\">\n\t\t\t\t<div class=\"elementor-element elementor-element-660f920d elementor-view-default elementor-widget elementor-widget-icon\" data-id=\"660f920d\" data-element_type=\"widget\" data-e-type=\"widget\" data-widget_type=\"icon.default\">\n\t\t\t\t\t\t\t<div class=\"elementor-icon-wrapper\">\n\t\t\t<div class=\"elementor-icon\">\n\t\t\t<svg aria-hidden=\"true\" class=\"e-font-icon-svg e-fas-info\" viewBox=\"0 0 192 512\" xmlns=\"http:\/\/www.w3.org\/2000\/svg\"><path d=\"M20 424.229h20V279.771H20c-11.046 0-20-8.954-20-20V212c0-11.046 8.954-20 20-20h112c11.046 0 20 8.954 20 20v212.229h20c11.046 0 20 8.954 20 20V492c0 11.046-8.954 20-20 20H20c-11.046 0-20-8.954-20-20v-47.771c0-11.046 8.954-20 20-20zM96 0C56.235 0 24 32.235 24 72s32.235 72 72 72 72-32.235 72-72S135.764 0 96 0z\"><\/path><\/svg>\t\t\t<\/div>\n\t\t<\/div>\n\t\t\t\t\t\t<\/div>\n\t\t\t\t<div class=\"elementor-element elementor-element-568214c5 elementor-widget elementor-widget-text-editor\" data-id=\"568214c5\" data-element_type=\"widget\" data-e-type=\"widget\" data-widget_type=\"text-editor.default\">\n\t\t\t\t\t\t\t\t\t<p class=\"p1\"><b>La l\u00e9gende de la source sacr\u00e9e<\/b><\/p><p class=\"p2\">Selon la l\u00e9gende, la source serait apparue gr\u00e2ce \u00e0 l\u2019intervention de Sant Vicent Ferrer. Depuis des si\u00e8cles, les visiteurs viennent dans ce lieu pour profiter de son atmosph\u00e8re particuli\u00e8re et se souvenir de l\u2019histoire transmise de g\u00e9n\u00e9ration en g\u00e9n\u00e9ration. <\/p>\t\t\t\t\t\t\t\t<\/div>\n\t\t\t\t<\/div>\n\t\t\t\t<\/div>\n\t\t\t\t<\/div>\n\t\t\t\t\t<\/div>\n\t\t\t\t<\/div>\n\t\t<div class=\"elementor-element elementor-element-7d674d9 e-flex e-con-boxed e-con e-parent\" data-id=\"7d674d9\" data-element_type=\"container\" data-e-type=\"container\">\n\t\t\t\t\t<div class=\"e-con-inner\">\n\t\t\t\t<div class=\"elementor-element elementor-element-d412b6a elementor-widget elementor-widget-html\" data-id=\"d412b6a\" data-element_type=\"widget\" data-e-type=\"widget\" data-widget_type=\"html.default\">\n\t\t\t\t\t<iframe src=\"https:\/\/www.google.com\/maps\/d\/u\/0\/embed?mid=1NWg7dnN3uFLg4VVGTuYUwQJf12lIIlM&ehbc=2E312F\" width=\"640\" height=\"480\"><\/iframe>\t\t\t\t<\/div>\n\t\t\t\t\t<\/div>\n\t\t\t\t<\/div>\n\t\t<div class=\"elementor-element elementor-element-f4ec614 e-flex e-con-boxed e-con e-parent\" data-id=\"f4ec614\" data-element_type=\"container\" data-e-type=\"container\">\n\t\t\t\t\t<div class=\"e-con-inner\">\n\t\t<div class=\"elementor-element elementor-element-364224ea e-con-full e-flex e-con e-child\" data-id=\"364224ea\" data-element_type=\"container\" data-e-type=\"container\" data-settings=\"{&quot;background_background&quot;:&quot;classic&quot;}\">\n\t\t\t\t<div class=\"elementor-element elementor-element-2f4d350c elementor-view-default elementor-widget elementor-widget-icon\" data-id=\"2f4d350c\" data-element_type=\"widget\" data-e-type=\"widget\" data-widget_type=\"icon.default\">\n\t\t\t\t\t\t\t<div class=\"elementor-icon-wrapper\">\n\t\t\t<div class=\"elementor-icon\">\n\t\t\t<svg aria-hidden=\"true\" class=\"e-font-icon-svg e-fas-info-circle\" viewBox=\"0 0 512 512\" xmlns=\"http:\/\/www.w3.org\/2000\/svg\"><path d=\"M256 8C119.043 8 8 119.083 8 256c0 136.997 111.043 248 248 248s248-111.003 248-248C504 119.083 392.957 8 256 8zm0 110c23.196 0 42 18.804 42 42s-18.804 42-42 42-42-18.804-42-42 18.804-42 42-42zm56 254c0 6.627-5.373 12-12 12h-88c-6.627 0-12-5.373-12-12v-24c0-6.627 5.373-12 12-12h12v-64h-12c-6.627 0-12-5.373-12-12v-24c0-6.627 5.373-12 12-12h64c6.627 0 12 5.373 12 12v100h12c6.627 0 12 5.373 12 12v24z\"><\/path><\/svg>\t\t\t<\/div>\n\t\t<\/div>\n\t\t\t\t\t\t<\/div>\n\t\t\t\t<div class=\"elementor-element elementor-element-482434e elementor-widget elementor-widget-text-editor\" data-id=\"482434e\" data-element_type=\"widget\" data-e-type=\"widget\" data-widget_type=\"text-editor.default\">\n\t\t\t\t\t\t\t\t\t<p><strong>D\u2019autres possibilit\u00e9s d\u2019explorer les environs et la nature<\/strong> <br\/>D\u00e9couvrez d\u2019autres sites historiques, des parcs de loisirs pour toute la famille et des lieux particuliers \u00e0 Teulada Moraira et dans les environs.<\/p>\t\t\t\t\t\t\t\t<\/div>\n\t\t\t\t<div class=\"elementor-element elementor-element-2df1c1ee elementor-align-right elementor-widget__width-initial elementor-widget elementor-widget-button\" data-id=\"2df1c1ee\" data-element_type=\"widget\" data-e-type=\"widget\" data-widget_type=\"button.default\">\n\t\t\t\t\t\t\t\t\t\t<a class=\"elementor-button elementor-button-link elementor-size-sm\" href=\"https:\/\/info-teulada-moraira.com\/fr\/informations-sur-la-ville\/loisirs-nature\/\">\n\t\t\t\t\t\t<span class=\"elementor-button-content-wrapper\">\n\t\t\t\t\t\t<span class=\"elementor-button-icon\">\n\t\t\t\t<svg aria-hidden=\"true\" class=\"e-font-icon-svg e-fas-location-arrow\" viewBox=\"0 0 512 512\" xmlns=\"http:\/\/www.w3.org\/2000\/svg\"><path d=\"M444.52 3.52L28.74 195.42c-47.97 22.39-31.98 92.75 19.19 92.75h175.91v175.91c0 51.17 70.36 67.17 92.75 19.19l191.9-415.78c15.99-38.39-25.59-79.97-63.97-63.97z\"><\/path><\/svg>\t\t\t<\/span>\n\t\t\t\t\t\t\t\t\t<span class=\"elementor-button-text\">Voir l'aper\u00e7u \u2192<\/span>\n\t\t\t\t\t<\/span>\n\t\t\t\t\t<\/a>\n\t\t\t\t\t\t\t\t<\/div>\n\t\t\t\t<\/div>\n\t\t\t\t\t<\/div>\n\t\t\t\t<\/div>\n\t\t<div class=\"elementor-element elementor-element-357a50d1 e-flex e-con-boxed e-con e-parent\" data-id=\"357a50d1\" data-element_type=\"container\" data-e-type=\"container\" data-settings=\"{&quot;background_background&quot;:&quot;classic&quot;}\">\n\t\t\t\t\t<div class=\"e-con-inner\">\n\t\t<div class=\"elementor-element elementor-element-588f2fc1 e-con-full e-flex e-con e-child\" data-id=\"588f2fc1\" data-element_type=\"container\" data-e-type=\"container\">\n\t\t<div class=\"elementor-element elementor-element-58826547 e-con-full e-flex e-con e-child\" data-id=\"58826547\" data-element_type=\"container\" data-e-type=\"container\">\n\t\t<div class=\"elementor-element elementor-element-18db64e2 e-con-full e-flex e-con e-child\" data-id=\"18db64e2\" data-element_type=\"container\" data-e-type=\"container\" data-settings=\"{&quot;background_background&quot;:&quot;classic&quot;}\">\n\t\t<div class=\"elementor-element elementor-element-779fc787 e-con-full e-flex e-con e-child\" data-id=\"779fc787\" data-element_type=\"container\" data-e-type=\"container\">\n\t\t\t\t<div class=\"elementor-element elementor-element-59343932 elementor-view-default elementor-widget elementor-widget-icon\" data-id=\"59343932\" data-element_type=\"widget\" data-e-type=\"widget\" data-widget_type=\"icon.default\">\n\t\t\t\t\t\t\t<div class=\"elementor-icon-wrapper\">\n\t\t\t<div class=\"elementor-icon\">\n\t\t\t<svg aria-hidden=\"true\" class=\"e-font-icon-svg e-fas-ticket-alt\" viewBox=\"0 0 576 512\" xmlns=\"http:\/\/www.w3.org\/2000\/svg\"><path d=\"M128 160h320v192H128V160zm400 96c0 26.51 21.49 48 48 48v96c0 26.51-21.49 48-48 48H48c-26.51 0-48-21.49-48-48v-96c26.51 0 48-21.49 48-48s-21.49-48-48-48v-96c0-26.51 21.49-48 48-48h480c26.51 0 48 21.49 48 48v96c-26.51 0-48 21.49-48 48zm-48-104c0-13.255-10.745-24-24-24H120c-13.255 0-24 10.745-24 24v208c0 13.255 10.745 24 24 24h336c13.255 0 24-10.745 24-24V152z\"><\/path><\/svg>\t\t\t<\/div>\n\t\t<\/div>\n\t\t\t\t\t\t<\/div>\n\t\t\t\t<div class=\"elementor-element elementor-element-17a6e54a elementor-widget elementor-widget-text-editor\" data-id=\"17a6e54a\" data-element_type=\"widget\" data-e-type=\"widget\" data-widget_type=\"text-editor.default\">\n\t\t\t\t\t\t\t\t\t<p><span style=\"color: #1e3a5f;\"><strong>PARCS DE LOISIRS<br\/><\/strong>Parcs aquatiques, parcs animaliers, palmeraies et excursions vari\u00e9es<br><\/span><\/p>\t\t\t\t\t\t\t\t<\/div>\n\t\t\t\t<\/div>\n\t\t\t\t<div class=\"elementor-element elementor-element-27bc855a elementor-align-center elementor-widget elementor-widget-button\" data-id=\"27bc855a\" data-element_type=\"widget\" data-e-type=\"widget\" data-widget_type=\"button.default\">\n\t\t\t\t\t\t\t\t\t\t<a class=\"elementor-button elementor-button-link elementor-size-sm\" href=\"https:\/\/info-teulada-moraira.com\/rathaus\/\">\n\t\t\t\t\t\t<span class=\"elementor-button-content-wrapper\">\n\t\t\t\t\t\t<span class=\"elementor-button-icon\">\n\t\t\t\t<svg aria-hidden=\"true\" class=\"e-font-icon-svg e-fas-ticket-alt\" viewBox=\"0 0 576 512\" xmlns=\"http:\/\/www.w3.org\/2000\/svg\"><path d=\"M128 160h320v192H128V160zm400 96c0 26.51 21.49 48 48 48v96c0 26.51-21.49 48-48 48H48c-26.51 0-48-21.49-48-48v-96c26.51 0 48-21.49 48-48s-21.49-48-48-48v-96c0-26.51 21.49-48 48-48h480c26.51 0 48 21.49 48 48v96c-26.51 0-48 21.49-48 48zm-48-104c0-13.255-10.745-24-24-24H120c-13.255 0-24 10.745-24 24v208c0 13.255 10.745 24 24 24h336c13.255 0 24-10.745 24-24V152z\"><\/path><\/svg>\t\t\t<\/span>\n\t\t\t\t\t\t\t\t\t<span class=\"elementor-button-text\">en savoir plus \u2192 <\/span>\n\t\t\t\t\t<\/span>\n\t\t\t\t\t<\/a>\n\t\t\t\t\t\t\t\t<\/div>\n\t\t\t\t<\/div>\n\t\t<div class=\"elementor-element elementor-element-7d2230b7 e-con-full e-flex e-con e-child\" data-id=\"7d2230b7\" data-element_type=\"container\" data-e-type=\"container\" data-settings=\"{&quot;background_background&quot;:&quot;classic&quot;}\">\n\t\t<div class=\"elementor-element elementor-element-4ceea898 e-con-full e-flex e-con e-child\" data-id=\"4ceea898\" data-element_type=\"container\" data-e-type=\"container\">\n\t\t\t\t<div class=\"elementor-element elementor-element-262ced8b elementor-view-default elementor-widget elementor-widget-icon\" data-id=\"262ced8b\" data-element_type=\"widget\" data-e-type=\"widget\" data-widget_type=\"icon.default\">\n\t\t\t\t\t\t\t<div class=\"elementor-icon-wrapper\">\n\t\t\t<div class=\"elementor-icon\">\n\t\t\t<svg aria-hidden=\"true\" class=\"e-font-icon-svg e-fas-route\" viewBox=\"0 0 512 512\" xmlns=\"http:\/\/www.w3.org\/2000\/svg\"><path d=\"M416 320h-96c-17.6 0-32-14.4-32-32s14.4-32 32-32h96s96-107 96-160-43-96-96-96-96 43-96 96c0 25.5 22.2 63.4 45.3 96H320c-52.9 0-96 43.1-96 96s43.1 96 96 96h96c17.6 0 32 14.4 32 32s-14.4 32-32 32H185.5c-16 24.8-33.8 47.7-47.3 64H416c52.9 0 96-43.1 96-96s-43.1-96-96-96zm0-256c17.7 0 32 14.3 32 32s-14.3 32-32 32-32-14.3-32-32 14.3-32 32-32zM96 256c-53 0-96 43-96 96s96 160 96 160 96-107 96-160-43-96-96-96zm0 128c-17.7 0-32-14.3-32-32s14.3-32 32-32 32 14.3 32 32-14.3 32-32 32z\"><\/path><\/svg>\t\t\t<\/div>\n\t\t<\/div>\n\t\t\t\t\t\t<\/div>\n\t\t\t\t<div class=\"elementor-element elementor-element-56a0efaf elementor-widget elementor-widget-text-editor\" data-id=\"56a0efaf\" data-element_type=\"widget\" data-e-type=\"widget\" data-widget_type=\"text-editor.default\">\n\t\t\t\t\t\t\t\t\t<p class=\"p1\"><strong>DESTINATIONS D&#8217;EXCURSION<\/strong><br\/>Visitez des lieux remarquables comme Isla Tabarca, Novelda, ou des sites impressionnants <\/p>\t\t\t\t\t\t\t\t<\/div>\n\t\t\t\t<\/div>\n\t\t\t\t<div class=\"elementor-element elementor-element-2564c701 elementor-align-center elementor-widget elementor-widget-button\" data-id=\"2564c701\" data-element_type=\"widget\" data-e-type=\"widget\" data-widget_type=\"button.default\">\n\t\t\t\t\t\t\t\t\t\t<a class=\"elementor-button elementor-size-sm\" role=\"button\">\n\t\t\t\t\t\t<span class=\"elementor-button-content-wrapper\">\n\t\t\t\t\t\t<span class=\"elementor-button-icon\">\n\t\t\t\t<svg aria-hidden=\"true\" class=\"e-font-icon-svg e-fas-route\" viewBox=\"0 0 512 512\" xmlns=\"http:\/\/www.w3.org\/2000\/svg\"><path d=\"M416 320h-96c-17.6 0-32-14.4-32-32s14.4-32 32-32h96s96-107 96-160-43-96-96-96-96 43-96 96c0 25.5 22.2 63.4 45.3 96H320c-52.9 0-96 43.1-96 96s43.1 96 96 96h96c17.6 0 32 14.4 32 32s-14.4 32-32 32H185.5c-16 24.8-33.8 47.7-47.3 64H416c52.9 0 96-43.1 96-96s-43.1-96-96-96zm0-256c17.7 0 32 14.3 32 32s-14.3 32-32 32-32-14.3-32-32 14.3-32 32-32zM96 256c-53 0-96 43-96 96s96 160 96 160 96-107 96-160-43-96-96-96zm0 128c-17.7 0-32-14.3-32-32s14.3-32 32-32 32 14.3 32 32-14.3 32-32 32z\"><\/path><\/svg>\t\t\t<\/span>\n\t\t\t\t\t\t\t\t\t<span class=\"elementor-button-text\">en savoir plus \u2192 <\/span>\n\t\t\t\t\t<\/span>\n\t\t\t\t\t<\/a>\n\t\t\t\t\t\t\t\t<\/div>\n\t\t\t\t<\/div>\n\t\t<div class=\"elementor-element elementor-element-6404f836 e-con-full e-flex e-con e-child\" data-id=\"6404f836\" data-element_type=\"container\" data-e-type=\"container\" data-settings=\"{&quot;background_background&quot;:&quot;classic&quot;}\">\n\t\t<div class=\"elementor-element elementor-element-501253e5 e-con-full e-flex e-con e-child\" data-id=\"501253e5\" data-element_type=\"container\" data-e-type=\"container\">\n\t\t\t\t<div class=\"elementor-element elementor-element-539f7323 elementor-view-default elementor-widget elementor-widget-icon\" data-id=\"539f7323\" data-element_type=\"widget\" data-e-type=\"widget\" data-widget_type=\"icon.default\">\n\t\t\t\t\t\t\t<div class=\"elementor-icon-wrapper\">\n\t\t\t<div class=\"elementor-icon\">\n\t\t\t<svg aria-hidden=\"true\" class=\"e-font-icon-svg e-fas-hiking\" viewBox=\"0 0 384 512\" xmlns=\"http:\/\/www.w3.org\/2000\/svg\"><path d=\"M80.95 472.23c-4.28 17.16 6.14 34.53 23.28 38.81 2.61.66 5.22.95 7.8.95 14.33 0 27.37-9.7 31.02-24.23l25.24-100.97-52.78-52.78-34.56 138.22zm14.89-196.12L137 117c2.19-8.42-3.14-16.95-11.92-19.06-43.88-10.52-88.35 15.07-99.32 57.17L.49 253.24c-2.19 8.42 3.14 16.95 11.92 19.06l63.56 15.25c8.79 2.1 17.68-3.02 19.87-11.44zM368 160h-16c-8.84 0-16 7.16-16 16v16h-34.75l-46.78-46.78C243.38 134.11 228.61 128 212.91 128c-27.02 0-50.47 18.3-57.03 44.52l-26.92 107.72a32.012 32.012 0 0 0 8.42 30.39L224 397.25V480c0 17.67 14.33 32 32 32s32-14.33 32-32v-82.75c0-17.09-6.66-33.16-18.75-45.25l-46.82-46.82c.15-.5.49-.89.62-1.41l19.89-79.57 22.43 22.43c6 6 14.14 9.38 22.62 9.38h48v240c0 8.84 7.16 16 16 16h16c8.84 0 16-7.16 16-16V176c.01-8.84-7.15-16-15.99-16zM240 96c26.51 0 48-21.49 48-48S266.51 0 240 0s-48 21.49-48 48 21.49 48 48 48z\"><\/path><\/svg>\t\t\t<\/div>\n\t\t<\/div>\n\t\t\t\t\t\t<\/div>\n\t\t\t\t<div class=\"elementor-element elementor-element-4880383f elementor-widget elementor-widget-text-editor\" data-id=\"4880383f\" data-element_type=\"widget\" data-e-type=\"widget\" data-widget_type=\"text-editor.default\">\n\t\t\t\t\t\t\t\t\t<p class=\"p1\"><span style=\"color: #1e3a5f;\"><strong>SENTIER C\u00d4TIER<\/strong><\/span><br\/><span style=\"color: #1e3a5f;\">Sentier de randonn\u00e9e en bord de mer de Benissa \u00e0 Calpe, criques de pins et petites plages.<\/span><\/p>\t\t\t\t\t\t\t\t<\/div>\n\t\t\t\t<\/div>\n\t\t\t\t<div class=\"elementor-element elementor-element-55d779c1 elementor-align-center elementor-widget elementor-widget-button\" data-id=\"55d779c1\" data-element_type=\"widget\" data-e-type=\"widget\" data-widget_type=\"button.default\">\n\t\t\t\t\t\t\t\t\t\t<a class=\"elementor-button elementor-button-link elementor-size-sm\" href=\"#\">\n\t\t\t\t\t\t<span class=\"elementor-button-content-wrapper\">\n\t\t\t\t\t\t<span class=\"elementor-button-icon\">\n\t\t\t\t<svg aria-hidden=\"true\" class=\"e-font-icon-svg e-fas-hiking\" viewBox=\"0 0 384 512\" xmlns=\"http:\/\/www.w3.org\/2000\/svg\"><path d=\"M80.95 472.23c-4.28 17.16 6.14 34.53 23.28 38.81 2.61.66 5.22.95 7.8.95 14.33 0 27.37-9.7 31.02-24.23l25.24-100.97-52.78-52.78-34.56 138.22zm14.89-196.12L137 117c2.19-8.42-3.14-16.95-11.92-19.06-43.88-10.52-88.35 15.07-99.32 57.17L.49 253.24c-2.19 8.42 3.14 16.95 11.92 19.06l63.56 15.25c8.79 2.1 17.68-3.02 19.87-11.44zM368 160h-16c-8.84 0-16 7.16-16 16v16h-34.75l-46.78-46.78C243.38 134.11 228.61 128 212.91 128c-27.02 0-50.47 18.3-57.03 44.52l-26.92 107.72a32.012 32.012 0 0 0 8.42 30.39L224 397.25V480c0 17.67 14.33 32 32 32s32-14.33 32-32v-82.75c0-17.09-6.66-33.16-18.75-45.25l-46.82-46.82c.15-.5.49-.89.62-1.41l19.89-79.57 22.43 22.43c6 6 14.14 9.38 22.62 9.38h48v240c0 8.84 7.16 16 16 16h16c8.84 0 16-7.16 16-16V176c.01-8.84-7.15-16-15.99-16zM240 96c26.51 0 48-21.49 48-48S266.51 0 240 0s-48 21.49-48 48 21.49 48 48 48z\"><\/path><\/svg>\t\t\t<\/span>\n\t\t\t\t\t\t\t\t\t<span class=\"elementor-button-text\">en savoir plus \u2192 <\/span>\n\t\t\t\t\t<\/span>\n\t\t\t\t\t<\/a>\n\t\t\t\t\t\t\t\t<\/div>\n\t\t\t\t<\/div>\n\t\t<div class=\"elementor-element elementor-element-4bd8d2eb e-con-full e-flex e-con e-child\" data-id=\"4bd8d2eb\" data-element_type=\"container\" data-e-type=\"container\" data-settings=\"{&quot;background_background&quot;:&quot;classic&quot;}\">\n\t\t<div class=\"elementor-element elementor-element-7d1c28e9 e-con-full e-flex e-con e-child\" data-id=\"7d1c28e9\" data-element_type=\"container\" data-e-type=\"container\">\n\t\t\t\t<div class=\"elementor-element elementor-element-3c495e6a elementor-view-default elementor-widget elementor-widget-icon\" data-id=\"3c495e6a\" data-element_type=\"widget\" data-e-type=\"widget\" data-widget_type=\"icon.default\">\n\t\t\t\t\t\t\t<div class=\"elementor-icon-wrapper\">\n\t\t\t<div class=\"elementor-icon\">\n\t\t\t<svg aria-hidden=\"true\" class=\"e-font-icon-svg e-fas-monument\" viewBox=\"0 0 384 512\" xmlns=\"http:\/\/www.w3.org\/2000\/svg\"><path d=\"M368 448H16c-8.84 0-16 7.16-16 16v32c0 8.84 7.16 16 16 16h352c8.84 0 16-7.16 16-16v-32c0-8.84-7.16-16-16-16zm-78.86-347.26a31.97 31.97 0 0 0-9.21-19.44L203.31 4.69c-6.25-6.25-16.38-6.25-22.63 0l-76.6 76.61a31.97 31.97 0 0 0-9.21 19.44L64 416h256l-30.86-315.26zM240 307.2c0 6.4-6.4 12.8-12.8 12.8h-70.4c-6.4 0-12.8-6.4-12.8-12.8v-38.4c0-6.4 6.4-12.8 12.8-12.8h70.4c6.4 0 12.8 6.4 12.8 12.8v38.4z\"><\/path><\/svg>\t\t\t<\/div>\n\t\t<\/div>\n\t\t\t\t\t\t<\/div>\n\t\t\t\t<div class=\"elementor-element elementor-element-3d145585 elementor-widget elementor-widget-text-editor\" data-id=\"3d145585\" data-element_type=\"widget\" data-e-type=\"widget\" data-widget_type=\"text-editor.default\">\n\t\t\t\t\t\t\t\t\t<p class=\"p1\"><span style=\"color: #1e3a5f;\"><strong>GIGANTE DEL SAL<\/strong><\/span><br\/><span style=\"color: #1e3a5f;\">La sculpture monumentale en bronze au Castell de Moraira vaut le d\u00e9tour.<\/span><\/p>\t\t\t\t\t\t\t\t<\/div>\n\t\t\t\t<\/div>\n\t\t\t\t<div class=\"elementor-element elementor-element-5f34876c elementor-align-center elementor-widget elementor-widget-button\" data-id=\"5f34876c\" data-element_type=\"widget\" data-e-type=\"widget\" data-widget_type=\"button.default\">\n\t\t\t\t\t\t\t\t\t\t<a class=\"elementor-button elementor-button-link elementor-size-sm\" href=\"https:\/\/info-teulada-moraira.com\/fr\/informations-sur-la-ville\/loisirs-nature\/el-gigante-del-sal\/\">\n\t\t\t\t\t\t<span class=\"elementor-button-content-wrapper\">\n\t\t\t\t\t\t<span class=\"elementor-button-icon\">\n\t\t\t\t<svg aria-hidden=\"true\" class=\"e-font-icon-svg e-fas-monument\" viewBox=\"0 0 384 512\" xmlns=\"http:\/\/www.w3.org\/2000\/svg\"><path d=\"M368 448H16c-8.84 0-16 7.16-16 16v32c0 8.84 7.16 16 16 16h352c8.84 0 16-7.16 16-16v-32c0-8.84-7.16-16-16-16zm-78.86-347.26a31.97 31.97 0 0 0-9.21-19.44L203.31 4.69c-6.25-6.25-16.38-6.25-22.63 0l-76.6 76.61a31.97 31.97 0 0 0-9.21 19.44L64 416h256l-30.86-315.26zM240 307.2c0 6.4-6.4 12.8-12.8 12.8h-70.4c-6.4 0-12.8-6.4-12.8-12.8v-38.4c0-6.4 6.4-12.8 12.8-12.8h70.4c6.4 0 12.8 6.4 12.8 12.8v38.4z\"><\/path><\/svg>\t\t\t<\/span>\n\t\t\t\t\t\t\t\t\t<span class=\"elementor-button-text\">en savoir plus \u2192 <\/span>\n\t\t\t\t\t<\/span>\n\t\t\t\t\t<\/a>\n\t\t\t\t\t\t\t\t<\/div>\n\t\t\t\t<\/div>\n\t\t\t\t<\/div>\n\t\t\t\t<\/div>\n\t\t\t\t\t<\/div>\n\t\t\t\t<\/div>\n\t\t\t\t<\/div>\n\t\t","protected":false},"excerpt":{"rendered":"<p>Home Ruta Vicentina sur Google Maps Route de Sant Vicent Ferrer Sur les traces du saint patron de Teulada Un itin\u00e9raire de 3,5 km qui vous emm\u00e8ne \u00e0 la d\u00e9couverte des lieux les plus importants de Teulada li\u00e9s \u00e0 Sant Vicent Ferrer. Une promenade entre histoire, traditions et patrimoine culturel m\u00e9diterran\u00e9en. Recommandations pour la route [&hellip;]<\/p>\n","protected":false},"author":1,"featured_media":0,"parent":57820,"menu_order":0,"comment_status":"closed","ping_status":"closed","template":"elementor_header_footer","meta":{"_uag_custom_page_level_css":"","_monsterinsights_skip_tracking":false,"footnotes":""},"class_list":["post-74654","page","type-page","status-publish","hentry"],"aioseo_notices":[],"aioseo_head":"\n\t\t<!-- All in One SEO 5.0.1.1 - aioseo.com -->\n\t<meta name=\"description\" content=\"AccueilRuta Vicentina Ruta Vicentina Ruta Vicentina sur Google Maps Route de Sant Vicent Ferrer Sur les traces du saint patron de TeuladaUn itin\u00e9raire de 3,5 km qui vous emm\u00e8ne \u00e0 la d\u00e9couverte des lieux les plus importants de Teulada li\u00e9s \u00e0 Sant Vicent Ferrer. Une promenade entre histoire, traditions et patrimoine culturel m\u00e9diterran\u00e9en. Recommandations pour\" \/>\n\t<meta name=\"robots\" content=\"max-image-preview:large\" \/>\n\t<link rel=\"canonical\" href=\"https:\/\/info-teulada-moraira.com\/fr\/informations-sur-la-ville\/culture-vie-urbaine\/ruta-vicentina\/\" \/>\n\t<meta name=\"generator\" content=\"All in One SEO (AIOSEO) 5.0.1.1\" \/>\n\t\t<meta property=\"og:locale\" content=\"fr_FR\" \/>\n\t\t<meta property=\"og:site_name\" content=\"Info Teulada Moraira -\" \/>\n\t\t<meta property=\"og:type\" content=\"article\" \/>\n\t\t<meta property=\"og:title\" content=\"Ruta Vicentina - Info Teulada Moraira\" \/>\n\t\t<meta property=\"og:description\" content=\"AccueilRuta Vicentina Ruta Vicentina Ruta Vicentina sur Google Maps Route de Sant Vicent Ferrer Sur les traces du saint patron de TeuladaUn itin\u00e9raire de 3,5 km qui vous emm\u00e8ne \u00e0 la d\u00e9couverte des lieux les plus importants de Teulada li\u00e9s \u00e0 Sant Vicent Ferrer. Une promenade entre histoire, traditions et patrimoine culturel m\u00e9diterran\u00e9en. Recommandations pour\" \/>\n\t\t<meta property=\"og:url\" content=\"https:\/\/info-teulada-moraira.com\/fr\/informations-sur-la-ville\/culture-vie-urbaine\/ruta-vicentina\/\" \/>\n\t\t<meta property=\"article:published_time\" content=\"2026-06-22T12:48:40+00:00\" \/>\n\t\t<meta property=\"article:modified_time\" content=\"2026-06-22T17:14:03+00:00\" \/>\n\t\t<meta name=\"twitter:card\" content=\"summary_large_image\" \/>\n\t\t<meta name=\"twitter:title\" content=\"Ruta Vicentina - Info Teulada Moraira\" \/>\n\t\t<meta name=\"twitter:description\" content=\"AccueilRuta Vicentina Ruta Vicentina Ruta Vicentina sur Google Maps Route de Sant Vicent Ferrer Sur les traces du saint patron de TeuladaUn itin\u00e9raire de 3,5 km qui vous emm\u00e8ne \u00e0 la d\u00e9couverte des lieux les plus importants de Teulada li\u00e9s \u00e0 Sant Vicent Ferrer. Une promenade entre histoire, traditions et patrimoine culturel m\u00e9diterran\u00e9en. Recommandations pour\" \/>\n\t\t<script type=\"application\/ld+json\" class=\"aioseo-schema\">\n\t\t\t{\"@context\":\"https:\\\/\\\/schema.org\",\"@graph\":[{\"@type\":\"BreadcrumbList\",\"@id\":\"https:\\\/\\\/info-teulada-moraira.com\\\/fr\\\/informations-sur-la-ville\\\/culture-vie-urbaine\\\/ruta-vicentina\\\/#breadcrumblist\",\"itemListElement\":[{\"@type\":\"ListItem\",\"@id\":\"https:\\\/\\\/info-teulada-moraira.com\\\/fr\\\/#listItem\",\"position\":1,\"name\":\"Home\",\"item\":\"https:\\\/\\\/info-teulada-moraira.com\\\/fr\\\/\",\"nextItem\":{\"@type\":\"ListItem\",\"@id\":\"https:\\\/\\\/info-teulada-moraira.com\\\/fr\\\/informations-sur-la-ville\\\/#listItem\",\"name\":\"Informations sur la ville\"}},{\"@type\":\"ListItem\",\"@id\":\"https:\\\/\\\/info-teulada-moraira.com\\\/fr\\\/informations-sur-la-ville\\\/#listItem\",\"position\":2,\"name\":\"Informations sur la ville\",\"item\":\"https:\\\/\\\/info-teulada-moraira.com\\\/fr\\\/informations-sur-la-ville\\\/\",\"nextItem\":{\"@type\":\"ListItem\",\"@id\":\"https:\\\/\\\/info-teulada-moraira.com\\\/fr\\\/informations-sur-la-ville\\\/culture-vie-urbaine\\\/#listItem\",\"name\":\"Culture &amp; vie urbaine\"},\"previousItem\":{\"@type\":\"ListItem\",\"@id\":\"https:\\\/\\\/info-teulada-moraira.com\\\/fr\\\/#listItem\",\"name\":\"Home\"}},{\"@type\":\"ListItem\",\"@id\":\"https:\\\/\\\/info-teulada-moraira.com\\\/fr\\\/informations-sur-la-ville\\\/culture-vie-urbaine\\\/#listItem\",\"position\":3,\"name\":\"Culture &amp; vie urbaine\",\"item\":\"https:\\\/\\\/info-teulada-moraira.com\\\/fr\\\/informations-sur-la-ville\\\/culture-vie-urbaine\\\/\",\"nextItem\":{\"@type\":\"ListItem\",\"@id\":\"https:\\\/\\\/info-teulada-moraira.com\\\/fr\\\/informations-sur-la-ville\\\/culture-vie-urbaine\\\/ruta-vicentina\\\/#listItem\",\"name\":\"Ruta Vicentina\"},\"previousItem\":{\"@type\":\"ListItem\",\"@id\":\"https:\\\/\\\/info-teulada-moraira.com\\\/fr\\\/informations-sur-la-ville\\\/#listItem\",\"name\":\"Informations sur la ville\"}},{\"@type\":\"ListItem\",\"@id\":\"https:\\\/\\\/info-teulada-moraira.com\\\/fr\\\/informations-sur-la-ville\\\/culture-vie-urbaine\\\/ruta-vicentina\\\/#listItem\",\"position\":4,\"name\":\"Ruta Vicentina\",\"previousItem\":{\"@type\":\"ListItem\",\"@id\":\"https:\\\/\\\/info-teulada-moraira.com\\\/fr\\\/informations-sur-la-ville\\\/culture-vie-urbaine\\\/#listItem\",\"name\":\"Culture &amp; vie urbaine\"}}]},{\"@type\":\"Organization\",\"@id\":\"https:\\\/\\\/info-teulada-moraira.com\\\/fr\\\/#organization\",\"name\":\"Info Teulada Moraira\",\"url\":\"https:\\\/\\\/info-teulada-moraira.com\\\/fr\\\/\"},{\"@type\":\"WebPage\",\"@id\":\"https:\\\/\\\/info-teulada-moraira.com\\\/fr\\\/informations-sur-la-ville\\\/culture-vie-urbaine\\\/ruta-vicentina\\\/#webpage\",\"url\":\"https:\\\/\\\/info-teulada-moraira.com\\\/fr\\\/informations-sur-la-ville\\\/culture-vie-urbaine\\\/ruta-vicentina\\\/\",\"name\":\"Ruta Vicentina - Info Teulada Moraira\",\"description\":\"AccueilRuta Vicentina Ruta Vicentina Ruta Vicentina sur Google Maps Route de Sant Vicent Ferrer Sur les traces du saint patron de TeuladaUn itin\\u00e9raire de 3,5 km qui vous emm\\u00e8ne \\u00e0 la d\\u00e9couverte des lieux les plus importants de Teulada li\\u00e9s \\u00e0 Sant Vicent Ferrer. Une promenade entre histoire, traditions et patrimoine culturel m\\u00e9diterran\\u00e9en. Recommandations pour\",\"inLanguage\":\"fr-FR\",\"isPartOf\":{\"@id\":\"https:\\\/\\\/info-teulada-moraira.com\\\/fr\\\/#website\"},\"breadcrumb\":{\"@id\":\"https:\\\/\\\/info-teulada-moraira.com\\\/fr\\\/informations-sur-la-ville\\\/culture-vie-urbaine\\\/ruta-vicentina\\\/#breadcrumblist\"},\"datePublished\":\"2026-06-22T12:48:40+00:00\",\"dateModified\":\"2026-06-22T17:14:03+00:00\"},{\"@type\":\"WebSite\",\"@id\":\"https:\\\/\\\/info-teulada-moraira.com\\\/fr\\\/#website\",\"url\":\"https:\\\/\\\/info-teulada-moraira.com\\\/fr\\\/\",\"name\":\"Info Teulada Moraira\",\"inLanguage\":\"fr-FR\",\"publisher\":{\"@id\":\"https:\\\/\\\/info-teulada-moraira.com\\\/fr\\\/#organization\"}}]}\n\t\t<\/script>\n\t\t<!-- All in One SEO -->\n\n","aioseo_head_json":{"title":"Ruta Vicentina - Info Teulada Moraira","description":"AccueilRuta Vicentina Ruta Vicentina Ruta Vicentina sur Google Maps Route de Sant Vicent Ferrer Sur les traces du saint patron de TeuladaUn itin\u00e9raire de 3,5 km qui vous emm\u00e8ne \u00e0 la d\u00e9couverte des lieux les plus importants de Teulada li\u00e9s \u00e0 Sant Vicent Ferrer. Une promenade entre histoire, traditions et patrimoine culturel m\u00e9diterran\u00e9en. Recommandations pour","canonical_url":"https:\/\/info-teulada-moraira.com\/fr\/informations-sur-la-ville\/culture-vie-urbaine\/ruta-vicentina\/","robots":"max-image-preview:large","keywords":"","webmasterTools":{"miscellaneous":""},"schema":{"@context":"https:\/\/schema.org","@graph":[{"@type":"BreadcrumbList","@id":"https:\/\/info-teulada-moraira.com\/fr\/informations-sur-la-ville\/culture-vie-urbaine\/ruta-vicentina\/#breadcrumblist","itemListElement":[{"@type":"ListItem","@id":"https:\/\/info-teulada-moraira.com\/fr\/#listItem","position":1,"name":"Home","item":"https:\/\/info-teulada-moraira.com\/fr\/","nextItem":{"@type":"ListItem","@id":"https:\/\/info-teulada-moraira.com\/fr\/informations-sur-la-ville\/#listItem","name":"Informations sur la ville"}},{"@type":"ListItem","@id":"https:\/\/info-teulada-moraira.com\/fr\/informations-sur-la-ville\/#listItem","position":2,"name":"Informations sur la ville","item":"https:\/\/info-teulada-moraira.com\/fr\/informations-sur-la-ville\/","nextItem":{"@type":"ListItem","@id":"https:\/\/info-teulada-moraira.com\/fr\/informations-sur-la-ville\/culture-vie-urbaine\/#listItem","name":"Culture &amp; vie urbaine"},"previousItem":{"@type":"ListItem","@id":"https:\/\/info-teulada-moraira.com\/fr\/#listItem","name":"Home"}},{"@type":"ListItem","@id":"https:\/\/info-teulada-moraira.com\/fr\/informations-sur-la-ville\/culture-vie-urbaine\/#listItem","position":3,"name":"Culture &amp; vie urbaine","item":"https:\/\/info-teulada-moraira.com\/fr\/informations-sur-la-ville\/culture-vie-urbaine\/","nextItem":{"@type":"ListItem","@id":"https:\/\/info-teulada-moraira.com\/fr\/informations-sur-la-ville\/culture-vie-urbaine\/ruta-vicentina\/#listItem","name":"Ruta Vicentina"},"previousItem":{"@type":"ListItem","@id":"https:\/\/info-teulada-moraira.com\/fr\/informations-sur-la-ville\/#listItem","name":"Informations sur la ville"}},{"@type":"ListItem","@id":"https:\/\/info-teulada-moraira.com\/fr\/informations-sur-la-ville\/culture-vie-urbaine\/ruta-vicentina\/#listItem","position":4,"name":"Ruta Vicentina","previousItem":{"@type":"ListItem","@id":"https:\/\/info-teulada-moraira.com\/fr\/informations-sur-la-ville\/culture-vie-urbaine\/#listItem","name":"Culture &amp; vie urbaine"}}]},{"@type":"Organization","@id":"https:\/\/info-teulada-moraira.com\/fr\/#organization","name":"Info Teulada Moraira","url":"https:\/\/info-teulada-moraira.com\/fr\/"},{"@type":"WebPage","@id":"https:\/\/info-teulada-moraira.com\/fr\/informations-sur-la-ville\/culture-vie-urbaine\/ruta-vicentina\/#webpage","url":"https:\/\/info-teulada-moraira.com\/fr\/informations-sur-la-ville\/culture-vie-urbaine\/ruta-vicentina\/","name":"Ruta Vicentina - Info Teulada Moraira","description":"AccueilRuta Vicentina Ruta Vicentina Ruta Vicentina sur Google Maps Route de Sant Vicent Ferrer Sur les traces du saint patron de TeuladaUn itin\u00e9raire de 3,5 km qui vous emm\u00e8ne \u00e0 la d\u00e9couverte des lieux les plus importants de Teulada li\u00e9s \u00e0 Sant Vicent Ferrer. Une promenade entre histoire, traditions et patrimoine culturel m\u00e9diterran\u00e9en. Recommandations pour","inLanguage":"fr-FR","isPartOf":{"@id":"https:\/\/info-teulada-moraira.com\/fr\/#website"},"breadcrumb":{"@id":"https:\/\/info-teulada-moraira.com\/fr\/informations-sur-la-ville\/culture-vie-urbaine\/ruta-vicentina\/#breadcrumblist"},"datePublished":"2026-06-22T12:48:40+00:00","dateModified":"2026-06-22T17:14:03+00:00"},{"@type":"WebSite","@id":"https:\/\/info-teulada-moraira.com\/fr\/#website","url":"https:\/\/info-teulada-moraira.com\/fr\/","name":"Info Teulada Moraira","inLanguage":"fr-FR","publisher":{"@id":"https:\/\/info-teulada-moraira.com\/fr\/#organization"}}]},"og:locale":"fr_FR","og:site_name":"Info Teulada Moraira -","og:type":"article","og:title":"Ruta Vicentina - Info Teulada Moraira","og:description":"AccueilRuta Vicentina Ruta Vicentina Ruta Vicentina sur Google Maps Route de Sant Vicent Ferrer Sur les traces du saint patron de TeuladaUn itin\u00e9raire de 3,5 km qui vous emm\u00e8ne \u00e0 la d\u00e9couverte des lieux les plus importants de Teulada li\u00e9s \u00e0 Sant Vicent Ferrer. Une promenade entre histoire, traditions et patrimoine culturel m\u00e9diterran\u00e9en. Recommandations pour","og:url":"https:\/\/info-teulada-moraira.com\/fr\/informations-sur-la-ville\/culture-vie-urbaine\/ruta-vicentina\/","article:published_time":"2026-06-22T12:48:40+00:00","article:modified_time":"2026-06-22T17:14:03+00:00","twitter:card":"summary_large_image","twitter:title":"Ruta Vicentina - Info Teulada Moraira","twitter:description":"AccueilRuta Vicentina Ruta Vicentina Ruta Vicentina sur Google Maps Route de Sant Vicent Ferrer Sur les traces du saint patron de TeuladaUn itin\u00e9raire de 3,5 km qui vous emm\u00e8ne \u00e0 la d\u00e9couverte des lieux les plus importants de Teulada li\u00e9s \u00e0 Sant Vicent Ferrer. Une promenade entre histoire, traditions et patrimoine culturel m\u00e9diterran\u00e9en. Recommandations pour"},"aioseo_meta_data":{"post_id":"74654","title":null,"description":null,"keywords":null,"keyphrases":{"focus":{"keyphrase":"","score":0,"analysis":{"keyphraseInTitle":{"score":0,"maxScore":9,"error":1}}},"additional":[]},"primary_term":null,"canonical_url":null,"og_title":null,"og_description":null,"og_object_type":"default","og_image_type":"default","og_image_url":null,"og_image_width":null,"og_image_height":null,"og_image_custom_url":null,"og_image_custom_fields":null,"og_video":"","og_custom_url":null,"og_article_section":null,"og_article_tags":null,"twitter_use_og":false,"twitter_card":"default","twitter_image_type":"default","twitter_image_url":null,"twitter_image_custom_url":null,"twitter_image_custom_fields":null,"twitter_title":null,"twitter_description":null,"schema":{"blockGraphs":[],"customGraphs":[],"default":{"data":{"Article":[],"Course":[],"Dataset":[],"FAQPage":[],"Movie":[],"Person":[],"Product":[],"ProductReview":[],"Car":[],"Recipe":[],"Service":[],"SoftwareApplication":[],"WebPage":[]},"graphName":"WebPage","isEnabled":true},"graphs":[]},"schema_type":"default","schema_type_options":null,"pillar_content":false,"robots_default":true,"robots_noindex":false,"robots_noarchive":false,"robots_nosnippet":false,"robots_nofollow":false,"robots_noimageindex":false,"robots_noodp":false,"robots_notranslate":false,"robots_max_snippet":"-1","robots_max_videopreview":"-1","robots_max_imagepreview":"large","priority":null,"frequency":"default","local_seo":null,"breadcrumb_settings":null,"limit_modified_date":false,"ai":{"faqs":[],"keyPoints":[],"schemas":[],"titles":[],"descriptions":[],"socialPosts":{"email":[],"linkedin":[],"twitter":[],"facebook":[],"instagram":[]}},"created":"2026-06-22 16:19:09","updated":"2026-06-22 17:17:32","seo_analyzer_scan_date":null,"focus_keyword":null,"additional_keywords":null,"truseo_locale":null},"aioseo_breadcrumb":"<div class=\"aioseo-breadcrumbs\"><span class=\"aioseo-breadcrumb\">\n\t\t\t<a href=\"https:\/\/info-teulada-moraira.com\/fr\/\" title=\"Home\">Home<\/a>\n\t\t<\/span><span class=\"aioseo-breadcrumb-separator\">&raquo;<\/span><span class=\"aioseo-breadcrumb\">\n\t\t\t<a href=\"https:\/\/info-teulada-moraira.com\/fr\/informations-sur-la-ville\/\" title=\"Informations sur la ville\">Informations sur la ville<\/a>\n\t\t<\/span><span class=\"aioseo-breadcrumb-separator\">&raquo;<\/span><span class=\"aioseo-breadcrumb\">\n\t\t\t<a href=\"https:\/\/info-teulada-moraira.com\/fr\/informations-sur-la-ville\/culture-vie-urbaine\/\" title=\"Culture &amp; vie urbaine\">Culture &amp; vie urbaine<\/a>\n\t\t<\/span><span class=\"aioseo-breadcrumb-separator\">&raquo;<\/span><span class=\"aioseo-breadcrumb\">\n\t\t\tRuta Vicentina\n\t\t<\/span><\/div>","aioseo_breadcrumb_json":[{"label":"Home","link":"https:\/\/info-teulada-moraira.com\/fr\/"},{"label":"Informations sur la ville","link":"https:\/\/info-teulada-moraira.com\/fr\/informations-sur-la-ville\/"},{"label":"Culture &amp; vie urbaine","link":"https:\/\/info-teulada-moraira.com\/fr\/informations-sur-la-ville\/culture-vie-urbaine\/"},{"label":"Ruta Vicentina","link":"https:\/\/info-teulada-moraira.com\/fr\/informations-sur-la-ville\/culture-vie-urbaine\/ruta-vicentina\/"}],"uagb_featured_image_src":{"full":false,"thumbnail":false,"medium":false,"medium_large":false,"large":false,"1536x1536":false,"2048x2048":false,"houzez-gallery":false,"houzez-top-v7":false,"houzez-item-image-6":false},"uagb_author_info":{"display_name":"INFO Teulada Moraira","author_link":"https:\/\/info-teulada-moraira.com\/fr\/author\/info\/"},"uagb_comment_info":0,"uagb_excerpt":"Home Ruta Vicentina sur Google Maps Route de Sant Vicent Ferrer Sur les traces du saint patron de Teulada Un itin\u00e9raire de 3,5 km qui vous emm\u00e8ne \u00e0 la d\u00e9couverte des lieux les plus importants de Teulada li\u00e9s \u00e0 Sant Vicent Ferrer. Une promenade entre histoire, traditions et patrimoine culturel m\u00e9diterran\u00e9en. Recommandations pour la route\u2026","_links":{"self":[{"href":"https:\/\/info-teulada-moraira.com\/fr\/wp-json\/wp\/v2\/pages\/74654","targetHints":{"allow":["GET"]}}],"collection":[{"href":"https:\/\/info-teulada-moraira.com\/fr\/wp-json\/wp\/v2\/pages"}],"about":[{"href":"https:\/\/info-teulada-moraira.com\/fr\/wp-json\/wp\/v2\/types\/page"}],"author":[{"embeddable":true,"href":"https:\/\/info-teulada-moraira.com\/fr\/wp-json\/wp\/v2\/users\/1"}],"replies":[{"embeddable":true,"href":"https:\/\/info-teulada-moraira.com\/fr\/wp-json\/wp\/v2\/comments?post=74654"}],"version-history":[{"count":1,"href":"https:\/\/info-teulada-moraira.com\/fr\/wp-json\/wp\/v2\/pages\/74654\/revisions"}],"predecessor-version":[{"id":74657,"href":"https:\/\/info-teulada-moraira.com\/fr\/wp-json\/wp\/v2\/pages\/74654\/revisions\/74657"}],"up":[{"embeddable":true,"href":"https:\/\/info-teulada-moraira.com\/fr\/wp-json\/wp\/v2\/pages\/57820"}],"wp:attachment":[{"href":"https:\/\/info-teulada-moraira.com\/fr\/wp-json\/wp\/v2\/media?parent=74654"}],"curies":[{"name":"wp","href":"https:\/\/api.w.org\/{rel}","templated":true}]}}