{"id":81486,"date":"2026-08-11T19:18:14","date_gmt":"2026-08-11T19:18:14","guid":{"rendered":"https:\/\/info-teulada-moraira.com\/property\/re09-cfbtvp-apartment-la-vente-calpe\/"},"modified":"2026-08-11T19:18:14","modified_gmt":"2026-08-11T19:18:14","slug":"re09-cfbtvp-apartment-la-vente-calpe","status":"publish","type":"property","link":"https:\/\/info-teulada-moraira.com\/fr\/property\/re09-cfbtvp-apartment-la-vente-calpe\/","title":{"rendered":"RE09-CFBTVP  Apartment &#xE0; la vente &#xE0; Calpe"},"content":{"rendered":"\nNouveaux appartements avec vue sur la mer &#xE0; vendre &#xE0; Calpe<p><p>Un nouvel appartement de luxe situ&#xE9; &#xE0; proximit&#xE9; du centreville et de la plage. L&#8217;appartement est situ&#xE9; dans un nouveau b&#xE2;timent achev&#xE9; en 2023, la propri&#xE9;t&#xE9; dispose d&#8217;un h&#xE9;bergement spacieux avec une finition de haute qualit&#xE9;. L&#8217;appartement dispose de 2 chambres, de 2 salles de bains, d&#8217;un grand balconterrasse avec une tr&#xE8;s belle vue sur la mer et d&#8217;un salon d&#xE9;cloisonn&#xE9; avec une cuisine moderne enti&#xE8;rement &#xE9;quip&#xE9;e. 455.000 euros comprenant un garage et un d&#xE9;barras.<p><p>Les nouveaux appartements avec vue sur la mer &#xE0; Calpe sont situ&#xE9;s &#xE0; 350 m&#xE8;tres de la plage de Playa del ArenalBol, une longue plage de sable bord&#xE9;e de bars et de restaurants, il y a aussi un supermarch&#xE9; &#xE0; quelques minutes &#xE0; pied des appartements et le centreville est trouv&#xE9; &#xE0; 650 m&#xE8;tres.<p><p>Des appartements de deux et trois chambres sont disponibles &#xE0; l&#8217;achat, les appartements offrent une vue sur la mer, le lac sal&#xE9; et les montagnes.<p><p>Les appartements &#xE0; vendre se composent de deux b&#xE2;timents modernes avec des espaces communs ferm&#xE9;s, une grande piscine, des terrasses pour bronzer et du paddletennis. Chaque b&#xE2;timent dispose de salles sociales communes et d&#8217;un GYM situ&#xE9; au 9&#xE8;me &#xE9;tage.<p><p>Les qualit&#xE9;s comprennent : porte d&#8217;entr&#xE9;e blind&#xE9;e, menuiserie int&#xE9;rieure laqu&#xE9;e lisse, armoires encastr&#xE9;es dans les chambres avec penderie, &#xE9;tag&#xE8;res et tiroirs, et carrelage au sol et aux murs avec du gr&#xE8;s de 1&#xE8;re qualit&#xE9;. Cuisine &#xE9;quip&#xE9;e d&#8217;armoires de grande capacit&#xE9; avec poign&#xE9;es dissimul&#xE9;es, &#xE9;quip&#xE9;e d&#8217;une plaque &#xE0; induction, d&#8217;un four multifonctions, d&#8217;un four microondes int&#xE9;gr&#xE9; et d&#8217;une hotte aspirante. Chauffage et refroidissement par conduits. Connexions TV, t&#xE9;l&#xE9;phone et enterrement.\r\n<div style=\"background: #f7f7f7; padding: 15px; border-radius: 8px; text-align: center; margin-top: 20px;\">\r\n\r\n<img decoding=\"async\" style=\"width: 100%; max-width: 260px;\" src=\"\/wp-content\/uploads\/2026\/04\/energie-1.png\" \/>\r\n<p style=\"margin-top: 10px; font-weight: 600;\">Energy certificate in progress<\/p>\r\n\r\n<\/div>\n","protected":false},"excerpt":{"rendered":"<p>Nouveaux appartements avec vue sur la mer &#xE0; vendre &#xE0; Calpe Un nouvel appartement de luxe situ&#xE9; &#xE0; proximit&#xE9; du centreville et de la plage. L&#8217;appartement est situ&#xE9; dans un nouveau b&#xE2;timent achev&#xE9; en 2023, la propri&#xE9;t&#xE9; dispose d&#8217;un h&#xE9;bergement spacieux avec une finition de haute qualit&#xE9;. L&#8217;appartement dispose de 2 chambres, de 2 salles [&hellip;]<\/p>\n","protected":false},"author":1,"featured_media":81328,"parent":0,"menu_order":0,"template":"","property_type":[879],"property_status":[],"property_feature":[1085],"property_label":[],"property_country":[863],"property_state":[864],"property_city":[873],"property_area":[915],"class_list":["post-81486","property","type-property","status-publish","has-post-thumbnail","hentry","property_type-appartement","property_feature-cuisine-kitchen-appliances","property_country-spain","property_state-alicante","property_city-calpe","property_area-calpe"],"aioseo_notices":[],"aioseo_head":"\n\t\t<!-- All in One SEO 5.0.1.1 - aioseo.com -->\n\t<meta name=\"description\" content=\"Nouveaux appartements avec vue sur la mer \u00e0 vendre \u00e0 CalpeUn nouvel appartement de luxe situ\u00e9 \u00e0 proximit\u00e9 du centreville et de la plage. L&#039;appartement est situ\u00e9 dans un nouveau b\u00e2timent achev\u00e9 en 2023, la propri\u00e9t\u00e9 dispose d&#039;un h\u00e9bergement spacieux avec une finition de haute qualit\u00e9. L&#039;appartement dispose de 2 chambres, de 2 salles de\" \/>\n\t<meta name=\"robots\" content=\"max-image-preview:large\" \/>\n\t<meta name=\"author\" content=\"INFO Teulada Moraira\"\/>\n\t<link rel=\"canonical\" href=\"https:\/\/info-teulada-moraira.com\/fr\/property\/re09-cfbtvp-apartment-la-vente-calpe\/\" \/>\n\t<meta name=\"generator\" content=\"All in One SEO (AIOSEO) 5.0.1.1\" \/>\n\t\t<meta property=\"og:locale\" content=\"fr_FR\" \/>\n\t\t<meta property=\"og:site_name\" content=\"Info Teulada Moraira -\" \/>\n\t\t<meta property=\"og:type\" content=\"article\" \/>\n\t\t<meta property=\"og:title\" content=\"RE09-CFBTVP Apartment \u00e0 la vente \u00e0 Calpe - Info Teulada Moraira\" \/>\n\t\t<meta property=\"og:description\" content=\"Nouveaux appartements avec vue sur la mer \u00e0 vendre \u00e0 CalpeUn nouvel appartement de luxe situ\u00e9 \u00e0 proximit\u00e9 du centreville et de la plage. L&#039;appartement est situ\u00e9 dans un nouveau b\u00e2timent achev\u00e9 en 2023, la propri\u00e9t\u00e9 dispose d&#039;un h\u00e9bergement spacieux avec une finition de haute qualit\u00e9. L&#039;appartement dispose de 2 chambres, de 2 salles de\" \/>\n\t\t<meta property=\"og:url\" content=\"https:\/\/info-teulada-moraira.com\/fr\/property\/re09-cfbtvp-apartment-la-vente-calpe\/\" \/>\n\t\t<meta property=\"article:published_time\" content=\"2026-08-11T19:18:14+00:00\" \/>\n\t\t<meta property=\"article:modified_time\" content=\"2026-08-11T19:18:14+00:00\" \/>\n\t\t<meta name=\"twitter:card\" content=\"summary_large_image\" \/>\n\t\t<meta name=\"twitter:title\" content=\"RE09-CFBTVP Apartment \u00e0 la vente \u00e0 Calpe - Info Teulada Moraira\" \/>\n\t\t<meta name=\"twitter:description\" content=\"Nouveaux appartements avec vue sur la mer \u00e0 vendre \u00e0 CalpeUn nouvel appartement de luxe situ\u00e9 \u00e0 proximit\u00e9 du centreville et de la plage. L&#039;appartement est situ\u00e9 dans un nouveau b\u00e2timent achev\u00e9 en 2023, la propri\u00e9t\u00e9 dispose d&#039;un h\u00e9bergement spacieux avec une finition de haute qualit\u00e9. L&#039;appartement dispose de 2 chambres, de 2 salles de\" \/>\n\t\t<script type=\"application\/ld+json\" class=\"aioseo-schema\">\n\t\t\t{\"@context\":\"https:\\\/\\\/schema.org\",\"@graph\":[{\"@type\":\"BreadcrumbList\",\"@id\":\"https:\\\/\\\/info-teulada-moraira.com\\\/fr\\\/property\\\/re09-cfbtvp-apartment-la-vente-calpe\\\/#breadcrumblist\",\"itemListElement\":[{\"@type\":\"ListItem\",\"@id\":\"https:\\\/\\\/info-teulada-moraira.com\\\/fr\\\/#listItem\",\"position\":1,\"name\":\"Home\",\"item\":\"https:\\\/\\\/info-teulada-moraira.com\\\/fr\\\/\",\"nextItem\":{\"@type\":\"ListItem\",\"@id\":\"https:\\\/\\\/info-teulada-moraira.com\\\/fr\\\/property\\\/#listItem\",\"name\":\"Propri\\u00e9t\\u00e9s\"}},{\"@type\":\"ListItem\",\"@id\":\"https:\\\/\\\/info-teulada-moraira.com\\\/fr\\\/property\\\/#listItem\",\"position\":2,\"name\":\"Propri\\u00e9t\\u00e9s\",\"item\":\"https:\\\/\\\/info-teulada-moraira.com\\\/fr\\\/property\\\/\",\"nextItem\":{\"@type\":\"ListItem\",\"@id\":\"https:\\\/\\\/info-teulada-moraira.com\\\/fr\\\/property-type\\\/appartement\\\/#listItem\",\"name\":\"Appartement\"},\"previousItem\":{\"@type\":\"ListItem\",\"@id\":\"https:\\\/\\\/info-teulada-moraira.com\\\/fr\\\/#listItem\",\"name\":\"Home\"}},{\"@type\":\"ListItem\",\"@id\":\"https:\\\/\\\/info-teulada-moraira.com\\\/fr\\\/property-type\\\/appartement\\\/#listItem\",\"position\":3,\"name\":\"Appartement\",\"item\":\"https:\\\/\\\/info-teulada-moraira.com\\\/fr\\\/property-type\\\/appartement\\\/\",\"nextItem\":{\"@type\":\"ListItem\",\"@id\":\"https:\\\/\\\/info-teulada-moraira.com\\\/fr\\\/property\\\/re09-cfbtvp-apartment-la-vente-calpe\\\/#listItem\",\"name\":\"RE09-CFBTVP  Apartment &#xE0; la vente &#xE0; Calpe\"},\"previousItem\":{\"@type\":\"ListItem\",\"@id\":\"https:\\\/\\\/info-teulada-moraira.com\\\/fr\\\/property\\\/#listItem\",\"name\":\"Propri\\u00e9t\\u00e9s\"}},{\"@type\":\"ListItem\",\"@id\":\"https:\\\/\\\/info-teulada-moraira.com\\\/fr\\\/property\\\/re09-cfbtvp-apartment-la-vente-calpe\\\/#listItem\",\"position\":4,\"name\":\"RE09-CFBTVP  Apartment &#xE0; la vente &#xE0; Calpe\",\"previousItem\":{\"@type\":\"ListItem\",\"@id\":\"https:\\\/\\\/info-teulada-moraira.com\\\/fr\\\/property-type\\\/appartement\\\/#listItem\",\"name\":\"Appartement\"}}]},{\"@type\":\"Organization\",\"@id\":\"https:\\\/\\\/info-teulada-moraira.com\\\/fr\\\/#organization\",\"name\":\"Info Teulada Moraira\",\"url\":\"https:\\\/\\\/info-teulada-moraira.com\\\/fr\\\/\"},{\"@type\":\"Person\",\"@id\":\"https:\\\/\\\/info-teulada-moraira.com\\\/fr\\\/author\\\/info\\\/#author\",\"url\":\"https:\\\/\\\/info-teulada-moraira.com\\\/fr\\\/author\\\/info\\\/\",\"name\":\"INFO Teulada Moraira\"},{\"@type\":\"WebPage\",\"@id\":\"https:\\\/\\\/info-teulada-moraira.com\\\/fr\\\/property\\\/re09-cfbtvp-apartment-la-vente-calpe\\\/#webpage\",\"url\":\"https:\\\/\\\/info-teulada-moraira.com\\\/fr\\\/property\\\/re09-cfbtvp-apartment-la-vente-calpe\\\/\",\"name\":\"RE09-CFBTVP Apartment \\u00e0 la vente \\u00e0 Calpe - Info Teulada Moraira\",\"description\":\"Nouveaux appartements avec vue sur la mer \\u00e0 vendre \\u00e0 CalpeUn nouvel appartement de luxe situ\\u00e9 \\u00e0 proximit\\u00e9 du centreville et de la plage. L'appartement est situ\\u00e9 dans un nouveau b\\u00e2timent achev\\u00e9 en 2023, la propri\\u00e9t\\u00e9 dispose d'un h\\u00e9bergement spacieux avec une finition de haute qualit\\u00e9. L'appartement dispose de 2 chambres, de 2 salles de\",\"inLanguage\":\"fr-FR\",\"isPartOf\":{\"@id\":\"https:\\\/\\\/info-teulada-moraira.com\\\/fr\\\/#website\"},\"breadcrumb\":{\"@id\":\"https:\\\/\\\/info-teulada-moraira.com\\\/fr\\\/property\\\/re09-cfbtvp-apartment-la-vente-calpe\\\/#breadcrumblist\"},\"author\":{\"@id\":\"https:\\\/\\\/info-teulada-moraira.com\\\/fr\\\/author\\\/info\\\/#author\"},\"creator\":{\"@id\":\"https:\\\/\\\/info-teulada-moraira.com\\\/fr\\\/author\\\/info\\\/#author\"},\"image\":{\"@type\":\"ImageObject\",\"url\":\"https:\\\/\\\/info-teulada-moraira.com\\\/wp-content\\\/uploads\\\/2026\\\/08\\\/o_1h2603v211uhh40v1tebt2q1eer1a.jpg\",\"@id\":\"https:\\\/\\\/info-teulada-moraira.com\\\/fr\\\/property\\\/re09-cfbtvp-apartment-la-vente-calpe\\\/#mainImage\",\"width\":1132,\"height\":846,\"caption\":\"Apartment for sale in Calpe\"},\"primaryImageOfPage\":{\"@id\":\"https:\\\/\\\/info-teulada-moraira.com\\\/fr\\\/property\\\/re09-cfbtvp-apartment-la-vente-calpe\\\/#mainImage\"},\"datePublished\":\"2026-08-11T19:18:14+00:00\",\"dateModified\":\"2026-08-11T19:18:14+00:00\"},{\"@type\":\"WebSite\",\"@id\":\"https:\\\/\\\/info-teulada-moraira.com\\\/fr\\\/#website\",\"url\":\"https:\\\/\\\/info-teulada-moraira.com\\\/fr\\\/\",\"name\":\"Info Teulada Moraira\",\"inLanguage\":\"fr-FR\",\"publisher\":{\"@id\":\"https:\\\/\\\/info-teulada-moraira.com\\\/fr\\\/#organization\"}}]}\n\t\t<\/script>\n\t\t<!-- All in One SEO -->\n\n","aioseo_head_json":{"title":"RE09-CFBTVP Apartment \u00e0 la vente \u00e0 Calpe - Info Teulada Moraira","description":"Nouveaux appartements avec vue sur la mer \u00e0 vendre \u00e0 CalpeUn nouvel appartement de luxe situ\u00e9 \u00e0 proximit\u00e9 du centreville et de la plage. L'appartement est situ\u00e9 dans un nouveau b\u00e2timent achev\u00e9 en 2023, la propri\u00e9t\u00e9 dispose d'un h\u00e9bergement spacieux avec une finition de haute qualit\u00e9. L'appartement dispose de 2 chambres, de 2 salles de","canonical_url":"https:\/\/info-teulada-moraira.com\/fr\/property\/re09-cfbtvp-apartment-la-vente-calpe\/","robots":"max-image-preview:large","keywords":"","webmasterTools":{"miscellaneous":""},"schema":{"@context":"https:\/\/schema.org","@graph":[{"@type":"BreadcrumbList","@id":"https:\/\/info-teulada-moraira.com\/fr\/property\/re09-cfbtvp-apartment-la-vente-calpe\/#breadcrumblist","itemListElement":[{"@type":"ListItem","@id":"https:\/\/info-teulada-moraira.com\/fr\/#listItem","position":1,"name":"Home","item":"https:\/\/info-teulada-moraira.com\/fr\/","nextItem":{"@type":"ListItem","@id":"https:\/\/info-teulada-moraira.com\/fr\/property\/#listItem","name":"Propri\u00e9t\u00e9s"}},{"@type":"ListItem","@id":"https:\/\/info-teulada-moraira.com\/fr\/property\/#listItem","position":2,"name":"Propri\u00e9t\u00e9s","item":"https:\/\/info-teulada-moraira.com\/fr\/property\/","nextItem":{"@type":"ListItem","@id":"https:\/\/info-teulada-moraira.com\/fr\/property-type\/appartement\/#listItem","name":"Appartement"},"previousItem":{"@type":"ListItem","@id":"https:\/\/info-teulada-moraira.com\/fr\/#listItem","name":"Home"}},{"@type":"ListItem","@id":"https:\/\/info-teulada-moraira.com\/fr\/property-type\/appartement\/#listItem","position":3,"name":"Appartement","item":"https:\/\/info-teulada-moraira.com\/fr\/property-type\/appartement\/","nextItem":{"@type":"ListItem","@id":"https:\/\/info-teulada-moraira.com\/fr\/property\/re09-cfbtvp-apartment-la-vente-calpe\/#listItem","name":"RE09-CFBTVP  Apartment &#xE0; la vente &#xE0; Calpe"},"previousItem":{"@type":"ListItem","@id":"https:\/\/info-teulada-moraira.com\/fr\/property\/#listItem","name":"Propri\u00e9t\u00e9s"}},{"@type":"ListItem","@id":"https:\/\/info-teulada-moraira.com\/fr\/property\/re09-cfbtvp-apartment-la-vente-calpe\/#listItem","position":4,"name":"RE09-CFBTVP  Apartment &#xE0; la vente &#xE0; Calpe","previousItem":{"@type":"ListItem","@id":"https:\/\/info-teulada-moraira.com\/fr\/property-type\/appartement\/#listItem","name":"Appartement"}}]},{"@type":"Organization","@id":"https:\/\/info-teulada-moraira.com\/fr\/#organization","name":"Info Teulada Moraira","url":"https:\/\/info-teulada-moraira.com\/fr\/"},{"@type":"Person","@id":"https:\/\/info-teulada-moraira.com\/fr\/author\/info\/#author","url":"https:\/\/info-teulada-moraira.com\/fr\/author\/info\/","name":"INFO Teulada Moraira"},{"@type":"WebPage","@id":"https:\/\/info-teulada-moraira.com\/fr\/property\/re09-cfbtvp-apartment-la-vente-calpe\/#webpage","url":"https:\/\/info-teulada-moraira.com\/fr\/property\/re09-cfbtvp-apartment-la-vente-calpe\/","name":"RE09-CFBTVP Apartment \u00e0 la vente \u00e0 Calpe - Info Teulada Moraira","description":"Nouveaux appartements avec vue sur la mer \u00e0 vendre \u00e0 CalpeUn nouvel appartement de luxe situ\u00e9 \u00e0 proximit\u00e9 du centreville et de la plage. L'appartement est situ\u00e9 dans un nouveau b\u00e2timent achev\u00e9 en 2023, la propri\u00e9t\u00e9 dispose d'un h\u00e9bergement spacieux avec une finition de haute qualit\u00e9. L'appartement dispose de 2 chambres, de 2 salles de","inLanguage":"fr-FR","isPartOf":{"@id":"https:\/\/info-teulada-moraira.com\/fr\/#website"},"breadcrumb":{"@id":"https:\/\/info-teulada-moraira.com\/fr\/property\/re09-cfbtvp-apartment-la-vente-calpe\/#breadcrumblist"},"author":{"@id":"https:\/\/info-teulada-moraira.com\/fr\/author\/info\/#author"},"creator":{"@id":"https:\/\/info-teulada-moraira.com\/fr\/author\/info\/#author"},"image":{"@type":"ImageObject","url":"https:\/\/info-teulada-moraira.com\/wp-content\/uploads\/2026\/08\/o_1h2603v211uhh40v1tebt2q1eer1a.jpg","@id":"https:\/\/info-teulada-moraira.com\/fr\/property\/re09-cfbtvp-apartment-la-vente-calpe\/#mainImage","width":1132,"height":846,"caption":"Apartment for sale in Calpe"},"primaryImageOfPage":{"@id":"https:\/\/info-teulada-moraira.com\/fr\/property\/re09-cfbtvp-apartment-la-vente-calpe\/#mainImage"},"datePublished":"2026-08-11T19:18:14+00:00","dateModified":"2026-08-11T19:18:14+00:00"},{"@type":"WebSite","@id":"https:\/\/info-teulada-moraira.com\/fr\/#website","url":"https:\/\/info-teulada-moraira.com\/fr\/","name":"Info Teulada Moraira","inLanguage":"fr-FR","publisher":{"@id":"https:\/\/info-teulada-moraira.com\/fr\/#organization"}}]},"og:locale":"fr_FR","og:site_name":"Info Teulada Moraira -","og:type":"article","og:title":"RE09-CFBTVP Apartment \u00e0 la vente \u00e0 Calpe - Info Teulada Moraira","og:description":"Nouveaux appartements avec vue sur la mer \u00e0 vendre \u00e0 CalpeUn nouvel appartement de luxe situ\u00e9 \u00e0 proximit\u00e9 du centreville et de la plage. L'appartement est situ\u00e9 dans un nouveau b\u00e2timent achev\u00e9 en 2023, la propri\u00e9t\u00e9 dispose d'un h\u00e9bergement spacieux avec une finition de haute qualit\u00e9. L'appartement dispose de 2 chambres, de 2 salles de","og:url":"https:\/\/info-teulada-moraira.com\/fr\/property\/re09-cfbtvp-apartment-la-vente-calpe\/","article:published_time":"2026-08-11T19:18:14+00:00","article:modified_time":"2026-08-11T19:18:14+00:00","twitter:card":"summary_large_image","twitter:title":"RE09-CFBTVP Apartment \u00e0 la vente \u00e0 Calpe - Info Teulada Moraira","twitter:description":"Nouveaux appartements avec vue sur la mer \u00e0 vendre \u00e0 CalpeUn nouvel appartement de luxe situ\u00e9 \u00e0 proximit\u00e9 du centreville et de la plage. L'appartement est situ\u00e9 dans un nouveau b\u00e2timent achev\u00e9 en 2023, la propri\u00e9t\u00e9 dispose d'un h\u00e9bergement spacieux avec une finition de haute qualit\u00e9. L'appartement dispose de 2 chambres, de 2 salles de"},"aioseo_meta_data":{"post_id":"81486","title":null,"description":null,"keywords":null,"keyphrases":null,"primary_term":null,"canonical_url":null,"og_title":null,"og_description":null,"og_object_type":"default","og_image_type":"default","og_image_url":null,"og_image_width":null,"og_image_height":null,"og_image_custom_url":null,"og_image_custom_fields":null,"og_video":null,"og_custom_url":null,"og_article_section":null,"og_article_tags":null,"twitter_use_og":false,"twitter_card":"default","twitter_image_type":"default","twitter_image_url":null,"twitter_image_custom_url":null,"twitter_image_custom_fields":null,"twitter_title":null,"twitter_description":null,"schema":{"blockGraphs":[],"customGraphs":[],"default":{"data":{"Article":[],"Course":[],"Dataset":[],"FAQPage":[],"Movie":[],"Person":[],"Product":[],"ProductReview":[],"Car":[],"Recipe":[],"Service":[],"SoftwareApplication":[],"WebPage":[]},"graphName":"","isEnabled":true},"graphs":[]},"schema_type":"default","schema_type_options":null,"pillar_content":false,"robots_default":true,"robots_noindex":false,"robots_noarchive":false,"robots_nosnippet":false,"robots_nofollow":false,"robots_noimageindex":false,"robots_noodp":false,"robots_notranslate":false,"robots_max_snippet":null,"robots_max_videopreview":null,"robots_max_imagepreview":"large","priority":null,"frequency":null,"local_seo":null,"breadcrumb_settings":null,"limit_modified_date":false,"ai":null,"created":"2026-08-19 21:32:33","updated":"2026-08-19 21:32:33","seo_analyzer_scan_date":null,"focus_keyword":null,"additional_keywords":null,"truseo_locale":null},"aioseo_breadcrumb":"<div class=\"aioseo-breadcrumbs\"><span class=\"aioseo-breadcrumb\">\n\t\t\t<a href=\"https:\/\/info-teulada-moraira.com\/fr\/\" title=\"Home\">Home<\/a>\n\t\t<\/span><span class=\"aioseo-breadcrumb-separator\">&raquo;<\/span><span class=\"aioseo-breadcrumb\">\n\t\t\t<a href=\"https:\/\/info-teulada-moraira.com\/fr\/property\/\" title=\"Propri\u00e9t\u00e9s\">Propri\u00e9t\u00e9s<\/a>\n\t\t<\/span><span class=\"aioseo-breadcrumb-separator\">&raquo;<\/span><span class=\"aioseo-breadcrumb\">\n\t\t\t<a href=\"https:\/\/info-teulada-moraira.com\/fr\/property-type\/appartement\/\" title=\"Appartement\">Appartement<\/a>\n\t\t<\/span><span class=\"aioseo-breadcrumb-separator\">&raquo;<\/span><span class=\"aioseo-breadcrumb\">\n\t\t\tRE09-CFBTVP  Apartment \u00e0 la vente \u00e0 Calpe\n\t\t<\/span><\/div>","aioseo_breadcrumb_json":[{"label":"Home","link":"https:\/\/info-teulada-moraira.com\/fr\/"},{"label":"Propri\u00e9t\u00e9s","link":"https:\/\/info-teulada-moraira.com\/fr\/property\/"},{"label":"Appartement","link":"https:\/\/info-teulada-moraira.com\/fr\/property-type\/appartement\/"},{"label":"RE09-CFBTVP  Apartment &#xE0; la vente &#xE0; Calpe","link":"https:\/\/info-teulada-moraira.com\/fr\/property\/re09-cfbtvp-apartment-la-vente-calpe\/"}],"property_meta":{"_wp_page_template":["default"],"_uagb_previous_block_counts":["a:90:{s:21:\"uagb\/advanced-heading\";i:0;s:15:\"uagb\/blockquote\";i:0;s:12:\"uagb\/buttons\";i:0;s:18:\"uagb\/buttons-child\";i:0;s:19:\"uagb\/call-to-action\";i:0;s:15:\"uagb\/cf7-styler\";i:0;s:11:\"uagb\/column\";i:0;s:12:\"uagb\/columns\";i:0;s:14:\"uagb\/container\";i:0;s:21:\"uagb\/content-timeline\";i:0;s:27:\"uagb\/content-timeline-child\";i:0;s:14:\"uagb\/countdown\";i:0;s:12:\"uagb\/counter\";i:0;s:8:\"uagb\/faq\";i:0;s:14:\"uagb\/faq-child\";i:0;s:10:\"uagb\/forms\";i:0;s:17:\"uagb\/forms-accept\";i:0;s:19:\"uagb\/forms-checkbox\";i:0;s:15:\"uagb\/forms-date\";i:0;s:16:\"uagb\/forms-email\";i:0;s:17:\"uagb\/forms-hidden\";i:0;s:15:\"uagb\/forms-name\";i:0;s:16:\"uagb\/forms-phone\";i:0;s:16:\"uagb\/forms-radio\";i:0;s:17:\"uagb\/forms-select\";i:0;s:19:\"uagb\/forms-textarea\";i:0;s:17:\"uagb\/forms-toggle\";i:0;s:14:\"uagb\/forms-url\";i:0;s:14:\"uagb\/gf-styler\";i:0;s:15:\"uagb\/google-map\";i:0;s:11:\"uagb\/how-to\";i:0;s:16:\"uagb\/how-to-step\";i:0;s:9:\"uagb\/icon\";i:0;s:14:\"uagb\/icon-list\";i:0;s:20:\"uagb\/icon-list-child\";i:0;s:10:\"uagb\/image\";i:0;s:18:\"uagb\/image-gallery\";i:0;s:13:\"uagb\/info-box\";i:0;s:18:\"uagb\/inline-notice\";i:0;s:11:\"uagb\/lottie\";i:0;s:21:\"uagb\/marketing-button\";i:0;s:10:\"uagb\/modal\";i:0;s:18:\"uagb\/popup-builder\";i:0;s:16:\"uagb\/post-button\";i:0;s:18:\"uagb\/post-carousel\";i:0;s:17:\"uagb\/post-excerpt\";i:0;s:14:\"uagb\/post-grid\";i:0;s:15:\"uagb\/post-image\";i:0;s:17:\"uagb\/post-masonry\";i:0;s:14:\"uagb\/post-meta\";i:0;s:18:\"uagb\/post-taxonomy\";i:0;s:18:\"uagb\/post-timeline\";i:0;s:15:\"uagb\/post-title\";i:0;s:20:\"uagb\/restaurant-menu\";i:0;s:26:\"uagb\/restaurant-menu-child\";i:0;s:11:\"uagb\/review\";i:0;s:12:\"uagb\/section\";i:0;s:14:\"uagb\/separator\";i:0;s:11:\"uagb\/slider\";i:0;s:17:\"uagb\/slider-child\";i:0;s:17:\"uagb\/social-share\";i:0;s:23:\"uagb\/social-share-child\";i:0;s:16:\"uagb\/star-rating\";i:0;s:23:\"uagb\/sure-cart-checkout\";i:0;s:22:\"uagb\/sure-cart-product\";i:0;s:15:\"uagb\/sure-forms\";i:0;s:22:\"uagb\/table-of-contents\";i:0;s:9:\"uagb\/tabs\";i:0;s:15:\"uagb\/tabs-child\";i:0;s:18:\"uagb\/taxonomy-list\";i:0;s:9:\"uagb\/team\";i:0;s:16:\"uagb\/testimonial\";i:0;s:14:\"uagb\/wp-search\";i:0;s:19:\"uagb\/instagram-feed\";i:0;s:10:\"uagb\/login\";i:0;s:17:\"uagb\/loop-builder\";i:0;s:18:\"uagb\/loop-category\";i:0;s:20:\"uagb\/loop-pagination\";i:0;s:15:\"uagb\/loop-reset\";i:0;s:16:\"uagb\/loop-search\";i:0;s:14:\"uagb\/loop-sort\";i:0;s:17:\"uagb\/loop-wrapper\";i:0;s:13:\"uagb\/register\";i:0;s:19:\"uagb\/register-email\";i:0;s:24:\"uagb\/register-first-name\";i:0;s:23:\"uagb\/register-last-name\";i:0;s:22:\"uagb\/register-password\";i:0;s:30:\"uagb\/register-reenter-password\";i:0;s:19:\"uagb\/register-terms\";i:0;s:22:\"uagb\/register-username\";i:0;}"],"copied_media_ids":["a:1:{i:0;i:0;}"],"referenced_media_ids":["a:0:{}"],"fave_currency":["\u20ac"],"fave_currency_info":[""],"fave_property_price":["455000"],"fave_property_size":["103"],"fave_property_size_prefix":["m\u00b2"],"fave_property_land_postfix":["m\u00b2"],"fave_property_bedrooms":["2"],"fave_property_bathrooms":["2"],"fave_property_map":["1"],"fave_featured":["0"],"houzez_featured_listing_date":[""],"fave_agent_display_option":["author_info"],"fave_prop_homeslider":["no"],"fave_additional_features_enable":["disable"],"floor_plans":[null],"fave_multi_units":[null],"additional_features":[null],"fave_property_map_address":["Calpe Calpe"],"fave_property_location":[","],"houzez_geolocation_lat":[""],"houzez_geolocation_long":[""],"fave_property_images":["81328","81329","81330","81331","81332","81333","81334","81335","81336","81337","81338","81339","81340","81341","81342","81343","81344","81345","81346","81347","81348","81349","81350","81351"],"_thumbnail_id":["81328"],"_wpml_media_has_media":["1"],"_wpml_word_count":["346"],"houzez_total_property_views":["25"],"houzez_views_by_date":["a:15:{s:10:\"08-11-2026\";i:1;s:10:\"08-12-2026\";i:3;s:10:\"08-14-2026\";i:1;s:10:\"08-15-2026\";i:1;s:10:\"08-16-2026\";i:4;s:10:\"08-17-2026\";i:2;s:10:\"08-18-2026\";i:2;s:10:\"08-19-2026\";i:3;s:10:\"08-20-2026\";i:1;s:10:\"08-21-2026\";i:1;s:10:\"08-22-2026\";i:1;s:10:\"08-23-2026\";i:2;s:10:\"08-24-2026\";i:1;s:10:\"08-27-2026\";i:1;s:10:\"09-02-2026\";i:1;}"],"houzez_recently_viewed":["2026-09-02 08:23:26"],"_uag_css_file_name":["uag-css-81486.css"],"_uag_js_file_name":["uag-js-81486.js"],"_elementor_page_assets":["a:0:{}"]},"uagb_featured_image_src":{"full":["https:\/\/info-teulada-moraira.com\/wp-content\/uploads\/2026\/08\/o_1h2603v211uhh40v1tebt2q1eer1a.jpg",1132,846,false],"thumbnail":["https:\/\/info-teulada-moraira.com\/wp-content\/uploads\/2026\/08\/o_1h2603v211uhh40v1tebt2q1eer1a.jpg",150,112,false],"medium":["https:\/\/info-teulada-moraira.com\/wp-content\/uploads\/2026\/08\/o_1h2603v211uhh40v1tebt2q1eer1a.jpg",300,224,false],"medium_large":["https:\/\/info-teulada-moraira.com\/wp-content\/uploads\/2026\/08\/o_1h2603v211uhh40v1tebt2q1eer1a.jpg",768,574,false],"large":["https:\/\/info-teulada-moraira.com\/wp-content\/uploads\/2026\/08\/o_1h2603v211uhh40v1tebt2q1eer1a.jpg",1024,765,false],"1536x1536":["https:\/\/info-teulada-moraira.com\/wp-content\/uploads\/2026\/08\/o_1h2603v211uhh40v1tebt2q1eer1a.jpg",1132,846,false],"2048x2048":["https:\/\/info-teulada-moraira.com\/wp-content\/uploads\/2026\/08\/o_1h2603v211uhh40v1tebt2q1eer1a.jpg",1132,846,false],"houzez-gallery":["https:\/\/info-teulada-moraira.com\/wp-content\/uploads\/2026\/08\/o_1h2603v211uhh40v1tebt2q1eer1a-1132x785.jpg",1132,785,true],"houzez-top-v7":["https:\/\/info-teulada-moraira.com\/wp-content\/uploads\/2026\/08\/o_1h2603v211uhh40v1tebt2q1eer1a-780x780.jpg",780,780,true],"houzez-item-image-6":["https:\/\/info-teulada-moraira.com\/wp-content\/uploads\/2026\/08\/o_1h2603v211uhh40v1tebt2q1eer1a-584x438.jpg",584,438,true]},"uagb_author_info":{"display_name":"INFO Teulada Moraira","author_link":"https:\/\/info-teulada-moraira.com\/fr\/author\/info\/"},"uagb_comment_info":0,"uagb_excerpt":"Nouveaux appartements avec vue sur la mer &#xE0; vendre &#xE0; Calpe Un nouvel appartement de luxe situ&#xE9; &#xE0; proximit&#xE9; du centreville et de la plage. L&#8217;appartement est situ&#xE9; dans un nouveau b&#xE2;timent achev&#xE9; en 2023, la propri&#xE9;t&#xE9; dispose d&#8217;un h&#xE9;bergement spacieux avec une finition de haute qualit&#xE9;. L&#8217;appartement dispose de 2 chambres, de 2 salles\u2026","_links":{"self":[{"href":"https:\/\/info-teulada-moraira.com\/fr\/wp-json\/wp\/v2\/properties\/81486","targetHints":{"allow":["GET"]}}],"collection":[{"href":"https:\/\/info-teulada-moraira.com\/fr\/wp-json\/wp\/v2\/properties"}],"about":[{"href":"https:\/\/info-teulada-moraira.com\/fr\/wp-json\/wp\/v2\/types\/property"}],"author":[{"embeddable":true,"href":"https:\/\/info-teulada-moraira.com\/fr\/wp-json\/wp\/v2\/users\/1"}],"version-history":[{"count":0,"href":"https:\/\/info-teulada-moraira.com\/fr\/wp-json\/wp\/v2\/properties\/81486\/revisions"}],"wp:featuredmedia":[{"embeddable":true,"href":"https:\/\/info-teulada-moraira.com\/fr\/wp-json\/wp\/v2\/media\/81328"}],"wp:attachment":[{"href":"https:\/\/info-teulada-moraira.com\/fr\/wp-json\/wp\/v2\/media?parent=81486"}],"wp:term":[{"taxonomy":"property_type","embeddable":true,"href":"https:\/\/info-teulada-moraira.com\/fr\/wp-json\/wp\/v2\/property_type?post=81486"},{"taxonomy":"property_status","embeddable":true,"href":"https:\/\/info-teulada-moraira.com\/fr\/wp-json\/wp\/v2\/property_status?post=81486"},{"taxonomy":"property_feature","embeddable":true,"href":"https:\/\/info-teulada-moraira.com\/fr\/wp-json\/wp\/v2\/property_feature?post=81486"},{"taxonomy":"property_label","embeddable":true,"href":"https:\/\/info-teulada-moraira.com\/fr\/wp-json\/wp\/v2\/property_label?post=81486"},{"taxonomy":"property_country","embeddable":true,"href":"https:\/\/info-teulada-moraira.com\/fr\/wp-json\/wp\/v2\/property_country?post=81486"},{"taxonomy":"property_state","embeddable":true,"href":"https:\/\/info-teulada-moraira.com\/fr\/wp-json\/wp\/v2\/property_state?post=81486"},{"taxonomy":"property_city","embeddable":true,"href":"https:\/\/info-teulada-moraira.com\/fr\/wp-json\/wp\/v2\/property_city?post=81486"},{"taxonomy":"property_area","embeddable":true,"href":"https:\/\/info-teulada-moraira.com\/fr\/wp-json\/wp\/v2\/property_area?post=81486"}],"curies":[{"name":"wp","href":"https:\/\/api.w.org\/{rel}","templated":true}]}}